{"id":8,"date":"2015-02-20T20:12:00","date_gmt":"2015-02-20T20:12:00","guid":{"rendered":"https:\/\/avada.theme-fusion.com_demos\/law\/?page_id=8"},"modified":"2026-04-08T13:00:45","modified_gmt":"2026-04-08T11:00:45","slug":"home","status":"publish","type":"page","link":"https:\/\/cdu-barth.de\/","title":{"rendered":"CDU Barth"},"content":{"rendered":"<p><div class=\"fusion-bg-parallax\" data-bg-align=\"center center\" data-direction=\"left\" data-mute=\"false\" data-opacity=\"100\" data-velocity=\"-0.3\" data-mobile-enabled=\"true\" data-break_parents=\"0\" data-bg-image=\"https:\/\/cdu-barth.de\/wp-content\/uploads\/2024\/04\/AdobeStock_335361195-scaled.jpg\" data-bg-repeat=\"false\" ><\/div><div class=\"fusion-fullwidth fullwidth-box fusion-builder-row-1 fusion-flex-container has-pattern-background has-mask-background fusion-parallax-left hundred-percent-fullwidth non-hundred-percent-height-scrolling lazyload\" style=\"--awb-border-radius-top-left:0px;--awb-border-radius-top-right:0px;--awb-border-radius-bottom-right:0px;--awb-border-radius-bottom-left:0px;--awb-min-height:50vh;--awb-background-color:rgba(82,183,193,0);--awb-background-size:cover;--awb-flex-wrap:wrap;--awb-flex-wrap-small:wrap;\" data-bg=\"https:\/\/cdu-barth.de\/wp-content\/uploads\/2024\/04\/AdobeStock_335361195-scaled.jpg\" ><div class=\"fusion-builder-row fusion-row fusion-flex-align-items-center fusion-flex-justify-content-center fusion-flex-content-wrap\" style=\"width:104% !important;max-width:104% !important;margin-left: calc(-4% \/ 2 );margin-right: calc(-4% \/ 2 );\"><div class=\"fusion-layout-column fusion_builder_column fusion-builder-column-0 fusion_builder_column_1_1 1_1 fusion-flex-column\" style=\"--awb-bg-size:cover;--awb-width-large:100%;--awb-margin-top-large:0px;--awb-spacing-right-large:1.92%;--awb-margin-bottom-large:0px;--awb-spacing-left-large:1.92%;--awb-width-medium:100%;--awb-order-medium:0;--awb-spacing-right-medium:1.92%;--awb-spacing-left-medium:1.92%;--awb-width-small:100%;--awb-order-small:0;--awb-spacing-right-small:1.92%;--awb-spacing-left-small:1.92%;\"><div class=\"fusion-column-wrapper fusion-column-has-shadow fusion-flex-justify-content-flex-start fusion-content-layout-column\"><div class=\"fusion-title title fusion-title-1 fusion-title-center fusion-title-text fusion-title-size-one\" style=\"--awb-text-color:var(--awb-color1);--awb-margin-bottom:10px;--awb-font-size:32px;\"><div class=\"title-sep-container title-sep-container-left\"><div class=\"title-sep sep- sep-solid\" style=\"border-color:var(--awb-color3);\"><\/div><\/div><span class=\"awb-title-spacer\"><\/span><h1 class=\"fusion-title-heading title-heading-center\" style=\"margin:0;font-size:1em;text-transform:uppercase;text-shadow:2px 2px 8px var(--awb-color8);\">Zusammenr\u00fccken und gemeinsam wachsen<\/h1><span class=\"awb-title-spacer\"><\/span><div class=\"title-sep-container title-sep-container-right\"><div class=\"title-sep sep- sep-solid\" style=\"border-color:var(--awb-color3);\"><\/div><\/div><\/div><div class=\"fusion-title title fusion-title-2 fusion-title-center fusion-title-text fusion-title-size-two\" style=\"--awb-text-color:var(--awb-color1);--awb-margin-bottom:32px;--awb-font-size:var(--awb-typography3-font-size);\"><div class=\"title-sep-container title-sep-container-left\"><div class=\"title-sep sep- sep-solid\" style=\"border-color:var(--awb-color3);\"><\/div><\/div><span class=\"awb-title-spacer\"><\/span><h2 class=\"fusion-title-heading title-heading-center\" style=\"font-family:var(--awb-typography3-font-family);font-weight:var(--awb-typography3-font-weight);font-style:var(--awb-typography3-font-style);margin:0;font-size:1em;letter-spacing:var(--awb-typography3-letter-spacing);text-transform:var(--awb-typography3-text-transform);line-height:var(--awb-typography3-line-height);text-shadow:2px 2px 7px var(--awb-color8);\">ihr Gemeindeverband S\u00fcdliche Boddenk\u00fcste in Barth<\/h2><span class=\"awb-title-spacer\"><\/span><div class=\"title-sep-container title-sep-container-right\"><div class=\"title-sep sep- sep-solid\" style=\"border-color:var(--awb-color3);\"><\/div><\/div><\/div><\/div><\/div><\/div><\/div><div class=\"fusion-fullwidth fullwidth-box fusion-builder-row-2 fusion-flex-container has-pattern-background has-mask-background nonhundred-percent-fullwidth non-hundred-percent-height-scrolling\" style=\"--awb-border-radius-top-left:0px;--awb-border-radius-top-right:0px;--awb-border-radius-bottom-right:0px;--awb-border-radius-bottom-left:0px;--awb-padding-top:30px;--awb-margin-top:0px;--awb-background-color:var(--awb-color1);--awb-flex-wrap:wrap;\" id=\"aktuelles\" ><div class=\"fusion-builder-row fusion-row fusion-flex-align-items-flex-start fusion-flex-justify-content-center fusion-flex-content-wrap\" style=\"max-width:1216.8px;margin-left: calc(-4% \/ 2 );margin-right: calc(-4% \/ 2 );\"><div class=\"fusion-layout-column fusion_builder_column fusion-builder-column-1 fusion_builder_column_2_3 2_3 fusion-flex-column\" style=\"--awb-bg-size:cover;--awb-width-large:66.666666666667%;--awb-margin-top-large:0px;--awb-spacing-right-large:2.88%;--awb-margin-bottom-large:50px;--awb-spacing-left-large:2.88%;--awb-width-medium:100%;--awb-order-medium:0;--awb-spacing-right-medium:1.92%;--awb-spacing-left-medium:1.92%;--awb-width-small:100%;--awb-order-small:0;--awb-spacing-right-small:1.92%;--awb-spacing-left-small:1.92%;\"><div class=\"fusion-column-wrapper fusion-column-has-shadow fusion-flex-justify-content-flex-start fusion-content-layout-column\"><div class=\"fusion-title title fusion-title-3 fusion-title-center fusion-title-text fusion-title-size-one\" style=\"--awb-text-color:var(--awb-color5);--awb-margin-top:2%;\"><div class=\"title-sep-container title-sep-container-left\"><div class=\"title-sep sep- sep-solid\" style=\"border-color:var(--awb-color3);\"><\/div><\/div><span class=\"awb-title-spacer\"><\/span><h1 class=\"fusion-title-heading title-heading-center\" style=\"margin:0;text-transform:uppercase;\">Aktuelles<\/h1><span class=\"awb-title-spacer\"><\/span><div class=\"title-sep-container title-sep-container-right\"><div class=\"title-sep sep- sep-solid\" style=\"border-color:var(--awb-color3);\"><\/div><\/div><\/div><\/div><\/div><\/div><\/div><div class=\"fusion-fullwidth fullwidth-box fusion-builder-row-3 fusion-flex-container has-pattern-background has-mask-background nonhundred-percent-fullwidth non-hundred-percent-height-scrolling\" style=\"--awb-border-radius-top-left:0px;--awb-border-radius-top-right:0px;--awb-border-radius-bottom-right:0px;--awb-border-radius-bottom-left:0px;--awb-background-color:var(--awb-color1);--awb-flex-wrap:wrap;\" ><div class=\"fusion-builder-row fusion-row fusion-flex-align-items-center fusion-flex-content-wrap\" style=\"max-width:1216.8px;margin-left: calc(-4% \/ 2 );margin-right: calc(-4% \/ 2 );\"><div class=\"fusion-layout-column fusion_builder_column fusion-builder-column-2 fusion_builder_column_1_3 1_3 fusion-flex-column\" style=\"--awb-bg-size:cover;--awb-width-large:33.333333333333%;--awb-margin-top-large:3%;--awb-spacing-right-large:5.76%;--awb-margin-bottom-large:20px;--awb-spacing-left-large:5.76%;--awb-width-medium:100%;--awb-order-medium:0;--awb-spacing-right-medium:1.92%;--awb-spacing-left-medium:1.92%;--awb-width-small:100%;--awb-order-small:0;--awb-spacing-right-small:1.92%;--awb-spacing-left-small:1.92%;\"><div class=\"fusion-column-wrapper fusion-column-has-shadow fusion-flex-justify-content-flex-start fusion-content-layout-column\"><div class=\"fusion-title title fusion-title-4 fusion-title-text fusion-title-size-two\"><div class=\"title-sep-container title-sep-container-left fusion-no-large-visibility fusion-no-medium-visibility fusion-no-small-visibility\"><div class=\"title-sep sep- sep-solid\" style=\"border-color:var(--awb-color3);\"><\/div><\/div><span class=\"awb-title-spacer fusion-no-large-visibility fusion-no-medium-visibility fusion-no-small-visibility\"><\/span><h2 class=\"fusion-title-heading title-heading-left\" style=\"margin:0;text-transform:uppercase;\">Kommende Veranstaltungen<\/h2><span class=\"awb-title-spacer\"><\/span><div class=\"title-sep-container title-sep-container-right\"><div class=\"title-sep sep- sep-solid\" style=\"border-color:var(--awb-color3);\"><\/div><\/div><\/div><div class=\"fusion-title title fusion-title-5 fusion-title-text fusion-title-size-four\" style=\"--awb-text-color:var(--awb-color8);--awb-margin-top:5%;\"><div class=\"title-sep-container title-sep-container-left fusion-no-large-visibility fusion-no-medium-visibility fusion-no-small-visibility\"><div class=\"title-sep sep- sep-solid\" style=\"border-color:var(--awb-color3);\"><\/div><\/div><span class=\"awb-title-spacer fusion-no-large-visibility fusion-no-medium-visibility fusion-no-small-visibility\"><\/span><h4 class=\"fusion-title-heading title-heading-left\" style=\"margin:0;text-transform:uppercase;\">Stadtvertretersitzungen, Aussch\u00fcsse und mehr<\/h4><span class=\"awb-title-spacer\"><\/span><div class=\"title-sep-container title-sep-container-right\"><div class=\"title-sep sep- sep-solid\" style=\"border-color:var(--awb-color3);\"><\/div><\/div><\/div><\/div><\/div><div class=\"fusion-layout-column fusion_builder_column fusion-builder-column-3 fusion_builder_column_2_3 2_3 fusion-flex-column\" style=\"--awb-bg-size:cover;--awb-width-large:66.666666666667%;--awb-margin-top-large:0px;--awb-spacing-right-large:2.88%;--awb-margin-bottom-large:20px;--awb-spacing-left-large:2.88%;--awb-width-medium:100%;--awb-order-medium:0;--awb-spacing-right-medium:1.92%;--awb-spacing-left-medium:1.92%;--awb-width-small:100%;--awb-order-small:0;--awb-spacing-right-small:1.92%;--awb-spacing-left-small:1.92%;\"><div class=\"fusion-column-wrapper fusion-column-has-shadow fusion-flex-justify-content-flex-start fusion-content-layout-column\"><div style=\"text-align:left;\"><a class=\"fusion-button button-flat fusion-button-default-size button-default fusion-button-default button-1 fusion-button-default-span fusion-button-default-type\" target=\"_self\" href=\"https:\/\/cdu-barth.de\/wp-content\/uploads\/2026\/04\/Einl.-Vorstandswahl-13.04.2026.pdf\"><i class=\"fa-file-pdf fas button-icon-left\" aria-hidden=\"true\"><\/i><span class=\"fusion-button-text\">Einladung Mitgliederversammlung 13.04.2026<\/span><\/a><\/div><\/div><\/div><\/div><\/div><div class=\"fusion-fullwidth fullwidth-box fusion-builder-row-4 fusion-flex-container has-pattern-background has-mask-background nonhundred-percent-fullwidth non-hundred-percent-height-scrolling\" style=\"--awb-border-radius-top-left:0px;--awb-border-radius-top-right:0px;--awb-border-radius-bottom-right:0px;--awb-border-radius-bottom-left:0px;--awb-flex-wrap:wrap;\" ><div class=\"fusion-builder-row fusion-row fusion-flex-align-items-flex-start fusion-flex-content-wrap\" style=\"max-width:1216.8px;margin-left: calc(-4% \/ 2 );margin-right: calc(-4% \/ 2 );\"><div class=\"fusion-layout-column fusion_builder_column fusion-builder-column-4 fusion_builder_column_1_1 1_1 fusion-flex-column\" style=\"--awb-bg-size:cover;--awb-width-large:100%;--awb-margin-top-large:0px;--awb-spacing-right-large:1.92%;--awb-margin-bottom-large:20px;--awb-spacing-left-large:1.92%;--awb-width-medium:100%;--awb-order-medium:0;--awb-spacing-right-medium:1.92%;--awb-spacing-left-medium:1.92%;--awb-width-small:100%;--awb-order-small:0;--awb-spacing-right-small:1.92%;--awb-spacing-left-small:1.92%;\"><div class=\"fusion-column-wrapper fusion-column-has-shadow fusion-flex-justify-content-flex-start fusion-content-layout-column\"><div class=\"fusion-section-separator section-separator curved fusion-section-separator-1\" style=\"--awb-spacer-height:99px;--awb-svg-margin-left:1.92%;--awb-svg-margin-right:1.92%;--awb-svg-margin-left-medium:1.92%;--awb-svg-margin-right-medium:1.92%;--awb-svg-margin-left-small:1.92%;--awb-svg-margin-right-small:1.92%;--awb-divider-height:99px;--awb-spacer-padding-top:inherit;--awb-sep-padding:0;--awb-svg-padding:0;\"><div class=\"fusion-section-separator-svg\"><svg class=\"fusion-curved-candy\" xmlns=\"http:\/\/www.w3.org\/2000\/svg\" version=\"1.1\" width=\"100%\" height=\"100\" viewBox=\"0 0 100 100\" preserveAspectRatio=\"none\" fill=\"rgba(255,255,255,1)\"><path d=\"M0 0 C 20 100 50 100 100 0 Z\"><\/path><\/svg><\/div><div class=\"fusion-section-separator-spacer\"><div class=\"fusion-section-separator-spacer-height\"><\/div><\/div><\/div><\/div><\/div><\/div><\/div><div id=\"wahlprogramm\" class=\"fusion-container-anchor\"><div class=\"fusion-fullwidth fullwidth-box fusion-builder-row-5 fusion-flex-container nonhundred-percent-fullwidth non-hundred-percent-height-scrolling\" style=\"--awb-background-position:left top;--awb-background-repeat:repeat;--awb-background-blend-mode:overlay;--awb-border-sizes-top:0px;--awb-border-sizes-bottom:0px;--awb-border-sizes-left:0px;--awb-border-sizes-right:0px;--awb-border-radius-top-left:0px;--awb-border-radius-top-right:0px;--awb-border-radius-bottom-right:0px;--awb-border-radius-bottom-left:0px;--awb-padding-top:0px;--awb-padding-bottom:40px;--awb-padding-top-medium:80px;--awb-background-color:hsla(var(--awb-color2-h),var(--awb-color2-s),var(--awb-color2-l),calc(var(--awb-color2-a) - 50%));--awb-flex-wrap:wrap;\" id=\"wahlprogramm\" ><div class=\"fusion-builder-row fusion-row fusion-flex-align-items-flex-start fusion-flex-justify-content-center fusion-flex-content-wrap\" style=\"max-width:1216.8px;margin-left: calc(-4% \/ 2 );margin-right: calc(-4% \/ 2 );\"><div class=\"fusion-layout-column fusion_builder_column fusion-builder-column-5 fusion_builder_column_2_3 2_3 fusion-flex-column fusion-flex-align-self-flex-start fusion-column-no-min-height\" style=\"--awb-bg-blend:overlay;--awb-bg-size:cover;--awb-width-large:66.666666666667%;--awb-margin-top-large:0px;--awb-spacing-right-large:2.88%;--awb-margin-bottom-large:0px;--awb-spacing-left-large:2.88%;--awb-width-medium:100%;--awb-spacing-right-medium:1.92%;--awb-spacing-left-medium:1.92%;--awb-width-small:100%;--awb-spacing-right-small:1.92%;--awb-spacing-left-small:1.92%;\"><div class=\"fusion-column-wrapper fusion-flex-justify-content-flex-start fusion-content-layout-column\"><div class=\"fusion-image-element \" style=\"text-align:center;--awb-max-width:250px;--awb-caption-title-font-family:var(--h2_typography-font-family);--awb-caption-title-font-weight:var(--h2_typography-font-weight);--awb-caption-title-font-style:var(--h2_typography-font-style);--awb-caption-title-size:var(--h2_typography-font-size);--awb-caption-title-transform:var(--h2_typography-text-transform);--awb-caption-title-line-height:var(--h2_typography-line-height);--awb-caption-title-letter-spacing:var(--h2_typography-letter-spacing);\"><span class=\" fusion-imageframe imageframe-none imageframe-1 hover-type-none\"><img decoding=\"async\" width=\"1080\" height=\"1080\" title=\"streifen\" src=\"https:\/\/cdu-barth.de\/wp-content\/uploads\/2024\/02\/streifen.png\" data-orig-src=\"https:\/\/cdu-barth.de\/wp-content\/uploads\/2024\/02\/streifen.png\" alt class=\"lazyload img-responsive wp-image-1429\" srcset=\"data:image\/svg+xml,%3Csvg%20xmlns%3D%27http%3A%2F%2Fwww.w3.org%2F2000%2Fsvg%27%20width%3D%271080%27%20height%3D%271080%27%20viewBox%3D%270%200%201080%201080%27%3E%3Crect%20width%3D%271080%27%20height%3D%271080%27%20fill-opacity%3D%220%22%2F%3E%3C%2Fsvg%3E\" data-srcset=\"https:\/\/cdu-barth.de\/wp-content\/uploads\/2024\/02\/streifen-200x200.png 200w, https:\/\/cdu-barth.de\/wp-content\/uploads\/2024\/02\/streifen-400x400.png 400w, https:\/\/cdu-barth.de\/wp-content\/uploads\/2024\/02\/streifen-600x600.png 600w, https:\/\/cdu-barth.de\/wp-content\/uploads\/2024\/02\/streifen-800x800.png 800w, https:\/\/cdu-barth.de\/wp-content\/uploads\/2024\/02\/streifen.png 1080w\" data-sizes=\"auto\" data-orig-sizes=\"(max-width: 1024px) 100vw, (max-width: 850px) 100vw, 800px\" \/><\/span><\/div><div class=\"fusion-title title fusion-title-6 fusion-title-center fusion-title-text fusion-title-size-one\" style=\"--awb-text-color:var(--awb-color5);--awb-margin-bottom:20px;\"><div class=\"title-sep-container title-sep-container-left\"><div class=\"title-sep sep- sep-solid\" style=\"border-color:var(--awb-color3);\"><\/div><\/div><span class=\"awb-title-spacer\"><\/span><h1 class=\"fusion-title-heading title-heading-center\" style=\"margin:0;text-transform:uppercase;\">Unser Wahlprogramm<\/h1><span class=\"awb-title-spacer\"><\/span><div class=\"title-sep-container title-sep-container-right\"><div class=\"title-sep sep- sep-solid\" style=\"border-color:var(--awb-color3);\"><\/div><\/div><\/div><div class=\"fusion-text fusion-text-1\" style=\"--awb-content-alignment:center;\"><p>Die nachfolgenden Anregungen f\u00fcr Barth sind langfristig geplant, sorgsam ausgearbeitet und orientieren sich stets an einem umsetzbaren Rahmen. Unsere beschauliche Stadt hat viel Potenzial. Lassen Sie uns das nutzen!<\/p>\n<\/div><\/div><\/div><\/div><\/div><\/div><div class=\"fusion-fullwidth fullwidth-box fusion-builder-row-6 fusion-flex-container nonhundred-percent-fullwidth non-hundred-percent-height-scrolling\" style=\"--awb-border-sizes-top:0px;--awb-border-sizes-bottom:0px;--awb-border-sizes-left:0px;--awb-border-sizes-right:0px;--awb-border-radius-top-left:0px;--awb-border-radius-top-right:0px;--awb-border-radius-bottom-right:0px;--awb-border-radius-bottom-left:0px;--awb-padding-top:0px;--awb-padding-bottom:80px;--awb-padding-bottom-medium:70px;--awb-background-color:var(--awb-color2);--awb-background-image:linear-gradient(180deg, rgba(255,255,255,0) 0%,var(--awb-color2) 100%);--awb-flex-wrap:wrap;\" ><div class=\"fusion-builder-row fusion-row fusion-flex-align-items-stretch fusion-flex-justify-content-center fusion-flex-content-wrap\" style=\"max-width:1216.8px;margin-left: calc(-4% \/ 2 );margin-right: calc(-4% \/ 2 );\"><div class=\"fusion-layout-column fusion_builder_column fusion-builder-column-6 fusion_builder_column_1_3 1_3 fusion-flex-column fusion-flex-align-self-flex-start rounded-border\" style=\"--awb-padding-top:30px;--awb-padding-right:25px;--awb-padding-bottom:40px;--awb-padding-left:25px;--awb-bg-color:var(--awb-color2);--awb-bg-color-hover:var(--awb-color2);--awb-bg-size:cover;--awb-border-color:transparent;--awb-border-top:0px;--awb-border-right:0px;--awb-border-bottom:0px;--awb-border-left:0px;--awb-border-style:solid;--awb-width-large:33.333333333333%;--awb-margin-top-large:0px;--awb-spacing-right-large:5.76%;--awb-margin-bottom-large:20px;--awb-spacing-left-large:5.76%;--awb-width-medium:33.333333333333%;--awb-spacing-right-medium:5.76%;--awb-spacing-left-medium:5.76%;--awb-width-small:100%;--awb-spacing-right-small:1.92%;--awb-spacing-left-small:1.92%;\"><div class=\"fusion-column-wrapper fusion-flex-justify-content-center fusion-content-layout-column\"><i class=\"fb-icon-element-1 fb-icon-element fontawesome-icon fa-store fas circle-yes\" style=\"--awb-circlecolor:var(--awb-color7);--awb-circlecolor-hover:var(--awb-color7);--awb-circlebordercolor:var(--awb-color2);--awb-circlebordercolor-hover:var(--awb-color2);--awb-circlebordersize:1px;--awb-font-size:28.16px;--awb-width:56.32px;--awb-height:56.32px;--awb-line-height:54.32px;--awb-align-self:center;--awb-margin-top:0px;--awb-margin-right:0px;--awb-margin-bottom:20px;--awb-margin-left:0px;\"><\/i><div class=\"fusion-title title fusion-title-7 fusion-title-center fusion-title-text fusion-title-size-three\"><div class=\"title-sep-container title-sep-container-left\"><div class=\"title-sep sep- sep-solid\" style=\"border-color:var(--awb-color3);\"><\/div><\/div><span class=\"awb-title-spacer\"><\/span><h3 class=\"fusion-title-heading title-heading-center\" style=\"margin:0;text-transform:uppercase;\"><p style=\"text-align: center;\"><strong class=\"Stil2\">Wirtschaft und Stadtentwicklung<\/strong><\/p><\/h3><span class=\"awb-title-spacer\"><\/span><div class=\"title-sep-container title-sep-container-right\"><div class=\"title-sep sep- sep-solid\" style=\"border-color:var(--awb-color3);\"><\/div><\/div><\/div><div class=\"fusion-title title fusion-title-8 fusion-title-text fusion-title-size-paragraph\" style=\"--awb-margin-top:20px;\"><div class=\"title-sep-container title-sep-container-left fusion-no-large-visibility fusion-no-medium-visibility fusion-no-small-visibility\"><div class=\"title-sep sep- sep-solid\" style=\"border-color:var(--awb-color3);\"><\/div><\/div><span class=\"awb-title-spacer fusion-no-large-visibility fusion-no-medium-visibility fusion-no-small-visibility\"><\/span><p class=\"fusion-title-heading title-heading-left title-heading-tag\" style=\"margin:0;text-transform:none;\"><p style=\"text-align: left;\"><strong>Regionale Auftragsvergabe<br \/>\n<\/strong>St\u00e4rkere Einbeziehung ans\u00e4ssiger Unternehmen bei \u00f6ffentlichen Auftr\u00e4gen<\/p><\/p><span class=\"awb-title-spacer\"><\/span><div class=\"title-sep-container title-sep-container-right\"><div class=\"title-sep sep- sep-solid\" style=\"border-color:var(--awb-color3);\"><\/div><\/div><\/div><div class=\"fusion-separator fusion-full-width-sep\" style=\"align-self: center;margin-left: auto;margin-right: auto;margin-top:10px;width:100%;\"><div class=\"fusion-separator-border sep-single sep-dotted\" style=\"--awb-height:20px;--awb-amount:20px;--awb-sep-color:var(--awb-color5);border-color:var(--awb-color5);border-top-width:2px;\"><\/div><\/div><div class=\"fusion-title title fusion-title-9 fusion-title-text fusion-title-size-paragraph\" style=\"--awb-margin-top:20px;\"><div class=\"title-sep-container title-sep-container-left fusion-no-large-visibility fusion-no-medium-visibility fusion-no-small-visibility\"><div class=\"title-sep sep- sep-solid\" style=\"border-color:var(--awb-color3);\"><\/div><\/div><span class=\"awb-title-spacer fusion-no-large-visibility fusion-no-medium-visibility fusion-no-small-visibility\"><\/span><p class=\"fusion-title-heading title-heading-left title-heading-tag\" style=\"margin:0;text-transform:none;\"><p style=\"text-align: left;\"><strong>Lokales Einkaufen<br \/>\n<\/strong>Ausbau der Wochenm\u00e4rkte und Unterst\u00fctzung neuer und alt eingesessener Einzelh\u00e4ndler<\/p><\/p><span class=\"awb-title-spacer\"><\/span><div class=\"title-sep-container title-sep-container-right\"><div class=\"title-sep sep- sep-solid\" style=\"border-color:var(--awb-color3);\"><\/div><\/div><\/div><div class=\"fusion-separator fusion-full-width-sep\" style=\"align-self: center;margin-left: auto;margin-right: auto;margin-top:10px;width:100%;\"><div class=\"fusion-separator-border sep-single sep-dotted\" style=\"--awb-height:20px;--awb-amount:20px;--awb-sep-color:var(--awb-color5);border-color:var(--awb-color5);border-top-width:2px;\"><\/div><\/div><div class=\"fusion-title title fusion-title-10 fusion-title-text fusion-title-size-paragraph\" style=\"--awb-margin-top:20px;\"><div class=\"title-sep-container title-sep-container-left fusion-no-large-visibility fusion-no-medium-visibility fusion-no-small-visibility\"><div class=\"title-sep sep- sep-solid\" style=\"border-color:var(--awb-color3);\"><\/div><\/div><span class=\"awb-title-spacer fusion-no-large-visibility fusion-no-medium-visibility fusion-no-small-visibility\"><\/span><p class=\"fusion-title-heading title-heading-left title-heading-tag\" style=\"margin:0;text-transform:none;\"><p style=\"text-align: left;\"><strong>St\u00f6bern und Verweilen<br \/>\n<\/strong>eine belebte und gepflegte Innenstadt, die zum l\u00e4ngeren Aufenthalt einl\u00e4dt<\/p><\/p><span class=\"awb-title-spacer\"><\/span><div class=\"title-sep-container title-sep-container-right\"><div class=\"title-sep sep- sep-solid\" style=\"border-color:var(--awb-color3);\"><\/div><\/div><\/div><div class=\"fusion-separator fusion-full-width-sep\" style=\"align-self: center;margin-left: auto;margin-right: auto;margin-top:10px;width:100%;\"><div class=\"fusion-separator-border sep-single sep-dotted\" style=\"--awb-height:20px;--awb-amount:20px;--awb-sep-color:var(--awb-color5);border-color:var(--awb-color5);border-top-width:2px;\"><\/div><\/div><div class=\"fusion-title title fusion-title-11 fusion-title-text fusion-title-size-paragraph\" style=\"--awb-margin-top:20px;\"><div class=\"title-sep-container title-sep-container-left fusion-no-large-visibility fusion-no-medium-visibility fusion-no-small-visibility\"><div class=\"title-sep sep- sep-solid\" style=\"border-color:var(--awb-color3);\"><\/div><\/div><span class=\"awb-title-spacer fusion-no-large-visibility fusion-no-medium-visibility fusion-no-small-visibility\"><\/span><p class=\"fusion-title-heading title-heading-left title-heading-tag\" style=\"margin:0;text-transform:none;\"><strong>Unterst\u00fctzung der maritimen Wirtschaft<\/strong><\/p><span class=\"awb-title-spacer\"><\/span><div class=\"title-sep-container title-sep-container-right\"><div class=\"title-sep sep- sep-solid\" style=\"border-color:var(--awb-color3);\"><\/div><\/div><\/div><div class=\"fusion-separator fusion-full-width-sep\" style=\"align-self: center;margin-left: auto;margin-right: auto;margin-top:10px;width:100%;\"><div class=\"fusion-separator-border sep-single sep-dotted\" style=\"--awb-height:20px;--awb-amount:20px;--awb-sep-color:var(--awb-color5);border-color:var(--awb-color5);border-top-width:2px;\"><\/div><\/div><div class=\"fusion-title title fusion-title-12 fusion-title-text fusion-title-size-paragraph\" style=\"--awb-margin-top:20px;\"><div class=\"title-sep-container title-sep-container-left fusion-no-large-visibility fusion-no-medium-visibility fusion-no-small-visibility\"><div class=\"title-sep sep- sep-solid\" style=\"border-color:var(--awb-color3);\"><\/div><\/div><span class=\"awb-title-spacer fusion-no-large-visibility fusion-no-medium-visibility fusion-no-small-visibility\"><\/span><p class=\"fusion-title-heading title-heading-left title-heading-tag\" style=\"margin:0;text-transform:none;\"><p><strong>Netzwerk f\u00fcr Gr\u00fcnder und Unternehmer<br \/>\n<\/strong>Veranstaltungen zum Netzwerken, Kooperieren, Kennenlernen und &#8222;Voneinander Lernen&#8220;<\/p><\/p><span class=\"awb-title-spacer\"><\/span><div class=\"title-sep-container title-sep-container-right\"><div class=\"title-sep sep- sep-solid\" style=\"border-color:var(--awb-color3);\"><\/div><\/div><\/div><\/div><\/div><div class=\"fusion-layout-column fusion_builder_column fusion-builder-column-7 fusion_builder_column_1_3 1_3 fusion-flex-column fusion-flex-align-self-flex-start rounded-border\" style=\"--awb-padding-top:30px;--awb-padding-right:25px;--awb-padding-bottom:40px;--awb-padding-left:25px;--awb-bg-color:var(--awb-color2);--awb-bg-color-hover:var(--awb-color2);--awb-bg-size:cover;--awb-border-color:transparent;--awb-border-top:0px;--awb-border-right:0px;--awb-border-bottom:0px;--awb-border-left:0px;--awb-border-style:solid;--awb-width-large:33.333333333333%;--awb-margin-top-large:0px;--awb-spacing-right-large:5.76%;--awb-margin-bottom-large:20px;--awb-spacing-left-large:5.76%;--awb-width-medium:33.333333333333%;--awb-spacing-right-medium:5.76%;--awb-spacing-left-medium:5.76%;--awb-width-small:100%;--awb-spacing-right-small:1.92%;--awb-spacing-left-small:1.92%;\"><div class=\"fusion-column-wrapper fusion-flex-justify-content-center fusion-content-layout-column\"><i class=\"fb-icon-element-2 fb-icon-element fontawesome-icon fa-user-friends fas circle-yes\" style=\"--awb-circlecolor:var(--awb-color7);--awb-circlecolor-hover:var(--awb-color7);--awb-circlebordercolor:var(--awb-color2);--awb-circlebordercolor-hover:var(--awb-color2);--awb-circlebordersize:1px;--awb-font-size:28.16px;--awb-width:56.32px;--awb-height:56.32px;--awb-line-height:54.32px;--awb-align-self:center;--awb-margin-top:0px;--awb-margin-right:0px;--awb-margin-bottom:20px;--awb-margin-left:0px;\"><\/i><div class=\"fusion-title title fusion-title-13 fusion-title-center fusion-title-text fusion-title-size-three\"><div class=\"title-sep-container title-sep-container-left\"><div class=\"title-sep sep- sep-solid\" style=\"border-color:var(--awb-color3);\"><\/div><\/div><span class=\"awb-title-spacer\"><\/span><h3 class=\"fusion-title-heading title-heading-center\" style=\"margin:0;text-transform:uppercase;\">Bildung, Jugend, Familie<\/h3><span class=\"awb-title-spacer\"><\/span><div class=\"title-sep-container title-sep-container-right\"><div class=\"title-sep sep- sep-solid\" style=\"border-color:var(--awb-color3);\"><\/div><\/div><\/div><div class=\"fusion-title title fusion-title-14 fusion-title-text fusion-title-size-paragraph\" style=\"--awb-margin-top:20px;\"><div class=\"title-sep-container title-sep-container-left fusion-no-large-visibility fusion-no-medium-visibility fusion-no-small-visibility\"><div class=\"title-sep sep- sep-solid\" style=\"border-color:var(--awb-color3);\"><\/div><\/div><span class=\"awb-title-spacer fusion-no-large-visibility fusion-no-medium-visibility fusion-no-small-visibility\"><\/span><p class=\"fusion-title-heading title-heading-left title-heading-tag\" style=\"margin:0;text-transform:none;\"><p><b>Attraktive Schule f\u00fcr eine lebenswerte Stadt<br \/>\n<\/b>F\u00f6rderung und Erhaltung eines attraktiven Schulstandorts durch gezielte Initiativen der Stadt<\/p><\/p><span class=\"awb-title-spacer\"><\/span><div class=\"title-sep-container title-sep-container-right\"><div class=\"title-sep sep- sep-solid\" style=\"border-color:var(--awb-color3);\"><\/div><\/div><\/div><div class=\"fusion-separator fusion-full-width-sep\" style=\"align-self: center;margin-left: auto;margin-right: auto;margin-top:10px;width:100%;\"><div class=\"fusion-separator-border sep-single sep-dotted\" style=\"--awb-height:20px;--awb-amount:20px;--awb-sep-color:var(--awb-color5);border-color:var(--awb-color5);border-top-width:2px;\"><\/div><\/div><div class=\"fusion-title title fusion-title-15 fusion-title-text fusion-title-size-paragraph\" style=\"--awb-margin-top:20px;\"><div class=\"title-sep-container title-sep-container-left fusion-no-large-visibility fusion-no-medium-visibility fusion-no-small-visibility\"><div class=\"title-sep sep- sep-solid\" style=\"border-color:var(--awb-color3);\"><\/div><\/div><span class=\"awb-title-spacer fusion-no-large-visibility fusion-no-medium-visibility fusion-no-small-visibility\"><\/span><p class=\"fusion-title-heading title-heading-left title-heading-tag\" style=\"margin:0;text-transform:none;\"><strong>Mehr Freizeitm\u00f6glichkeiten f\u00fcr Jugendliche<br \/>\n<\/strong>Gr\u00fcndung eines Jugendklubs, F\u00f6rderung von Veranstaltungen (Konzerte, Events,&#8230;)<\/p><span class=\"awb-title-spacer\"><\/span><div class=\"title-sep-container title-sep-container-right\"><div class=\"title-sep sep- sep-solid\" style=\"border-color:var(--awb-color3);\"><\/div><\/div><\/div><div class=\"fusion-separator fusion-full-width-sep\" style=\"align-self: center;margin-left: auto;margin-right: auto;margin-top:10px;width:100%;\"><div class=\"fusion-separator-border sep-single sep-dotted\" style=\"--awb-height:20px;--awb-amount:20px;--awb-sep-color:var(--awb-color5);border-color:var(--awb-color5);border-top-width:2px;\"><\/div><\/div><div class=\"fusion-title title fusion-title-16 fusion-title-text fusion-title-size-paragraph\" style=\"--awb-margin-top:20px;\"><div class=\"title-sep-container title-sep-container-left fusion-no-large-visibility fusion-no-medium-visibility fusion-no-small-visibility\"><div class=\"title-sep sep- sep-solid\" style=\"border-color:var(--awb-color3);\"><\/div><\/div><span class=\"awb-title-spacer fusion-no-large-visibility fusion-no-medium-visibility fusion-no-small-visibility\"><\/span><p class=\"fusion-title-heading title-heading-left title-heading-tag\" style=\"margin:0;text-transform:none;\"><p><strong>Beh\u00fctet aufwachsen<\/strong><br \/>\nSt\u00e4rkung der KiTa- und Hortstrukturen f\u00fcr eine ganzheitliche fr\u00fchkindliche Bildung<\/p><\/p><span class=\"awb-title-spacer\"><\/span><div class=\"title-sep-container title-sep-container-right\"><div class=\"title-sep sep- sep-solid\" style=\"border-color:var(--awb-color3);\"><\/div><\/div><\/div><div class=\"fusion-separator fusion-full-width-sep\" style=\"align-self: center;margin-left: auto;margin-right: auto;margin-top:10px;width:100%;\"><div class=\"fusion-separator-border sep-single sep-dotted\" style=\"--awb-height:20px;--awb-amount:20px;--awb-sep-color:var(--awb-color5);border-color:var(--awb-color5);border-top-width:2px;\"><\/div><\/div><div class=\"fusion-title title fusion-title-17 fusion-title-text fusion-title-size-paragraph\" style=\"--awb-margin-top:20px;\"><div class=\"title-sep-container title-sep-container-left fusion-no-large-visibility fusion-no-medium-visibility fusion-no-small-visibility\"><div class=\"title-sep sep- sep-solid\" style=\"border-color:var(--awb-color3);\"><\/div><\/div><span class=\"awb-title-spacer fusion-no-large-visibility fusion-no-medium-visibility fusion-no-small-visibility\"><\/span><p class=\"fusion-title-heading title-heading-left title-heading-tag\" style=\"margin:0;text-transform:none;\"><p><strong>Anlaufstellen entwickeln<br \/>\n<\/strong>Frauenhaus und ein Hilfepunkt bei h\u00e4uslicher Gewalt, Studien- und Ausbildungsberatung<\/p><\/p><span class=\"awb-title-spacer\"><\/span><div class=\"title-sep-container title-sep-container-right\"><div class=\"title-sep sep- sep-solid\" style=\"border-color:var(--awb-color3);\"><\/div><\/div><\/div><\/div><\/div><div class=\"fusion-layout-column fusion_builder_column fusion-builder-column-8 fusion_builder_column_1_3 1_3 fusion-flex-column fusion-flex-align-self-flex-start rounded-border\" style=\"--awb-padding-top:30px;--awb-padding-right:25px;--awb-padding-bottom:40px;--awb-padding-left:25px;--awb-bg-color:var(--awb-color2);--awb-bg-color-hover:var(--awb-color2);--awb-bg-size:cover;--awb-border-color:transparent;--awb-border-top:0px;--awb-border-right:0px;--awb-border-bottom:0px;--awb-border-left:0px;--awb-border-style:solid;--awb-width-large:33.333333333333%;--awb-margin-top-large:0px;--awb-spacing-right-large:5.76%;--awb-margin-bottom-large:20px;--awb-spacing-left-large:5.76%;--awb-width-medium:33.333333333333%;--awb-spacing-right-medium:5.76%;--awb-spacing-left-medium:5.76%;--awb-width-small:100%;--awb-spacing-right-small:1.92%;--awb-spacing-left-small:1.92%;\"><div class=\"fusion-column-wrapper fusion-flex-justify-content-center fusion-content-layout-column\"><i class=\"fb-icon-element-3 fb-icon-element fontawesome-icon fa-american-sign-language-interpreting fas circle-yes\" style=\"--awb-circlecolor:var(--awb-color7);--awb-circlecolor-hover:var(--awb-color7);--awb-circlebordercolor:var(--awb-color2);--awb-circlebordercolor-hover:var(--awb-color2);--awb-circlebordersize:1px;--awb-font-size:28.16px;--awb-width:56.32px;--awb-height:56.32px;--awb-line-height:54.32px;--awb-align-self:center;--awb-margin-top:0px;--awb-margin-right:0px;--awb-margin-bottom:20px;--awb-margin-left:0px;\"><\/i><div class=\"fusion-title title fusion-title-18 fusion-title-center fusion-title-text fusion-title-size-three\"><div class=\"title-sep-container title-sep-container-left\"><div class=\"title-sep sep- sep-solid\" style=\"border-color:var(--awb-color3);\"><\/div><\/div><span class=\"awb-title-spacer\"><\/span><h3 class=\"fusion-title-heading title-heading-center\" style=\"margin:0;text-transform:uppercase;\"><p style=\"text-align: center;\">Digitalisierung und Kommunikation<\/p><\/h3><span class=\"awb-title-spacer\"><\/span><div class=\"title-sep-container title-sep-container-right\"><div class=\"title-sep sep- sep-solid\" style=\"border-color:var(--awb-color3);\"><\/div><\/div><\/div><div class=\"fusion-title title fusion-title-19 fusion-title-text fusion-title-size-paragraph\" style=\"--awb-margin-top:20px;\"><div class=\"title-sep-container title-sep-container-left fusion-no-large-visibility fusion-no-medium-visibility fusion-no-small-visibility\"><div class=\"title-sep sep- sep-solid\" style=\"border-color:var(--awb-color3);\"><\/div><\/div><span class=\"awb-title-spacer fusion-no-large-visibility fusion-no-medium-visibility fusion-no-small-visibility\"><\/span><p class=\"fusion-title-heading title-heading-left title-heading-tag\" style=\"margin:0;text-transform:none;\"><strong>Digitalisierung weiterf\u00fchren<br \/>\n<\/strong>Einf\u00fchrung eines digitalen Kummerkastens zur schnellen Problemerkennung und -l\u00f6sung<\/p><span class=\"awb-title-spacer\"><\/span><div class=\"title-sep-container title-sep-container-right\"><div class=\"title-sep sep- sep-solid\" style=\"border-color:var(--awb-color3);\"><\/div><\/div><\/div><div class=\"fusion-separator fusion-full-width-sep\" style=\"align-self: center;margin-left: auto;margin-right: auto;margin-top:10px;width:100%;\"><div class=\"fusion-separator-border sep-single sep-dotted\" style=\"--awb-height:20px;--awb-amount:20px;--awb-sep-color:var(--awb-color5);border-color:var(--awb-color5);border-top-width:2px;\"><\/div><\/div><div class=\"fusion-title title fusion-title-20 fusion-title-text fusion-title-size-paragraph\" style=\"--awb-margin-top:20px;\"><div class=\"title-sep-container title-sep-container-left fusion-no-large-visibility fusion-no-medium-visibility fusion-no-small-visibility\"><div class=\"title-sep sep- sep-solid\" style=\"border-color:var(--awb-color3);\"><\/div><\/div><span class=\"awb-title-spacer fusion-no-large-visibility fusion-no-medium-visibility fusion-no-small-visibility\"><\/span><p class=\"fusion-title-heading title-heading-left title-heading-tag\" style=\"margin:0;text-transform:none;\"><strong>Transparenz schaffen<br \/>\n<\/strong>Bessere Erreichbarkeit und offene Kommunikation zwischen B\u00fcrgern und Verwaltung<\/p><span class=\"awb-title-spacer\"><\/span><div class=\"title-sep-container title-sep-container-right\"><div class=\"title-sep sep- sep-solid\" style=\"border-color:var(--awb-color3);\"><\/div><\/div><\/div><div class=\"fusion-separator fusion-full-width-sep\" style=\"align-self: center;margin-left: auto;margin-right: auto;margin-top:10px;width:100%;\"><div class=\"fusion-separator-border sep-single sep-dotted\" style=\"--awb-height:20px;--awb-amount:20px;--awb-sep-color:var(--awb-color5);border-color:var(--awb-color5);border-top-width:2px;\"><\/div><\/div><div class=\"fusion-title title fusion-title-21 fusion-title-text fusion-title-size-paragraph\" style=\"--awb-margin-top:20px;\"><div class=\"title-sep-container title-sep-container-left fusion-no-large-visibility fusion-no-medium-visibility fusion-no-small-visibility\"><div class=\"title-sep sep- sep-solid\" style=\"border-color:var(--awb-color3);\"><\/div><\/div><span class=\"awb-title-spacer fusion-no-large-visibility fusion-no-medium-visibility fusion-no-small-visibility\"><\/span><p class=\"fusion-title-heading title-heading-left title-heading-tag\" style=\"margin:0;text-transform:none;\"><strong>Unkomplizierte und b\u00fcrgerfreundliche Verwaltung<br \/>\n<\/strong>Klare und moderne Verwaltungsstrukturen, Qualit\u00e4tsmanagement<\/p><span class=\"awb-title-spacer\"><\/span><div class=\"title-sep-container title-sep-container-right\"><div class=\"title-sep sep- sep-solid\" style=\"border-color:var(--awb-color3);\"><\/div><\/div><\/div><\/div><\/div><div class=\"fusion-layout-column fusion_builder_column fusion-builder-column-9 fusion_builder_column_1_3 1_3 fusion-flex-column fusion-flex-align-self-flex-start rounded-border\" style=\"--awb-padding-top:30px;--awb-padding-right:25px;--awb-padding-bottom:40px;--awb-padding-left:25px;--awb-bg-color:var(--awb-color2);--awb-bg-color-hover:var(--awb-color2);--awb-bg-size:cover;--awb-border-color:transparent;--awb-border-top:0px;--awb-border-right:0px;--awb-border-bottom:0px;--awb-border-left:0px;--awb-border-style:solid;--awb-width-large:33.333333333333%;--awb-margin-top-large:0px;--awb-spacing-right-large:5.76%;--awb-margin-bottom-large:20px;--awb-spacing-left-large:5.76%;--awb-width-medium:33.333333333333%;--awb-spacing-right-medium:5.76%;--awb-spacing-left-medium:5.76%;--awb-width-small:100%;--awb-spacing-right-small:1.92%;--awb-spacing-left-small:1.92%;\"><div class=\"fusion-column-wrapper fusion-flex-justify-content-center fusion-content-layout-column\"><i class=\"fb-icon-element-4 fb-icon-element fontawesome-icon fa-home fas circle-yes\" style=\"--awb-circlecolor:var(--awb-color7);--awb-circlecolor-hover:var(--awb-color7);--awb-circlebordercolor:var(--awb-color2);--awb-circlebordercolor-hover:var(--awb-color2);--awb-circlebordersize:1px;--awb-font-size:28.16px;--awb-width:56.32px;--awb-height:56.32px;--awb-line-height:54.32px;--awb-align-self:center;--awb-margin-top:0px;--awb-margin-right:0px;--awb-margin-bottom:20px;--awb-margin-left:0px;\"><\/i><div class=\"fusion-title title fusion-title-22 fusion-title-center fusion-title-text fusion-title-size-three\"><div class=\"title-sep-container title-sep-container-left\"><div class=\"title-sep sep- sep-solid\" style=\"border-color:var(--awb-color3);\"><\/div><\/div><span class=\"awb-title-spacer\"><\/span><h3 class=\"fusion-title-heading title-heading-center\" style=\"margin:0;text-transform:uppercase;\">Ordnung, Sicherheit, Bau<\/h3><span class=\"awb-title-spacer\"><\/span><div class=\"title-sep-container title-sep-container-right\"><div class=\"title-sep sep- sep-solid\" style=\"border-color:var(--awb-color3);\"><\/div><\/div><\/div><div class=\"fusion-title title fusion-title-23 fusion-title-text fusion-title-size-paragraph\" style=\"--awb-margin-top:20px;\"><div class=\"title-sep-container title-sep-container-left fusion-no-large-visibility fusion-no-medium-visibility fusion-no-small-visibility\"><div class=\"title-sep sep- sep-solid\" style=\"border-color:var(--awb-color3);\"><\/div><\/div><span class=\"awb-title-spacer fusion-no-large-visibility fusion-no-medium-visibility fusion-no-small-visibility\"><\/span><p class=\"fusion-title-heading title-heading-left title-heading-tag\" style=\"margin:0;text-transform:none;\"><p><strong>Energie f\u00fcr alle<br \/>\n<\/strong>Sicherstellung fairer Energiepreise \u00fcber die Stadtwerke<\/p><\/p><span class=\"awb-title-spacer\"><\/span><div class=\"title-sep-container title-sep-container-right\"><div class=\"title-sep sep- sep-solid\" style=\"border-color:var(--awb-color3);\"><\/div><\/div><\/div><div class=\"fusion-separator fusion-full-width-sep\" style=\"align-self: center;margin-left: auto;margin-right: auto;margin-top:10px;width:100%;\"><div class=\"fusion-separator-border sep-single sep-dotted\" style=\"--awb-height:20px;--awb-amount:20px;--awb-sep-color:var(--awb-color5);border-color:var(--awb-color5);border-top-width:2px;\"><\/div><\/div><div class=\"fusion-title title fusion-title-24 fusion-title-text fusion-title-size-paragraph\" style=\"--awb-margin-top:20px;\"><div class=\"title-sep-container title-sep-container-left fusion-no-large-visibility fusion-no-medium-visibility fusion-no-small-visibility\"><div class=\"title-sep sep- sep-solid\" style=\"border-color:var(--awb-color3);\"><\/div><\/div><span class=\"awb-title-spacer fusion-no-large-visibility fusion-no-medium-visibility fusion-no-small-visibility\"><\/span><p class=\"fusion-title-heading title-heading-left title-heading-tag\" style=\"margin:0;text-transform:none;\"><p><strong>Industrie und Gewerbe gewinnen<br \/>\n<\/strong>Erweiterung und Erschlie\u00dfung der Gewerbegebiete<\/p><\/p><span class=\"awb-title-spacer\"><\/span><div class=\"title-sep-container title-sep-container-right\"><div class=\"title-sep sep- sep-solid\" style=\"border-color:var(--awb-color3);\"><\/div><\/div><\/div><div class=\"fusion-separator fusion-full-width-sep\" style=\"align-self: center;margin-left: auto;margin-right: auto;margin-top:10px;width:100%;\"><div class=\"fusion-separator-border sep-single sep-dotted\" style=\"--awb-height:20px;--awb-amount:20px;--awb-sep-color:var(--awb-color5);border-color:var(--awb-color5);border-top-width:2px;\"><\/div><\/div><div class=\"fusion-title title fusion-title-25 fusion-title-text fusion-title-size-paragraph\" style=\"--awb-margin-top:20px;\"><div class=\"title-sep-container title-sep-container-left fusion-no-large-visibility fusion-no-medium-visibility fusion-no-small-visibility\"><div class=\"title-sep sep- sep-solid\" style=\"border-color:var(--awb-color3);\"><\/div><\/div><span class=\"awb-title-spacer fusion-no-large-visibility fusion-no-medium-visibility fusion-no-small-visibility\"><\/span><p class=\"fusion-title-heading title-heading-left title-heading-tag\" style=\"margin:0;text-transform:none;\"><strong>Vorantreiben des sozialen Wohnungsbaus<\/strong><\/p><span class=\"awb-title-spacer\"><\/span><div class=\"title-sep-container title-sep-container-right\"><div class=\"title-sep sep- sep-solid\" style=\"border-color:var(--awb-color3);\"><\/div><\/div><\/div><div class=\"fusion-separator fusion-full-width-sep\" style=\"align-self: center;margin-left: auto;margin-right: auto;margin-top:10px;width:100%;\"><div class=\"fusion-separator-border sep-single sep-dotted\" style=\"--awb-height:20px;--awb-amount:20px;--awb-sep-color:var(--awb-color5);border-color:var(--awb-color5);border-top-width:2px;\"><\/div><\/div><div class=\"fusion-title title fusion-title-26 fusion-title-text fusion-title-size-paragraph\" style=\"--awb-margin-top:20px;\"><div class=\"title-sep-container title-sep-container-left fusion-no-large-visibility fusion-no-medium-visibility fusion-no-small-visibility\"><div class=\"title-sep sep- sep-solid\" style=\"border-color:var(--awb-color3);\"><\/div><\/div><span class=\"awb-title-spacer fusion-no-large-visibility fusion-no-medium-visibility fusion-no-small-visibility\"><\/span><p class=\"fusion-title-heading title-heading-left title-heading-tag\" style=\"margin:0;text-transform:none;\"><strong>In Barth ankommen und bleiben<br \/>\n<\/strong>Erschlie\u00dfung neuer Bebauungspl\u00e4ne , Erbbaurecht weiterhin unterst\u00fctzen<\/p><span class=\"awb-title-spacer\"><\/span><div class=\"title-sep-container title-sep-container-right\"><div class=\"title-sep sep- sep-solid\" style=\"border-color:var(--awb-color3);\"><\/div><\/div><\/div><div class=\"fusion-separator fusion-full-width-sep\" style=\"align-self: center;margin-left: auto;margin-right: auto;margin-top:10px;width:100%;\"><div class=\"fusion-separator-border sep-single sep-dotted\" style=\"--awb-height:20px;--awb-amount:20px;--awb-sep-color:var(--awb-color5);border-color:var(--awb-color5);border-top-width:2px;\"><\/div><\/div><div class=\"fusion-title title fusion-title-27 fusion-title-text fusion-title-size-paragraph\" style=\"--awb-margin-top:20px;\"><div class=\"title-sep-container title-sep-container-left fusion-no-large-visibility fusion-no-medium-visibility fusion-no-small-visibility\"><div class=\"title-sep sep- sep-solid\" style=\"border-color:var(--awb-color3);\"><\/div><\/div><span class=\"awb-title-spacer fusion-no-large-visibility fusion-no-medium-visibility fusion-no-small-visibility\"><\/span><p class=\"fusion-title-heading title-heading-left title-heading-tag\" style=\"margin:0;text-transform:none;\"><p><strong>Tatkraft und Wissen b\u00fcndeln<\/strong><br \/>\nSchaffen eines gr\u00f6\u00dferen Standorts f\u00fcr die Zusammenarbeit von Feuerwehr, THW, Rettungsdienst; Aufbau einer Wasserwehr; Ma\u00dfnahmen zum Hochwasserschutz<\/p><\/p><span class=\"awb-title-spacer\"><\/span><div class=\"title-sep-container title-sep-container-right\"><div class=\"title-sep sep- sep-solid\" style=\"border-color:var(--awb-color3);\"><\/div><\/div><\/div><\/div><\/div><div class=\"fusion-layout-column fusion_builder_column fusion-builder-column-10 fusion_builder_column_1_3 1_3 fusion-flex-column fusion-flex-align-self-flex-start rounded-border\" style=\"--awb-padding-top:30px;--awb-padding-right:25px;--awb-padding-bottom:40px;--awb-padding-left:25px;--awb-bg-color:var(--awb-color2);--awb-bg-color-hover:var(--awb-color2);--awb-bg-size:cover;--awb-border-color:transparent;--awb-border-top:0px;--awb-border-right:0px;--awb-border-bottom:0px;--awb-border-left:0px;--awb-border-style:solid;--awb-width-large:33.333333333333%;--awb-margin-top-large:0px;--awb-spacing-right-large:5.76%;--awb-margin-bottom-large:20px;--awb-spacing-left-large:5.76%;--awb-width-medium:33.333333333333%;--awb-spacing-right-medium:5.76%;--awb-spacing-left-medium:5.76%;--awb-width-small:100%;--awb-spacing-right-small:1.92%;--awb-spacing-left-small:1.92%;\"><div class=\"fusion-column-wrapper fusion-flex-justify-content-center fusion-content-layout-column\"><i class=\"fb-icon-element-5 fb-icon-element fontawesome-icon fa-road fas circle-yes\" style=\"--awb-circlecolor:var(--awb-color7);--awb-circlecolor-hover:var(--awb-color7);--awb-circlebordercolor:var(--awb-color2);--awb-circlebordercolor-hover:var(--awb-color2);--awb-circlebordersize:1px;--awb-font-size:28.16px;--awb-width:56.32px;--awb-height:56.32px;--awb-line-height:54.32px;--awb-align-self:center;--awb-margin-top:0px;--awb-margin-right:0px;--awb-margin-bottom:20px;--awb-margin-left:0px;\"><\/i><div class=\"fusion-title title fusion-title-28 fusion-title-center fusion-title-text fusion-title-size-three\"><div class=\"title-sep-container title-sep-container-left\"><div class=\"title-sep sep- sep-solid\" style=\"border-color:var(--awb-color3);\"><\/div><\/div><span class=\"awb-title-spacer\"><\/span><h3 class=\"fusion-title-heading title-heading-center\" style=\"margin:0;text-transform:uppercase;\"><p style=\"text-align: center;\">Infrastruktur<\/p><\/h3><span class=\"awb-title-spacer\"><\/span><div class=\"title-sep-container title-sep-container-right\"><div class=\"title-sep sep- sep-solid\" style=\"border-color:var(--awb-color3);\"><\/div><\/div><\/div><div class=\"fusion-title title fusion-title-29 fusion-title-text fusion-title-size-paragraph\" style=\"--awb-margin-top:20px;\"><div class=\"title-sep-container title-sep-container-left fusion-no-large-visibility fusion-no-medium-visibility fusion-no-small-visibility\"><div class=\"title-sep sep- sep-solid\" style=\"border-color:var(--awb-color3);\"><\/div><\/div><span class=\"awb-title-spacer fusion-no-large-visibility fusion-no-medium-visibility fusion-no-small-visibility\"><\/span><p class=\"fusion-title-heading title-heading-left title-heading-tag\" style=\"margin:0;text-transform:none;\"><strong>Sichere Schulwege<\/strong><\/p><span class=\"awb-title-spacer\"><\/span><div class=\"title-sep-container title-sep-container-right\"><div class=\"title-sep sep- sep-solid\" style=\"border-color:var(--awb-color3);\"><\/div><\/div><\/div><div class=\"fusion-separator fusion-full-width-sep\" style=\"align-self: center;margin-left: auto;margin-right: auto;margin-top:10px;width:100%;\"><div class=\"fusion-separator-border sep-single sep-dotted\" style=\"--awb-height:20px;--awb-amount:20px;--awb-sep-color:var(--awb-color5);border-color:var(--awb-color5);border-top-width:2px;\"><\/div><\/div><div class=\"fusion-title title fusion-title-30 fusion-title-text fusion-title-size-paragraph\" style=\"--awb-margin-top:20px;\"><div class=\"title-sep-container title-sep-container-left fusion-no-large-visibility fusion-no-medium-visibility fusion-no-small-visibility\"><div class=\"title-sep sep- sep-solid\" style=\"border-color:var(--awb-color3);\"><\/div><\/div><span class=\"awb-title-spacer fusion-no-large-visibility fusion-no-medium-visibility fusion-no-small-visibility\"><\/span><p class=\"fusion-title-heading title-heading-left title-heading-tag\" style=\"margin:0;text-transform:none;\"><p><strong>Medizinische Versorgung gew\u00e4hrleisten<\/strong><br \/>\nSchaffung von dazugeh\u00f6rigen Voraussetzungen und Barth als attraktiven Standort f\u00fcr \u00c4rzte bewerben<\/p><\/p><span class=\"awb-title-spacer\"><\/span><div class=\"title-sep-container title-sep-container-right\"><div class=\"title-sep sep- sep-solid\" style=\"border-color:var(--awb-color3);\"><\/div><\/div><\/div><div class=\"fusion-separator fusion-full-width-sep\" style=\"align-self: center;margin-left: auto;margin-right: auto;margin-top:10px;width:100%;\"><div class=\"fusion-separator-border sep-single sep-dotted\" style=\"--awb-height:20px;--awb-amount:20px;--awb-sep-color:var(--awb-color5);border-color:var(--awb-color5);border-top-width:2px;\"><\/div><\/div><div class=\"fusion-title title fusion-title-31 fusion-title-text fusion-title-size-paragraph\" style=\"--awb-margin-top:20px;\"><div class=\"title-sep-container title-sep-container-left fusion-no-large-visibility fusion-no-medium-visibility fusion-no-small-visibility\"><div class=\"title-sep sep- sep-solid\" style=\"border-color:var(--awb-color3);\"><\/div><\/div><span class=\"awb-title-spacer fusion-no-large-visibility fusion-no-medium-visibility fusion-no-small-visibility\"><\/span><p class=\"fusion-title-heading title-heading-left title-heading-tag\" style=\"margin:0;text-transform:none;\"><strong>Ausbau, Reparatur und Instandhaltung von Stra\u00dfen, Pl\u00e4tzen, Sitzm\u00f6glichkeiten und Fahrradwegen<\/strong><\/p><span class=\"awb-title-spacer\"><\/span><div class=\"title-sep-container title-sep-container-right\"><div class=\"title-sep sep- sep-solid\" style=\"border-color:var(--awb-color3);\"><\/div><\/div><\/div><div class=\"fusion-separator fusion-full-width-sep\" style=\"align-self: center;margin-left: auto;margin-right: auto;margin-top:10px;width:100%;\"><div class=\"fusion-separator-border sep-single sep-dotted\" style=\"--awb-height:20px;--awb-amount:20px;--awb-sep-color:var(--awb-color5);border-color:var(--awb-color5);border-top-width:2px;\"><\/div><\/div><div class=\"fusion-title title fusion-title-32 fusion-title-text fusion-title-size-paragraph\" style=\"--awb-margin-top:20px;\"><div class=\"title-sep-container title-sep-container-left fusion-no-large-visibility fusion-no-medium-visibility fusion-no-small-visibility\"><div class=\"title-sep sep- sep-solid\" style=\"border-color:var(--awb-color3);\"><\/div><\/div><span class=\"awb-title-spacer fusion-no-large-visibility fusion-no-medium-visibility fusion-no-small-visibility\"><\/span><p class=\"fusion-title-heading title-heading-left title-heading-tag\" style=\"margin:0;text-transform:none;\"><strong>Schaffung der Stelle eines Stadtinspektors f\u00fcr eine bessere Zusammenarbeit mit den Ordnungs- und Sicherheitsbeh\u00f6rden<\/strong><\/p><span class=\"awb-title-spacer\"><\/span><div class=\"title-sep-container title-sep-container-right\"><div class=\"title-sep sep- sep-solid\" style=\"border-color:var(--awb-color3);\"><\/div><\/div><\/div><div class=\"fusion-separator fusion-full-width-sep\" style=\"align-self: center;margin-left: auto;margin-right: auto;margin-top:10px;width:100%;\"><div class=\"fusion-separator-border sep-single sep-dotted\" style=\"--awb-height:20px;--awb-amount:20px;--awb-sep-color:var(--awb-color5);border-color:var(--awb-color5);border-top-width:2px;\"><\/div><\/div><div class=\"fusion-title title fusion-title-33 fusion-title-text fusion-title-size-paragraph\" style=\"--awb-margin-top:20px;\"><div class=\"title-sep-container title-sep-container-left fusion-no-large-visibility fusion-no-medium-visibility fusion-no-small-visibility\"><div class=\"title-sep sep- sep-solid\" style=\"border-color:var(--awb-color3);\"><\/div><\/div><span class=\"awb-title-spacer fusion-no-large-visibility fusion-no-medium-visibility fusion-no-small-visibility\"><\/span><p class=\"fusion-title-heading title-heading-left title-heading-tag\" style=\"margin:0;text-transform:none;\"><strong>Fertigstellung des Vereinsheimes und Erneuerung der Tartanbahn am Sportplatz<\/strong><\/p><span class=\"awb-title-spacer\"><\/span><div class=\"title-sep-container title-sep-container-right\"><div class=\"title-sep sep- sep-solid\" style=\"border-color:var(--awb-color3);\"><\/div><\/div><\/div><\/div><\/div><div class=\"fusion-layout-column fusion_builder_column fusion-builder-column-11 fusion_builder_column_1_3 1_3 fusion-flex-column fusion-flex-align-self-flex-start rounded-border\" style=\"--awb-padding-top:30px;--awb-padding-right:25px;--awb-padding-bottom:40px;--awb-padding-left:25px;--awb-bg-color:var(--awb-color2);--awb-bg-color-hover:var(--awb-color2);--awb-bg-size:cover;--awb-border-color:transparent;--awb-border-top:0px;--awb-border-right:0px;--awb-border-bottom:0px;--awb-border-left:0px;--awb-border-style:solid;--awb-width-large:33.333333333333%;--awb-margin-top-large:0px;--awb-spacing-right-large:5.76%;--awb-margin-bottom-large:20px;--awb-spacing-left-large:5.76%;--awb-width-medium:33.333333333333%;--awb-spacing-right-medium:5.76%;--awb-spacing-left-medium:5.76%;--awb-width-small:100%;--awb-spacing-right-small:1.92%;--awb-spacing-left-small:1.92%;\"><div class=\"fusion-column-wrapper fusion-flex-justify-content-center fusion-content-layout-column\"><i class=\"fb-icon-element-6 fb-icon-element fontawesome-icon fa-theater-masks fas circle-yes\" style=\"--awb-circlecolor:var(--awb-color7);--awb-circlecolor-hover:var(--awb-color7);--awb-circlebordercolor:var(--awb-color2);--awb-circlebordercolor-hover:var(--awb-color2);--awb-circlebordersize:1px;--awb-font-size:28.16px;--awb-width:56.32px;--awb-height:56.32px;--awb-line-height:54.32px;--awb-align-self:center;--awb-margin-top:0px;--awb-margin-right:0px;--awb-margin-bottom:20px;--awb-margin-left:0px;\"><\/i><div class=\"fusion-title title fusion-title-34 fusion-title-center fusion-title-text fusion-title-size-three\"><div class=\"title-sep-container title-sep-container-left\"><div class=\"title-sep sep- sep-solid\" style=\"border-color:var(--awb-color3);\"><\/div><\/div><span class=\"awb-title-spacer\"><\/span><h3 class=\"fusion-title-heading title-heading-center\" style=\"margin:0;text-transform:uppercase;\"><p style=\"text-align: center;\">Kultur und Tourismus<\/p><\/h3><span class=\"awb-title-spacer\"><\/span><div class=\"title-sep-container title-sep-container-right\"><div class=\"title-sep sep- sep-solid\" style=\"border-color:var(--awb-color3);\"><\/div><\/div><\/div><div class=\"fusion-title title fusion-title-35 fusion-title-text fusion-title-size-paragraph\" style=\"--awb-margin-top:20px;\"><div class=\"title-sep-container title-sep-container-left fusion-no-large-visibility fusion-no-medium-visibility fusion-no-small-visibility\"><div class=\"title-sep sep- sep-solid\" style=\"border-color:var(--awb-color3);\"><\/div><\/div><span class=\"awb-title-spacer fusion-no-large-visibility fusion-no-medium-visibility fusion-no-small-visibility\"><\/span><p class=\"fusion-title-heading title-heading-left title-heading-tag\" style=\"margin:0;text-transform:none;\"><strong>St\u00e4rkung der Vereine<\/strong><br \/>\nF\u00f6rderung der T\u00e4tigkeit und Ausbau des Netzwerkes untereinander<\/p><span class=\"awb-title-spacer\"><\/span><div class=\"title-sep-container title-sep-container-right\"><div class=\"title-sep sep- sep-solid\" style=\"border-color:var(--awb-color3);\"><\/div><\/div><\/div><div class=\"fusion-separator fusion-full-width-sep\" style=\"align-self: center;margin-left: auto;margin-right: auto;margin-top:10px;width:100%;\"><div class=\"fusion-separator-border sep-single sep-dotted\" style=\"--awb-height:20px;--awb-amount:20px;--awb-sep-color:var(--awb-color5);border-color:var(--awb-color5);border-top-width:2px;\"><\/div><\/div><div class=\"fusion-title title fusion-title-36 fusion-title-text fusion-title-size-paragraph\" style=\"--awb-margin-top:20px;\"><div class=\"title-sep-container title-sep-container-left fusion-no-large-visibility fusion-no-medium-visibility fusion-no-small-visibility\"><div class=\"title-sep sep- sep-solid\" style=\"border-color:var(--awb-color3);\"><\/div><\/div><span class=\"awb-title-spacer fusion-no-large-visibility fusion-no-medium-visibility fusion-no-small-visibility\"><\/span><p class=\"fusion-title-heading title-heading-left title-heading-tag\" style=\"margin:0;text-transform:none;\"><p><strong>Wir wollen Erholungsort bleiben!<br \/>\n<\/strong>Ausbau und bessere Kommunikation bestehender Angebote f\u00fcr Erholung, Freizeit und Sport, Barther Willkommensinsel attraktiver und moderner gestalten<\/p>\n<p><strong>\u00a0<\/strong><\/p><\/p><span class=\"awb-title-spacer\"><\/span><div class=\"title-sep-container title-sep-container-right\"><div class=\"title-sep sep- sep-solid\" style=\"border-color:var(--awb-color3);\"><\/div><\/div><\/div><div class=\"fusion-separator fusion-full-width-sep\" style=\"align-self: center;margin-left: auto;margin-right: auto;margin-top:10px;width:100%;\"><div class=\"fusion-separator-border sep-single sep-dotted\" style=\"--awb-height:20px;--awb-amount:20px;--awb-sep-color:var(--awb-color5);border-color:var(--awb-color5);border-top-width:2px;\"><\/div><\/div><div class=\"fusion-title title fusion-title-37 fusion-title-text fusion-title-size-paragraph\" style=\"--awb-margin-top:20px;\"><div class=\"title-sep-container title-sep-container-left fusion-no-large-visibility fusion-no-medium-visibility fusion-no-small-visibility\"><div class=\"title-sep sep- sep-solid\" style=\"border-color:var(--awb-color3);\"><\/div><\/div><span class=\"awb-title-spacer fusion-no-large-visibility fusion-no-medium-visibility fusion-no-small-visibility\"><\/span><p class=\"fusion-title-heading title-heading-left title-heading-tag\" style=\"margin:0;text-transform:none;\"><strong>Erhalt und Unterst\u00fctzung von Spielst\u00e4tten<br \/>\n<\/strong>Barther Theater, Hafenvorplatz, konzeptionelle Gestaltung der Barther Anlagen in Verbindung mit der Freilichtb\u00fchne<\/p><span class=\"awb-title-spacer\"><\/span><div class=\"title-sep-container title-sep-container-right\"><div class=\"title-sep sep- sep-solid\" style=\"border-color:var(--awb-color3);\"><\/div><\/div><\/div><div class=\"fusion-separator fusion-full-width-sep\" style=\"align-self: center;margin-left: auto;margin-right: auto;margin-top:10px;width:100%;\"><div class=\"fusion-separator-border sep-single sep-dotted\" style=\"--awb-height:20px;--awb-amount:20px;--awb-sep-color:var(--awb-color5);border-color:var(--awb-color5);border-top-width:2px;\"><\/div><\/div><div class=\"fusion-title title fusion-title-38 fusion-title-text fusion-title-size-paragraph\" style=\"--awb-margin-top:20px;\"><div class=\"title-sep-container title-sep-container-left fusion-no-large-visibility fusion-no-medium-visibility fusion-no-small-visibility\"><div class=\"title-sep sep- sep-solid\" style=\"border-color:var(--awb-color3);\"><\/div><\/div><span class=\"awb-title-spacer fusion-no-large-visibility fusion-no-medium-visibility fusion-no-small-visibility\"><\/span><p class=\"fusion-title-heading title-heading-left title-heading-tag\" style=\"margin:0;text-transform:none;\"><b>Unterst\u00fctzung des Vineta-Museums<\/b><\/p><span class=\"awb-title-spacer\"><\/span><div class=\"title-sep-container title-sep-container-right\"><div class=\"title-sep sep- sep-solid\" style=\"border-color:var(--awb-color3);\"><\/div><\/div><\/div><div class=\"fusion-separator fusion-full-width-sep\" style=\"align-self: center;margin-left: auto;margin-right: auto;margin-top:10px;width:100%;\"><div class=\"fusion-separator-border sep-single sep-dotted\" style=\"--awb-height:20px;--awb-amount:20px;--awb-sep-color:var(--awb-color5);border-color:var(--awb-color5);border-top-width:2px;\"><\/div><\/div><div class=\"fusion-title title fusion-title-39 fusion-title-text fusion-title-size-paragraph\" style=\"--awb-margin-top:20px;\"><div class=\"title-sep-container title-sep-container-left fusion-no-large-visibility fusion-no-medium-visibility fusion-no-small-visibility\"><div class=\"title-sep sep- sep-solid\" style=\"border-color:var(--awb-color3);\"><\/div><\/div><span class=\"awb-title-spacer fusion-no-large-visibility fusion-no-medium-visibility fusion-no-small-visibility\"><\/span><p class=\"fusion-title-heading title-heading-left title-heading-tag\" style=\"margin:0;text-transform:none;\"><strong>Erhalt, Ausbau und Pflege der Denkm\u00e4ler<\/strong><\/p><span class=\"awb-title-spacer\"><\/span><div class=\"title-sep-container title-sep-container-right\"><div class=\"title-sep sep- sep-solid\" style=\"border-color:var(--awb-color3);\"><\/div><\/div><\/div><\/div><\/div><\/div><\/div><div class=\"fusion-fullwidth fullwidth-box fusion-builder-row-7 fusion-flex-container fusion-parallax-none nonhundred-percent-fullwidth non-hundred-percent-height-scrolling lazyload\" style=\"--awb-background-blend-mode:overlay;--awb-border-sizes-top:0px;--awb-border-sizes-bottom:0px;--awb-border-sizes-left:0px;--awb-border-sizes-right:0px;--awb-border-radius-top-left:0px;--awb-border-radius-top-right:0px;--awb-border-radius-bottom-right:0px;--awb-border-radius-bottom-left:0px;--awb-padding-top:0px;--awb-padding-bottom:66px;--awb-padding-top-medium:72px;--awb-padding-bottom-medium:42px;--awb-background-color:rgba(226,226,226,0);--awb-background-image:linear-gradient(180deg, var(--awb-color4) 0%,rgba(255,255,255,0) 100%);;--awb-background-size:cover;--awb-flex-wrap:wrap;\" data-bg=\"https:\/\/cdu-barth.de\/wp-content\/uploads\/2024\/04\/AdobeStock_246403401-scaled.jpeg\" data-bg-gradient=\"linear-gradient(180deg, var(--awb-color4) 0%,rgba(255,255,255,0) 100%)\" id=\"kandidaten\" ><div class=\"fusion-builder-row fusion-row fusion-flex-align-items-stretch fusion-flex-justify-content-center fusion-flex-content-wrap\" style=\"max-width:calc( 1170px + 0px );margin-left: calc(-0px \/ 2 );margin-right: calc(-0px \/ 2 );\"><div class=\"fusion-layout-column fusion_builder_column fusion-builder-column-12 fusion_builder_column_1_1 1_1 fusion-flex-column\" style=\"--awb-bg-size:cover;--awb-width-large:100%;--awb-margin-top-large:50px;--awb-spacing-right-large:0px;--awb-margin-bottom-large:60px;--awb-spacing-left-large:0px;--awb-width-medium:100%;--awb-order-medium:0;--awb-spacing-right-medium:0px;--awb-spacing-left-medium:0px;--awb-width-small:100%;--awb-order-small:0;--awb-spacing-right-small:0px;--awb-spacing-left-small:0px;\"><div class=\"fusion-column-wrapper fusion-column-has-shadow fusion-flex-justify-content-flex-start fusion-content-layout-column\"><div class=\"fusion-title title fusion-title-40 fusion-title-center fusion-title-text fusion-title-size-one\"><div class=\"title-sep-container title-sep-container-left\"><div class=\"title-sep sep- sep-solid\" style=\"border-color:var(--awb-color3);\"><\/div><\/div><span class=\"awb-title-spacer\"><\/span><h1 class=\"fusion-title-heading title-heading-center\" style=\"margin:0;text-transform:uppercase;\"><p style=\"text-align: center;\">Ihre gew\u00e4hlte Stadtvertretung<\/p><\/h1><span class=\"awb-title-spacer\"><\/span><div class=\"title-sep-container title-sep-container-right\"><div class=\"title-sep sep- sep-solid\" style=\"border-color:var(--awb-color3);\"><\/div><\/div><\/div><div class=\"fusion-text fusion-text-2\"><p style=\"font-weight: 400; text-align: center;\">Wahlperiode 2024-2029<\/p>\n<\/div><\/div><\/div><div class=\"fusion-layout-column fusion_builder_column fusion-builder-column-13 fusion_builder_column_1_4 1_4 fusion-flex-column\" style=\"--awb-padding-top:30px;--awb-padding-right:20px;--awb-padding-bottom:35px;--awb-padding-left:20px;--awb-overflow:hidden;--awb-bg-color:var(--awb-color2);--awb-bg-color-hover:var(--awb-color2);--awb-bg-image:linear-gradient(180deg, var(--awb-color1) 0%,var(--awb-color1) 100%);--awb-bg-size:cover;--awb-box-shadow:5px 5px 20px 2px rgba(45,60,75,0.4);;--awb-transition:filter 300ms ease-in-out, transform 300ms ease-in-out, background-color 300ms ease-in-out, border-color 300ms ease-in-out;--awb-border-radius:10px 10px 10px 10px;--awb-width-large:25%;--awb-margin-top-large:0px;--awb-spacing-right-large:20px;--awb-margin-bottom-large:20px;--awb-spacing-left-large:20px;--awb-width-medium:100%;--awb-order-medium:0;--awb-spacing-right-medium:0px;--awb-spacing-left-medium:0px;--awb-width-small:100%;--awb-order-small:0;--awb-spacing-right-small:0px;--awb-spacing-left-small:0px;\"><div class=\"fusion-column-wrapper fusion-column-has-shadow fusion-flex-justify-content-flex-start fusion-content-layout-column\"><div class=\"fusion-image-element \" style=\"text-align:center;--awb-caption-title-font-family:var(--h2_typography-font-family);--awb-caption-title-font-weight:var(--h2_typography-font-weight);--awb-caption-title-font-style:var(--h2_typography-font-style);--awb-caption-title-size:var(--h2_typography-font-size);--awb-caption-title-transform:var(--h2_typography-text-transform);--awb-caption-title-line-height:var(--h2_typography-line-height);--awb-caption-title-letter-spacing:var(--h2_typography-letter-spacing);\"><span class=\" fusion-imageframe imageframe-none imageframe-2 hover-type-none\"><img decoding=\"async\" width=\"1706\" height=\"2560\" title=\"enrico\" src=\"https:\/\/cdu-barth.de\/wp-content\/uploads\/2024\/04\/enrico-scaled.jpg\" data-orig-src=\"https:\/\/cdu-barth.de\/wp-content\/uploads\/2024\/04\/enrico-scaled.jpg\" alt class=\"lazyload img-responsive wp-image-1547\" srcset=\"data:image\/svg+xml,%3Csvg%20xmlns%3D%27http%3A%2F%2Fwww.w3.org%2F2000%2Fsvg%27%20width%3D%271706%27%20height%3D%272560%27%20viewBox%3D%270%200%201706%202560%27%3E%3Crect%20width%3D%271706%27%20height%3D%272560%27%20fill-opacity%3D%220%22%2F%3E%3C%2Fsvg%3E\" data-srcset=\"https:\/\/cdu-barth.de\/wp-content\/uploads\/2024\/04\/enrico-200x300.jpg 200w, https:\/\/cdu-barth.de\/wp-content\/uploads\/2024\/04\/enrico-400x600.jpg 400w, https:\/\/cdu-barth.de\/wp-content\/uploads\/2024\/04\/enrico-600x900.jpg 600w, https:\/\/cdu-barth.de\/wp-content\/uploads\/2024\/04\/enrico-800x1200.jpg 800w, https:\/\/cdu-barth.de\/wp-content\/uploads\/2024\/04\/enrico-1200x1800.jpg 1200w, https:\/\/cdu-barth.de\/wp-content\/uploads\/2024\/04\/enrico-scaled.jpg 1706w\" data-sizes=\"auto\" data-orig-sizes=\"(max-width: 1024px) 100vw, (max-width: 850px) 100vw, 400px\" \/><\/span><\/div><div class=\"fusion-title title fusion-title-41 fusion-title-text fusion-title-size-three\" style=\"--awb-text-color:var(--awb-color5);--awb-margin-top:15px;\"><div class=\"title-sep-container title-sep-container-left fusion-no-large-visibility fusion-no-medium-visibility fusion-no-small-visibility\"><div class=\"title-sep sep- sep-solid\" style=\"border-color:var(--awb-color3);\"><\/div><\/div><span class=\"awb-title-spacer fusion-no-large-visibility fusion-no-medium-visibility fusion-no-small-visibility\"><\/span><h3 class=\"fusion-title-heading title-heading-left\" style=\"margin:0;text-transform:uppercase;\">Enrico Wernicke<\/h3><span class=\"awb-title-spacer\"><\/span><div class=\"title-sep-container title-sep-container-right\"><div class=\"title-sep sep- sep-solid\" style=\"border-color:var(--awb-color3);\"><\/div><\/div><\/div><div class=\"fusion-text fusion-text-3\"><p><em>Exam. Notfallsanit\u00e4ter<br \/>Fraktionsvorsitzender<\/em><\/p>\n<\/div><div class=\"fusion-text fusion-text-4\" style=\"--awb-margin-top:-20px;\"><p><strong><em>CDU-Mitglied seit 2021<\/em><\/strong><\/p>\n<\/div><div class=\"accordian fusion-accordian\" style=\"--awb-border-size:1px;--awb-icon-size:13px;--awb-content-font-size:var(--awb-typography3-font-size);--awb-icon-alignment:left;--awb-hover-color:hsla(var(--awb-color6-h),var(--awb-color6-s),calc( var(--awb-color6-l) + 58% ),var(--awb-color6-a));--awb-border-color:hsla(var(--awb-color6-h),var(--awb-color6-s),calc( var(--awb-color6-l) + 40% ),var(--awb-color6-a));--awb-background-color:var(--awb-color1);--awb-divider-color:var(--awb-color3);--awb-divider-hover-color:var(--awb-color3);--awb-icon-color:var(--awb-color1);--awb-title-color:var(--awb-color5);--awb-content-color:var(--awb-color6);--awb-icon-box-color:var(--awb-color7);--awb-toggle-hover-accent-color:var(--awb-color5);--awb-title-font-family:var(--awb-typography3-font-family);--awb-title-font-weight:var(--awb-typography3-font-weight);--awb-title-font-style:var(--awb-typography3-font-style);--awb-title-font-size:var(--awb-typography3-font-size);--awb-title-letter-spacing:0px;--awb-title-line-height:1.43;--awb-content-font-family:var(--awb-typography3-font-family);--awb-content-font-weight:var(--awb-typography3-font-weight);--awb-content-font-style:var(--awb-typography3-font-style);\"><div class=\"panel-group fusion-toggle-icon-boxed\" id=\"accordion-8-1\"><div class=\"fusion-panel panel-default panel-2a30887a6bcc8ecd0 fusion-toggle-has-divider\" style=\"--awb-title-color:var(--awb-color6);\"><div class=\"panel-heading\"><h4 class=\"panel-title toggle\" id=\"toggle_2a30887a6bcc8ecd0\"><a aria-expanded=\"false\" aria-controls=\"2a30887a6bcc8ecd0\" role=\"button\" data-toggle=\"collapse\" data-parent=\"#accordion-8-1\" data-target=\"#2a30887a6bcc8ecd0\" href=\"#2a30887a6bcc8ecd0\"><span class=\"fusion-toggle-icon-wrapper\" aria-hidden=\"true\"><i class=\"fa-fusion-box active-icon awb-icon-minus\" aria-hidden=\"true\"><\/i><i class=\"fa-fusion-box inactive-icon fa-arrow-alt-circle-down fas\" aria-hidden=\"true\"><\/i><\/span><span class=\"fusion-toggle-heading\">Mehr \u00fcber Enrico Wernicke<\/span><\/a><\/h4><\/div><div id=\"2a30887a6bcc8ecd0\" class=\"panel-collapse collapse \" aria-labelledby=\"toggle_2a30887a6bcc8ecd0\"><div class=\"panel-body toggle-content fusion-clearfix\">\n<ul>\n<li>Exam. Notfallsanit\u00e4ter Eigenbetrieb Landkreis Vorpommern-Ru\u0308gen<\/li>\n<li>berufliche T\u00e4tigkeit an einigen Standorten in Norddeutschland ausge\u00fcbt<\/li>\n<li>vorher Ausbildung als Verwaltungsfachangestellter bei der Stadt Barth<\/li>\n<li>ehrenamtliche Einsatzkraft Freiwillige Feuerwehr Stadt Barth &amp; Ger\u00e4tewart<\/li>\n<\/ul>\n<\/div><\/div><\/div><div class=\"fusion-panel panel-default panel-97a77b7a2579a33f8 fusion-toggle-has-divider\" style=\"--awb-title-color:var(--awb-color6);\"><div class=\"panel-heading\"><h4 class=\"panel-title toggle\" id=\"toggle_97a77b7a2579a33f8\"><a aria-expanded=\"false\" aria-controls=\"97a77b7a2579a33f8\" role=\"button\" data-toggle=\"collapse\" data-parent=\"#accordion-8-1\" data-target=\"#97a77b7a2579a33f8\" href=\"#97a77b7a2579a33f8\"><span class=\"fusion-toggle-icon-wrapper\" aria-hidden=\"true\"><i class=\"fa-fusion-box active-icon awb-icon-minus\" aria-hidden=\"true\"><\/i><i class=\"fa-fusion-box inactive-icon fa-arrow-alt-circle-down fas\" aria-hidden=\"true\"><\/i><\/span><span class=\"fusion-toggle-heading\">Motivation f\u00fcr Barth<\/span><\/a><\/h4><\/div><div id=\"97a77b7a2579a33f8\" class=\"panel-collapse collapse \" aria-labelledby=\"toggle_97a77b7a2579a33f8\"><div class=\"panel-body toggle-content fusion-clearfix\">\n<ul>\n<li><i>\u00c4rztliche Grundversorgung muss bestehen bleiben<\/i><\/li>\n<li><i>langfristige Planung, Anreiz Junger \u00c4rzte <\/i><i>schaffen<\/i><\/li>\n<li><i>Klare moderne Verwaltungsstrukturen, Arbeitsabl\u00e4ufe, Qualit\u00e4tsmanagement Verwaltung, Bu\u0308rgerfreundlich und <\/i><i>unkompliziert<\/i><\/li>\n<li><i>Bezahlbarer Wohnraum fu\u0308r den Mittelstand ob Grundstu\u0308ck bzw Miete oder Pacht \/ Erbbaupacht<\/i><\/li>\n<li><i>Beschleunigung der Erschlie\u00dfung neuer B-Pl\u00e4ne<\/i><\/li>\n<li><i>F\u00f6rderung der Jugend in Form von Freizeitm\u00f6glichkeiten\/Aufenthaltsorte<\/i><\/li>\n<li><i>Solide Finanzen, Fortsetzung Schuldenabbau, mehr Zukunftsinvestitionen<\/i><\/li>\n<\/ul>\n<\/div><\/div><\/div><\/div><\/div><\/div><\/div><div class=\"fusion-layout-column fusion_builder_column fusion-builder-column-14 fusion_builder_column_1_4 1_4 fusion-flex-column\" style=\"--awb-padding-top:30px;--awb-padding-right:20px;--awb-padding-bottom:35px;--awb-padding-left:20px;--awb-overflow:hidden;--awb-bg-color:var(--awb-color2);--awb-bg-color-hover:var(--awb-color2);--awb-bg-image:linear-gradient(180deg, var(--awb-color1) 0%,var(--awb-color1) 100%);--awb-bg-size:cover;--awb-box-shadow:5px 5px 20px 2px rgba(45,60,75,0.4);;--awb-transition:filter 300ms ease-in-out, transform 300ms ease-in-out, background-color 300ms ease-in-out, border-color 300ms ease-in-out;--awb-border-radius:10px 10px 10px 10px;--awb-width-large:25%;--awb-margin-top-large:0px;--awb-spacing-right-large:20px;--awb-margin-bottom-large:20px;--awb-spacing-left-large:20px;--awb-width-medium:100%;--awb-order-medium:0;--awb-spacing-right-medium:0px;--awb-spacing-left-medium:0px;--awb-width-small:100%;--awb-order-small:0;--awb-spacing-right-small:0px;--awb-spacing-left-small:0px;\"><div class=\"fusion-column-wrapper fusion-column-has-shadow fusion-flex-justify-content-flex-start fusion-content-layout-column\"><div class=\"fusion-image-element \" style=\"text-align:center;--awb-caption-title-font-family:var(--h2_typography-font-family);--awb-caption-title-font-weight:var(--h2_typography-font-weight);--awb-caption-title-font-style:var(--h2_typography-font-style);--awb-caption-title-size:var(--h2_typography-font-size);--awb-caption-title-transform:var(--h2_typography-text-transform);--awb-caption-title-line-height:var(--h2_typography-line-height);--awb-caption-title-letter-spacing:var(--h2_typography-letter-spacing);\"><span class=\" fusion-imageframe imageframe-none imageframe-3 hover-type-none\"><img decoding=\"async\" width=\"1706\" height=\"2560\" title=\"ernst\" src=\"https:\/\/cdu-barth.de\/wp-content\/uploads\/2024\/03\/ernst-scaled.jpg\" data-orig-src=\"https:\/\/cdu-barth.de\/wp-content\/uploads\/2024\/03\/ernst-scaled.jpg\" alt class=\"lazyload img-responsive wp-image-1522\" srcset=\"data:image\/svg+xml,%3Csvg%20xmlns%3D%27http%3A%2F%2Fwww.w3.org%2F2000%2Fsvg%27%20width%3D%271706%27%20height%3D%272560%27%20viewBox%3D%270%200%201706%202560%27%3E%3Crect%20width%3D%271706%27%20height%3D%272560%27%20fill-opacity%3D%220%22%2F%3E%3C%2Fsvg%3E\" data-srcset=\"https:\/\/cdu-barth.de\/wp-content\/uploads\/2024\/03\/ernst-200x300.jpg 200w, https:\/\/cdu-barth.de\/wp-content\/uploads\/2024\/03\/ernst-400x600.jpg 400w, https:\/\/cdu-barth.de\/wp-content\/uploads\/2024\/03\/ernst-600x900.jpg 600w, https:\/\/cdu-barth.de\/wp-content\/uploads\/2024\/03\/ernst-800x1200.jpg 800w, https:\/\/cdu-barth.de\/wp-content\/uploads\/2024\/03\/ernst-1200x1800.jpg 1200w, https:\/\/cdu-barth.de\/wp-content\/uploads\/2024\/03\/ernst-scaled.jpg 1706w\" data-sizes=\"auto\" data-orig-sizes=\"(max-width: 1024px) 100vw, (max-width: 850px) 100vw, 400px\" \/><\/span><\/div><div class=\"fusion-title title fusion-title-42 fusion-title-text fusion-title-size-three\" style=\"--awb-text-color:var(--awb-color5);--awb-margin-top:15px;\"><div class=\"title-sep-container title-sep-container-left fusion-no-large-visibility fusion-no-medium-visibility fusion-no-small-visibility\"><div class=\"title-sep sep- sep-solid\" style=\"border-color:var(--awb-color3);\"><\/div><\/div><span class=\"awb-title-spacer fusion-no-large-visibility fusion-no-medium-visibility fusion-no-small-visibility\"><\/span><h3 class=\"fusion-title-heading title-heading-left\" style=\"margin:0;text-transform:uppercase;\">Ernst Branse<\/h3><span class=\"awb-title-spacer\"><\/span><div class=\"title-sep-container title-sep-container-right\"><div class=\"title-sep sep- sep-solid\" style=\"border-color:var(--awb-color3);\"><\/div><\/div><\/div><div class=\"fusion-text fusion-text-5\"><p><em>Unternehmer<\/em><\/p>\n<\/div><div class=\"fusion-text fusion-text-6\" style=\"--awb-margin-top:-20px;\"><p><strong><em>CDU-Mitglied seit 1995<\/em><\/strong><\/p>\n<\/div><div class=\"fusion-text fusion-text-7\" style=\"--awb-margin-top:-20px;\"><\/div><div class=\"accordian fusion-accordian\" style=\"--awb-border-size:1px;--awb-icon-size:13px;--awb-content-font-size:var(--awb-typography3-font-size);--awb-icon-alignment:left;--awb-hover-color:hsla(var(--awb-color6-h),var(--awb-color6-s),calc( var(--awb-color6-l) + 58% ),var(--awb-color6-a));--awb-border-color:hsla(var(--awb-color6-h),var(--awb-color6-s),calc( var(--awb-color6-l) + 40% ),var(--awb-color6-a));--awb-background-color:var(--awb-color1);--awb-divider-color:var(--awb-color3);--awb-divider-hover-color:var(--awb-color3);--awb-icon-color:var(--awb-color1);--awb-title-color:var(--awb-color5);--awb-content-color:var(--awb-color6);--awb-icon-box-color:var(--awb-color7);--awb-toggle-hover-accent-color:var(--awb-color5);--awb-title-font-family:var(--awb-typography3-font-family);--awb-title-font-weight:var(--awb-typography3-font-weight);--awb-title-font-style:var(--awb-typography3-font-style);--awb-title-font-size:var(--awb-typography3-font-size);--awb-title-letter-spacing:0px;--awb-title-line-height:1.43;--awb-content-font-family:var(--awb-typography3-font-family);--awb-content-font-weight:var(--awb-typography3-font-weight);--awb-content-font-style:var(--awb-typography3-font-style);\"><div class=\"panel-group fusion-toggle-icon-boxed\" id=\"accordion-8-2\"><div class=\"fusion-panel panel-default panel-f9820ea405e6c4f55 fusion-toggle-has-divider\" style=\"--awb-title-color:var(--awb-color6);\"><div class=\"panel-heading\"><h4 class=\"panel-title toggle\" id=\"toggle_f9820ea405e6c4f55\"><a aria-expanded=\"false\" aria-controls=\"f9820ea405e6c4f55\" role=\"button\" data-toggle=\"collapse\" data-parent=\"#accordion-8-2\" data-target=\"#f9820ea405e6c4f55\" href=\"#f9820ea405e6c4f55\"><span class=\"fusion-toggle-icon-wrapper\" aria-hidden=\"true\"><i class=\"fa-fusion-box active-icon awb-icon-minus\" aria-hidden=\"true\"><\/i><i class=\"fa-fusion-box inactive-icon fa-arrow-alt-circle-down fas\" aria-hidden=\"true\"><\/i><\/span><span class=\"fusion-toggle-heading\">Mehr \u00fcber Ernst Branse<\/span><\/a><\/h4><\/div><div id=\"f9820ea405e6c4f55\" class=\"panel-collapse collapse \" aria-labelledby=\"toggle_f9820ea405e6c4f55\"><div class=\"panel-body toggle-content fusion-clearfix\">\n<ul>\n<li>in Barth geboren und bis heute \u00a0mit der Familie wohnhaft<\/li>\n<li>selbst\u00e4ndiger gesch\u00e4ftsf\u00fchrender Gesellschafter der HBZ Branse GmbH<\/li>\n<li>Gesellschafter der EUROBAUSTOFF GmbH &amp; Co. KG Karlsruhe<\/li>\n<li>seit 1995 Stadtvertreter, seit 1999 Vorsitzender des Ausschusses f\u00fcr Bau, Umwelt, Ordnung, Sicherheit<\/li>\n<li>seit 2015 Mitglied des Kreistages MV<\/li>\n<\/ul>\n<\/div><\/div><\/div><div class=\"fusion-panel panel-default panel-1dc8a68da4e99114b fusion-toggle-has-divider\" style=\"--awb-title-color:var(--awb-color6);\"><div class=\"panel-heading\"><h4 class=\"panel-title toggle\" id=\"toggle_1dc8a68da4e99114b\"><a aria-expanded=\"false\" aria-controls=\"1dc8a68da4e99114b\" role=\"button\" data-toggle=\"collapse\" data-parent=\"#accordion-8-2\" data-target=\"#1dc8a68da4e99114b\" href=\"#1dc8a68da4e99114b\"><span class=\"fusion-toggle-icon-wrapper\" aria-hidden=\"true\"><i class=\"fa-fusion-box active-icon awb-icon-minus\" aria-hidden=\"true\"><\/i><i class=\"fa-fusion-box inactive-icon fa-arrow-alt-circle-down fas\" aria-hidden=\"true\"><\/i><\/span><span class=\"fusion-toggle-heading\">Motivation f\u00fcr Barth<\/span><\/a><\/h4><\/div><div id=\"1dc8a68da4e99114b\" class=\"panel-collapse collapse \" aria-labelledby=\"toggle_1dc8a68da4e99114b\"><div class=\"panel-body toggle-content fusion-clearfix\">\n<ul>\n<li>Fortsetzung der Aktivit\u00e4t als Stadtvertreter<\/li>\n<li>gemeinsam neue M\u00f6glichkeiten finden und sinnvolle Entscheidungen treffen<\/li>\n<\/ul>\n<\/div><\/div><\/div><\/div><\/div><\/div><\/div><div class=\"fusion-layout-column fusion_builder_column fusion-builder-column-15 fusion_builder_column_1_4 1_4 fusion-flex-column\" style=\"--awb-padding-top:30px;--awb-padding-right:20px;--awb-padding-bottom:35px;--awb-padding-left:20px;--awb-overflow:hidden;--awb-bg-color:var(--awb-color2);--awb-bg-color-hover:var(--awb-color2);--awb-bg-image:linear-gradient(180deg, var(--awb-color1) 0%,var(--awb-color1) 100%);--awb-bg-size:cover;--awb-box-shadow:5px 5px 20px 2px rgba(45,60,75,0.4);;--awb-transition:filter 300ms ease-in-out, transform 300ms ease-in-out, background-color 300ms ease-in-out, border-color 300ms ease-in-out;--awb-border-radius:10px 10px 10px 10px;--awb-width-large:25%;--awb-margin-top-large:0px;--awb-spacing-right-large:20px;--awb-margin-bottom-large:20px;--awb-spacing-left-large:20px;--awb-width-medium:100%;--awb-order-medium:0;--awb-spacing-right-medium:0px;--awb-spacing-left-medium:0px;--awb-width-small:100%;--awb-order-small:0;--awb-spacing-right-small:0px;--awb-spacing-left-small:0px;\"><div class=\"fusion-column-wrapper fusion-column-has-shadow fusion-flex-justify-content-flex-start fusion-content-layout-column\"><div class=\"fusion-image-element \" style=\"text-align:center;--awb-caption-title-font-family:var(--h2_typography-font-family);--awb-caption-title-font-weight:var(--h2_typography-font-weight);--awb-caption-title-font-style:var(--h2_typography-font-style);--awb-caption-title-size:var(--h2_typography-font-size);--awb-caption-title-transform:var(--h2_typography-text-transform);--awb-caption-title-line-height:var(--h2_typography-line-height);--awb-caption-title-letter-spacing:var(--h2_typography-letter-spacing);\"><span class=\" fusion-imageframe imageframe-none imageframe-4 hover-type-none\"><img decoding=\"async\" width=\"1706\" height=\"2560\" title=\"frank\" src=\"https:\/\/cdu-barth.de\/wp-content\/uploads\/2024\/04\/frank-scaled.jpg\" data-orig-src=\"https:\/\/cdu-barth.de\/wp-content\/uploads\/2024\/04\/frank-scaled.jpg\" alt class=\"lazyload img-responsive wp-image-1565\" srcset=\"data:image\/svg+xml,%3Csvg%20xmlns%3D%27http%3A%2F%2Fwww.w3.org%2F2000%2Fsvg%27%20width%3D%271706%27%20height%3D%272560%27%20viewBox%3D%270%200%201706%202560%27%3E%3Crect%20width%3D%271706%27%20height%3D%272560%27%20fill-opacity%3D%220%22%2F%3E%3C%2Fsvg%3E\" data-srcset=\"https:\/\/cdu-barth.de\/wp-content\/uploads\/2024\/04\/frank-200x300.jpg 200w, https:\/\/cdu-barth.de\/wp-content\/uploads\/2024\/04\/frank-400x600.jpg 400w, https:\/\/cdu-barth.de\/wp-content\/uploads\/2024\/04\/frank-600x900.jpg 600w, https:\/\/cdu-barth.de\/wp-content\/uploads\/2024\/04\/frank-800x1200.jpg 800w, https:\/\/cdu-barth.de\/wp-content\/uploads\/2024\/04\/frank-1200x1800.jpg 1200w, https:\/\/cdu-barth.de\/wp-content\/uploads\/2024\/04\/frank-scaled.jpg 1706w\" data-sizes=\"auto\" data-orig-sizes=\"(max-width: 1024px) 100vw, (max-width: 850px) 100vw, 400px\" \/><\/span><\/div><div class=\"fusion-title title fusion-title-43 fusion-title-text fusion-title-size-three\" style=\"--awb-text-color:var(--awb-color5);--awb-margin-top:15px;\"><div class=\"title-sep-container title-sep-container-left fusion-no-large-visibility fusion-no-medium-visibility fusion-no-small-visibility\"><div class=\"title-sep sep- sep-solid\" style=\"border-color:var(--awb-color3);\"><\/div><\/div><span class=\"awb-title-spacer fusion-no-large-visibility fusion-no-medium-visibility fusion-no-small-visibility\"><\/span><h3 class=\"fusion-title-heading title-heading-left\" style=\"margin:0;text-transform:uppercase;\">Frank Schr\u00f6ter<\/h3><span class=\"awb-title-spacer\"><\/span><div class=\"title-sep-container title-sep-container-right\"><div class=\"title-sep sep- sep-solid\" style=\"border-color:var(--awb-color3);\"><\/div><\/div><\/div><div class=\"fusion-text fusion-text-8\"><p><em>Elektromeister<\/em><\/p>\n<\/div><div class=\"fusion-text fusion-text-9\" style=\"--awb-margin-top:-20px;\"><p><strong><em>CDU-Mitglied seit ca. 20 Jahren<\/em><\/strong><\/p>\n<\/div><div class=\"accordian fusion-accordian\" style=\"--awb-border-size:1px;--awb-icon-size:13px;--awb-content-font-size:var(--awb-typography3-font-size);--awb-icon-alignment:left;--awb-hover-color:hsla(var(--awb-color6-h),var(--awb-color6-s),calc( var(--awb-color6-l) + 58% ),var(--awb-color6-a));--awb-border-color:hsla(var(--awb-color6-h),var(--awb-color6-s),calc( var(--awb-color6-l) + 40% ),var(--awb-color6-a));--awb-background-color:var(--awb-color1);--awb-divider-color:var(--awb-color3);--awb-divider-hover-color:var(--awb-color3);--awb-icon-color:var(--awb-color1);--awb-title-color:var(--awb-color5);--awb-content-color:var(--awb-color6);--awb-icon-box-color:var(--awb-color7);--awb-toggle-hover-accent-color:var(--awb-color5);--awb-title-font-family:var(--awb-typography3-font-family);--awb-title-font-weight:var(--awb-typography3-font-weight);--awb-title-font-style:var(--awb-typography3-font-style);--awb-title-font-size:var(--awb-typography3-font-size);--awb-title-letter-spacing:0px;--awb-title-line-height:1.43;--awb-content-font-family:var(--awb-typography3-font-family);--awb-content-font-weight:var(--awb-typography3-font-weight);--awb-content-font-style:var(--awb-typography3-font-style);\"><div class=\"panel-group fusion-toggle-icon-boxed\" id=\"accordion-8-3\"><div class=\"fusion-panel panel-default panel-2171d5cdf5df9fd0f fusion-toggle-has-divider\" style=\"--awb-title-color:var(--awb-color6);\"><div class=\"panel-heading\"><h4 class=\"panel-title toggle\" id=\"toggle_2171d5cdf5df9fd0f\"><a aria-expanded=\"false\" aria-controls=\"2171d5cdf5df9fd0f\" role=\"button\" data-toggle=\"collapse\" data-parent=\"#accordion-8-3\" data-target=\"#2171d5cdf5df9fd0f\" href=\"#2171d5cdf5df9fd0f\"><span class=\"fusion-toggle-icon-wrapper\" aria-hidden=\"true\"><i class=\"fa-fusion-box active-icon awb-icon-minus\" aria-hidden=\"true\"><\/i><i class=\"fa-fusion-box inactive-icon fa-arrow-alt-circle-down fas\" aria-hidden=\"true\"><\/i><\/span><span class=\"fusion-toggle-heading\">Mehr \u00fcber Frank Schr\u00f6ter<\/span><\/a><\/h4><\/div><div id=\"2171d5cdf5df9fd0f\" class=\"panel-collapse collapse \" aria-labelledby=\"toggle_2171d5cdf5df9fd0f\"><div class=\"panel-body toggle-content fusion-clearfix\">\n<ul>\n<li>in Barth geboren und bis heute \u00a0mit der Familie wohnhaft<\/li>\n<li>gelernter Elektromeister und Betriebswirt<\/li>\n<li>seit 5 Jahren unternehmerisch t\u00e4tig<\/li>\n<li>Ehrenamt im Barther Tennisverein<\/li>\n<li>Organisation st\u00e4dtischer Veranstaltungen<\/li>\n<\/ul>\n<\/div><\/div><\/div><div class=\"fusion-panel panel-default panel-8702a4d15dad9ec9d fusion-toggle-has-divider\" style=\"--awb-title-color:var(--awb-color6);\"><div class=\"panel-heading\"><h4 class=\"panel-title toggle\" id=\"toggle_8702a4d15dad9ec9d\"><a aria-expanded=\"false\" aria-controls=\"8702a4d15dad9ec9d\" role=\"button\" data-toggle=\"collapse\" data-parent=\"#accordion-8-3\" data-target=\"#8702a4d15dad9ec9d\" href=\"#8702a4d15dad9ec9d\"><span class=\"fusion-toggle-icon-wrapper\" aria-hidden=\"true\"><i class=\"fa-fusion-box active-icon awb-icon-minus\" aria-hidden=\"true\"><\/i><i class=\"fa-fusion-box inactive-icon fa-arrow-alt-circle-down fas\" aria-hidden=\"true\"><\/i><\/span><span class=\"fusion-toggle-heading\">Motivation f\u00fcr Barth<\/span><\/a><\/h4><\/div><div id=\"8702a4d15dad9ec9d\" class=\"panel-collapse collapse \" aria-labelledby=\"toggle_8702a4d15dad9ec9d\"><div class=\"panel-body toggle-content fusion-clearfix\">\n<ul>\n<li>&#8222;Nicht meckern, sondern machen!&#8220; \u2013 Gemeinsam Ideen finden und auch umsetzen<\/li>\n<li>Fortsetzung der Aktivit\u00e4t als Stadtvertreter<\/li>\n<\/ul>\n<\/div><\/div><\/div><\/div><\/div><\/div><\/div><div class=\"fusion-layout-column fusion_builder_column fusion-builder-column-16 fusion_builder_column_1_4 1_4 fusion-flex-column\" style=\"--awb-padding-top:30px;--awb-padding-right:20px;--awb-padding-bottom:35px;--awb-padding-left:20px;--awb-overflow:hidden;--awb-bg-color:var(--awb-color2);--awb-bg-color-hover:var(--awb-color2);--awb-bg-image:linear-gradient(180deg, var(--awb-color1) 0%,var(--awb-color1) 100%);--awb-bg-size:cover;--awb-box-shadow:5px 5px 20px 2px rgba(45,60,75,0.4);;--awb-transition:filter 300ms ease-in-out, transform 300ms ease-in-out, background-color 300ms ease-in-out, border-color 300ms ease-in-out;--awb-border-radius:10px 10px 10px 10px;--awb-width-large:25%;--awb-margin-top-large:0px;--awb-spacing-right-large:20px;--awb-margin-bottom-large:20px;--awb-spacing-left-large:20px;--awb-width-medium:100%;--awb-order-medium:0;--awb-spacing-right-medium:0px;--awb-spacing-left-medium:0px;--awb-width-small:100%;--awb-order-small:0;--awb-spacing-right-small:0px;--awb-spacing-left-small:0px;\"><div class=\"fusion-column-wrapper fusion-column-has-shadow fusion-flex-justify-content-flex-start fusion-content-layout-column\"><div class=\"fusion-image-element \" style=\"text-align:center;--awb-caption-title-font-family:var(--h2_typography-font-family);--awb-caption-title-font-weight:var(--h2_typography-font-weight);--awb-caption-title-font-style:var(--h2_typography-font-style);--awb-caption-title-size:var(--h2_typography-font-size);--awb-caption-title-transform:var(--h2_typography-text-transform);--awb-caption-title-line-height:var(--h2_typography-line-height);--awb-caption-title-letter-spacing:var(--h2_typography-letter-spacing);\"><span class=\" fusion-imageframe imageframe-none imageframe-5 hover-type-none\"><img decoding=\"async\" width=\"1706\" height=\"2560\" title=\"ira\" src=\"https:\/\/cdu-barth.de\/wp-content\/uploads\/2024\/03\/ira-scaled.jpg\" data-orig-src=\"https:\/\/cdu-barth.de\/wp-content\/uploads\/2024\/03\/ira-scaled.jpg\" alt class=\"lazyload img-responsive wp-image-1525\" srcset=\"data:image\/svg+xml,%3Csvg%20xmlns%3D%27http%3A%2F%2Fwww.w3.org%2F2000%2Fsvg%27%20width%3D%271706%27%20height%3D%272560%27%20viewBox%3D%270%200%201706%202560%27%3E%3Crect%20width%3D%271706%27%20height%3D%272560%27%20fill-opacity%3D%220%22%2F%3E%3C%2Fsvg%3E\" data-srcset=\"https:\/\/cdu-barth.de\/wp-content\/uploads\/2024\/03\/ira-200x300.jpg 200w, https:\/\/cdu-barth.de\/wp-content\/uploads\/2024\/03\/ira-400x600.jpg 400w, https:\/\/cdu-barth.de\/wp-content\/uploads\/2024\/03\/ira-600x900.jpg 600w, https:\/\/cdu-barth.de\/wp-content\/uploads\/2024\/03\/ira-800x1200.jpg 800w, https:\/\/cdu-barth.de\/wp-content\/uploads\/2024\/03\/ira-1200x1800.jpg 1200w, https:\/\/cdu-barth.de\/wp-content\/uploads\/2024\/03\/ira-scaled.jpg 1706w\" data-sizes=\"auto\" data-orig-sizes=\"(max-width: 1024px) 100vw, (max-width: 850px) 100vw, 400px\" \/><\/span><\/div><div class=\"fusion-title title fusion-title-44 fusion-title-text fusion-title-size-three\" style=\"--awb-text-color:var(--awb-color5);--awb-margin-top:15px;\"><div class=\"title-sep-container title-sep-container-left fusion-no-large-visibility fusion-no-medium-visibility fusion-no-small-visibility\"><div class=\"title-sep sep- sep-solid\" style=\"border-color:var(--awb-color3);\"><\/div><\/div><span class=\"awb-title-spacer fusion-no-large-visibility fusion-no-medium-visibility fusion-no-small-visibility\"><\/span><h3 class=\"fusion-title-heading title-heading-left\" style=\"margin:0;text-transform:uppercase;\">Ira Schwerin<\/h3><span class=\"awb-title-spacer\"><\/span><div class=\"title-sep-container title-sep-container-right\"><div class=\"title-sep sep- sep-solid\" style=\"border-color:var(--awb-color3);\"><\/div><\/div><\/div><div class=\"fusion-text fusion-text-10\"><p><em>Mediengestalterin (IHK)<\/em><\/p>\n<\/div><div class=\"fusion-text fusion-text-11\" style=\"--awb-margin-top:-20px;\"><p><strong><em>parteilos<\/em><\/strong><\/p>\n<\/div><div class=\"accordian fusion-accordian\" style=\"--awb-border-size:1px;--awb-icon-size:13px;--awb-content-font-size:var(--awb-typography3-font-size);--awb-icon-alignment:left;--awb-hover-color:hsla(var(--awb-color6-h),var(--awb-color6-s),calc( var(--awb-color6-l) + 58% ),var(--awb-color6-a));--awb-border-color:hsla(var(--awb-color6-h),var(--awb-color6-s),calc( var(--awb-color6-l) + 40% ),var(--awb-color6-a));--awb-background-color:var(--awb-color1);--awb-divider-color:var(--awb-color3);--awb-divider-hover-color:var(--awb-color3);--awb-icon-color:var(--awb-color1);--awb-title-color:var(--awb-color5);--awb-content-color:var(--awb-color6);--awb-icon-box-color:var(--awb-color7);--awb-toggle-hover-accent-color:var(--awb-color5);--awb-title-font-family:var(--awb-typography3-font-family);--awb-title-font-weight:var(--awb-typography3-font-weight);--awb-title-font-style:var(--awb-typography3-font-style);--awb-title-font-size:var(--awb-typography3-font-size);--awb-title-letter-spacing:0px;--awb-title-line-height:1.43;--awb-content-font-family:var(--awb-typography3-font-family);--awb-content-font-weight:var(--awb-typography3-font-weight);--awb-content-font-style:var(--awb-typography3-font-style);\"><div class=\"panel-group fusion-toggle-icon-boxed\" id=\"accordion-8-4\"><div class=\"fusion-panel panel-default panel-a66bacd1b26774e5c fusion-toggle-has-divider\" style=\"--awb-title-color:var(--awb-color6);\"><div class=\"panel-heading\"><h4 class=\"panel-title toggle\" id=\"toggle_a66bacd1b26774e5c\"><a aria-expanded=\"false\" aria-controls=\"a66bacd1b26774e5c\" role=\"button\" data-toggle=\"collapse\" data-parent=\"#accordion-8-4\" data-target=\"#a66bacd1b26774e5c\" href=\"#a66bacd1b26774e5c\"><span class=\"fusion-toggle-icon-wrapper\" aria-hidden=\"true\"><i class=\"fa-fusion-box active-icon awb-icon-minus\" aria-hidden=\"true\"><\/i><i class=\"fa-fusion-box inactive-icon fa-arrow-alt-circle-down fas\" aria-hidden=\"true\"><\/i><\/span><span class=\"fusion-toggle-heading\">Mehr \u00fcber Ira Schwerin<\/span><\/a><\/h4><\/div><div id=\"a66bacd1b26774e5c\" class=\"panel-collapse collapse \" aria-labelledby=\"toggle_a66bacd1b26774e5c\"><div class=\"panel-body toggle-content fusion-clearfix\">\n<ul>\n<li>gelernte Mediengestalterin Digital und Print (IHK)<\/li>\n<li>eigene kleine Werbeagentur seit 2018<\/li>\n<li>berufsbegleitendes Studium Wirtschaftspsychologie<\/li>\n<li>ehrenamtl. Trainer der Kindertanzgruppe &#8222;Team Fresh&#8220; im Barther Heimatverein<\/li>\n<li>Mitglied im Pr\u00fcfungsausschuss der IHK Neubrandenburg<\/li>\n<\/ul>\n<\/div><\/div><\/div><div class=\"fusion-panel panel-default panel-b9c1177d63522e1e4 fusion-toggle-has-divider\" style=\"--awb-title-color:var(--awb-color6);\"><div class=\"panel-heading\"><h4 class=\"panel-title toggle\" id=\"toggle_b9c1177d63522e1e4\"><a aria-expanded=\"false\" aria-controls=\"b9c1177d63522e1e4\" role=\"button\" data-toggle=\"collapse\" data-parent=\"#accordion-8-4\" data-target=\"#b9c1177d63522e1e4\" href=\"#b9c1177d63522e1e4\"><span class=\"fusion-toggle-icon-wrapper\" aria-hidden=\"true\"><i class=\"fa-fusion-box active-icon awb-icon-minus\" aria-hidden=\"true\"><\/i><i class=\"fa-fusion-box inactive-icon fa-arrow-alt-circle-down fas\" aria-hidden=\"true\"><\/i><\/span><span class=\"fusion-toggle-heading\">Motivation f\u00fcr Barth<\/span><\/a><\/h4><\/div><div id=\"b9c1177d63522e1e4\" class=\"panel-collapse collapse \" aria-labelledby=\"toggle_b9c1177d63522e1e4\"><div class=\"panel-body toggle-content fusion-clearfix\">\n<ul>\n<li>klare und sinnvolle Kommunikation innerhalb der Gemeindevertretung und nach au\u00dfen<\/li>\n<li>Optimierung der Wohnverh\u00e4ltnisse f\u00fcr B\u00fcrger mit Erstwohnsitz in Barth (Miete und Eigentum)<\/li>\n<li>Ausbau des innerst\u00e4dtischen Bereichs als Begegnungsort f\u00fcr Kultur, Gastronomie, Einzelhandel<\/li>\n<li>Unterst\u00fctzung der lokalen Wirtschaft f\u00fcr Gr\u00fcnder und bestehende Unternehmen<\/li>\n<\/ul>\n<\/div><\/div><\/div><\/div><\/div><\/div><\/div><div class=\"fusion-layout-column fusion_builder_column fusion-builder-column-17 fusion_builder_column_1_1 1_1 fusion-flex-column\" style=\"--awb-padding-top:30px;--awb-padding-right:40px;--awb-padding-bottom:29px;--awb-padding-left:40px;--awb-overflow:hidden;--awb-bg-color:var(--awb-color1);--awb-bg-color-hover:var(--awb-color1);--awb-bg-size:cover;--awb-border-radius:15px 15px 15px 15px;--awb-width-large:100%;--awb-margin-top-large:50px;--awb-spacing-right-large:0px;--awb-margin-bottom-large:60px;--awb-spacing-left-large:0px;--awb-width-medium:100%;--awb-order-medium:0;--awb-spacing-right-medium:0px;--awb-spacing-left-medium:0px;--awb-width-small:100%;--awb-order-small:0;--awb-spacing-right-small:0px;--awb-spacing-left-small:0px;\"><div class=\"fusion-column-wrapper fusion-column-has-shadow fusion-flex-justify-content-flex-start fusion-content-layout-column\"><div class=\"fusion-title title fusion-title-45 fusion-title-center fusion-title-text fusion-title-size-one\"><div class=\"title-sep-container title-sep-container-left\"><div class=\"title-sep sep- sep-solid\" style=\"border-color:var(--awb-color3);\"><\/div><\/div><span class=\"awb-title-spacer\"><\/span><h1 class=\"fusion-title-heading title-heading-center\" style=\"margin:0;text-transform:uppercase;\"><p style=\"text-align: center;\">Unsere Fraktionsmitglieder<\/p><\/h1><span class=\"awb-title-spacer\"><\/span><div class=\"title-sep-container title-sep-container-right\"><div class=\"title-sep sep- sep-solid\" style=\"border-color:var(--awb-color3);\"><\/div><\/div><\/div><div class=\"fusion-text fusion-text-12\" style=\"--awb-content-alignment:center;\"><p><strong>Lernen Sie uns kennen.<\/strong><\/p>\n<\/div><div class=\"fusion-text fusion-text-13\"><p style=\"font-weight: 400; text-align: center;\">Wir sind <strong>Ehrenamtler, Handwerker, H\u00e4ndler, Lehrer, Rettungskr\u00e4fte, Unternehmer<\/strong> und bringen Erfahrungen aus den unterschiedlichsten Bereichen und Branchen mit. Was uns verbindet, ist unser Engagement f\u00fcr die Stadt Barth \u2013 mit oder ohne Kommunalwahlen. <\/p>\n<\/div><\/div><\/div><div class=\"fusion-layout-column fusion_builder_column fusion-builder-column-18 fusion_builder_column_1_4 1_4 fusion-flex-column\" style=\"--awb-padding-top:30px;--awb-padding-right:20px;--awb-padding-bottom:35px;--awb-padding-left:20px;--awb-overflow:hidden;--awb-bg-color:var(--awb-color2);--awb-bg-color-hover:var(--awb-color2);--awb-bg-image:linear-gradient(180deg, var(--awb-color1) 0%,var(--awb-color1) 100%);--awb-bg-size:cover;--awb-box-shadow:5px 5px 20px 2px rgba(45,60,75,0.4);;--awb-transition:filter 300ms ease-in-out, transform 300ms ease-in-out, background-color 300ms ease-in-out, border-color 300ms ease-in-out;--awb-border-radius:10px 10px 10px 10px;--awb-width-large:25%;--awb-margin-top-large:0px;--awb-spacing-right-large:20px;--awb-margin-bottom-large:20px;--awb-spacing-left-large:20px;--awb-width-medium:100%;--awb-order-medium:0;--awb-spacing-right-medium:0px;--awb-spacing-left-medium:0px;--awb-width-small:100%;--awb-order-small:0;--awb-spacing-right-small:0px;--awb-spacing-left-small:0px;\"><div class=\"fusion-column-wrapper fusion-column-has-shadow fusion-flex-justify-content-flex-start fusion-content-layout-column\"><div class=\"fusion-image-element \" style=\"text-align:center;--awb-caption-title-font-family:var(--h2_typography-font-family);--awb-caption-title-font-weight:var(--h2_typography-font-weight);--awb-caption-title-font-style:var(--h2_typography-font-style);--awb-caption-title-size:var(--h2_typography-font-size);--awb-caption-title-transform:var(--h2_typography-text-transform);--awb-caption-title-line-height:var(--h2_typography-line-height);--awb-caption-title-letter-spacing:var(--h2_typography-letter-spacing);\"><span class=\" fusion-imageframe imageframe-none imageframe-6 hover-type-none\"><img decoding=\"async\" width=\"1706\" height=\"2560\" title=\"ben\" src=\"https:\/\/cdu-barth.de\/wp-content\/uploads\/2024\/04\/ben-1-scaled.jpg\" data-orig-src=\"https:\/\/cdu-barth.de\/wp-content\/uploads\/2024\/04\/ben-1-scaled.jpg\" alt class=\"lazyload img-responsive wp-image-1540\" srcset=\"data:image\/svg+xml,%3Csvg%20xmlns%3D%27http%3A%2F%2Fwww.w3.org%2F2000%2Fsvg%27%20width%3D%271706%27%20height%3D%272560%27%20viewBox%3D%270%200%201706%202560%27%3E%3Crect%20width%3D%271706%27%20height%3D%272560%27%20fill-opacity%3D%220%22%2F%3E%3C%2Fsvg%3E\" data-srcset=\"https:\/\/cdu-barth.de\/wp-content\/uploads\/2024\/04\/ben-1-200x300.jpg 200w, https:\/\/cdu-barth.de\/wp-content\/uploads\/2024\/04\/ben-1-400x600.jpg 400w, https:\/\/cdu-barth.de\/wp-content\/uploads\/2024\/04\/ben-1-600x900.jpg 600w, https:\/\/cdu-barth.de\/wp-content\/uploads\/2024\/04\/ben-1-800x1200.jpg 800w, https:\/\/cdu-barth.de\/wp-content\/uploads\/2024\/04\/ben-1-1200x1800.jpg 1200w, https:\/\/cdu-barth.de\/wp-content\/uploads\/2024\/04\/ben-1-scaled.jpg 1706w\" data-sizes=\"auto\" data-orig-sizes=\"(max-width: 1024px) 100vw, (max-width: 850px) 100vw, 400px\" \/><\/span><\/div><div class=\"fusion-title title fusion-title-46 fusion-title-text fusion-title-size-three\" style=\"--awb-text-color:var(--awb-color5);--awb-margin-top:15px;\"><div class=\"title-sep-container title-sep-container-left fusion-no-large-visibility fusion-no-medium-visibility fusion-no-small-visibility\"><div class=\"title-sep sep- sep-solid\" style=\"border-color:var(--awb-color3);\"><\/div><\/div><span class=\"awb-title-spacer fusion-no-large-visibility fusion-no-medium-visibility fusion-no-small-visibility\"><\/span><h3 class=\"fusion-title-heading title-heading-left\" style=\"margin:0;text-transform:uppercase;\">Ben Koch<\/h3><span class=\"awb-title-spacer\"><\/span><div class=\"title-sep-container title-sep-container-right\"><div class=\"title-sep sep- sep-solid\" style=\"border-color:var(--awb-color3);\"><\/div><\/div><\/div><div class=\"fusion-text fusion-text-14\"><p><em>Brandschutzingenieur<\/em><\/p>\n<\/div><div class=\"fusion-text fusion-text-15\" style=\"--awb-margin-top:-20px;\"><p><strong><em>parteilos<\/em><\/strong><\/p>\n<\/div><div class=\"accordian fusion-accordian\" style=\"--awb-border-size:1px;--awb-icon-size:13px;--awb-content-font-size:var(--awb-typography3-font-size);--awb-icon-alignment:left;--awb-hover-color:hsla(var(--awb-color6-h),var(--awb-color6-s),calc( var(--awb-color6-l) + 58% ),var(--awb-color6-a));--awb-border-color:hsla(var(--awb-color6-h),var(--awb-color6-s),calc( var(--awb-color6-l) + 40% ),var(--awb-color6-a));--awb-background-color:var(--awb-color1);--awb-divider-color:var(--awb-color3);--awb-divider-hover-color:var(--awb-color3);--awb-icon-color:var(--awb-color1);--awb-title-color:var(--awb-color5);--awb-content-color:var(--awb-color6);--awb-icon-box-color:var(--awb-color7);--awb-toggle-hover-accent-color:var(--awb-color5);--awb-title-font-family:var(--awb-typography3-font-family);--awb-title-font-weight:var(--awb-typography3-font-weight);--awb-title-font-style:var(--awb-typography3-font-style);--awb-title-font-size:var(--awb-typography3-font-size);--awb-title-letter-spacing:0px;--awb-title-line-height:1.43;--awb-content-font-family:var(--awb-typography3-font-family);--awb-content-font-weight:var(--awb-typography3-font-weight);--awb-content-font-style:var(--awb-typography3-font-style);\"><div class=\"panel-group fusion-toggle-icon-boxed\" id=\"accordion-8-5\"><div class=\"fusion-panel panel-default panel-44a13f0988e254a08 fusion-toggle-has-divider\" style=\"--awb-title-color:var(--awb-color6);\"><div class=\"panel-heading\"><h4 class=\"panel-title toggle\" id=\"toggle_44a13f0988e254a08\"><a aria-expanded=\"false\" aria-controls=\"44a13f0988e254a08\" role=\"button\" data-toggle=\"collapse\" data-parent=\"#accordion-8-5\" data-target=\"#44a13f0988e254a08\" href=\"#44a13f0988e254a08\"><span class=\"fusion-toggle-icon-wrapper\" aria-hidden=\"true\"><i class=\"fa-fusion-box active-icon awb-icon-minus\" aria-hidden=\"true\"><\/i><i class=\"fa-fusion-box inactive-icon fa-arrow-alt-circle-down fas\" aria-hidden=\"true\"><\/i><\/span><span class=\"fusion-toggle-heading\">Mehr \u00fcber Ben Koch<\/span><\/a><\/h4><\/div><div id=\"44a13f0988e254a08\" class=\"panel-collapse collapse \" aria-labelledby=\"toggle_44a13f0988e254a08\"><div class=\"panel-body toggle-content fusion-clearfix\">\n<ul>\n<li style=\"font-weight: 400;\">Abitur in Barth<\/li>\n<li style=\"font-weight: 400;\">Studium in Magdeburg, Studiengang Sicherheit und Gefahrenabwehr, Vertiefung vorbeugender baulicher Brandschutz, Abschluss Master of Science<\/li>\n<li style=\"font-weight: 400;\">in HH gearbeitet<\/li>\n<li style=\"font-weight: 400;\">seit 2019 zur\u00fcck in der Heimat<\/li>\n<li style=\"font-weight: 400;\">Aktives Mitglied einer Freiwilligen Feuerwehr (Prerow); Reserveabteilung Freiwillige Feuerwehr Barth<\/li>\n<\/ul>\n<\/div><\/div><\/div><div class=\"fusion-panel panel-default panel-2e0a8e6cafe808209 fusion-toggle-has-divider\" style=\"--awb-title-color:var(--awb-color6);\"><div class=\"panel-heading\"><h4 class=\"panel-title toggle\" id=\"toggle_2e0a8e6cafe808209\"><a aria-expanded=\"false\" aria-controls=\"2e0a8e6cafe808209\" role=\"button\" data-toggle=\"collapse\" data-parent=\"#accordion-8-5\" data-target=\"#2e0a8e6cafe808209\" href=\"#2e0a8e6cafe808209\"><span class=\"fusion-toggle-icon-wrapper\" aria-hidden=\"true\"><i class=\"fa-fusion-box active-icon awb-icon-minus\" aria-hidden=\"true\"><\/i><i class=\"fa-fusion-box inactive-icon fa-arrow-alt-circle-down fas\" aria-hidden=\"true\"><\/i><\/span><span class=\"fusion-toggle-heading\">Motivation f\u00fcr Barth<\/span><\/a><\/h4><\/div><div id=\"2e0a8e6cafe808209\" class=\"panel-collapse collapse \" aria-labelledby=\"toggle_2e0a8e6cafe808209\"><div class=\"panel-body toggle-content fusion-clearfix\">\n<ul>\n<li style=\"font-weight: 400;\">Potenzial der Stadt Barth nutzen<\/li>\n<li style=\"font-weight: 400;\">Stadt nachhaltig entwickeln<\/li>\n<li style=\"font-weight: 400;\">f\u00fcr uns und unsere Kinder eine lebenswerte Heimat erhalten\/schaffen<\/li>\n<\/ul>\n<\/div><\/div><\/div><\/div><\/div><\/div><\/div><div class=\"fusion-layout-column fusion_builder_column fusion-builder-column-19 fusion_builder_column_1_4 1_4 fusion-flex-column\" style=\"--awb-padding-top:30px;--awb-padding-right:20px;--awb-padding-bottom:35px;--awb-padding-left:20px;--awb-overflow:hidden;--awb-bg-color:var(--awb-color2);--awb-bg-color-hover:var(--awb-color2);--awb-bg-image:linear-gradient(180deg, var(--awb-color1) 0%,var(--awb-color1) 100%);--awb-bg-size:cover;--awb-box-shadow:5px 5px 20px 2px rgba(45,60,75,0.4);;--awb-transition:filter 300ms ease-in-out, transform 300ms ease-in-out, background-color 300ms ease-in-out, border-color 300ms ease-in-out;--awb-border-radius:10px 10px 10px 10px;--awb-width-large:25%;--awb-margin-top-large:0px;--awb-spacing-right-large:20px;--awb-margin-bottom-large:20px;--awb-spacing-left-large:20px;--awb-width-medium:100%;--awb-order-medium:0;--awb-spacing-right-medium:0px;--awb-spacing-left-medium:0px;--awb-width-small:100%;--awb-order-small:0;--awb-spacing-right-small:0px;--awb-spacing-left-small:0px;\"><div class=\"fusion-column-wrapper fusion-column-has-shadow fusion-flex-justify-content-flex-start fusion-content-layout-column\"><div class=\"fusion-image-element \" style=\"text-align:center;--awb-caption-title-font-family:var(--h2_typography-font-family);--awb-caption-title-font-weight:var(--h2_typography-font-weight);--awb-caption-title-font-style:var(--h2_typography-font-style);--awb-caption-title-size:var(--h2_typography-font-size);--awb-caption-title-transform:var(--h2_typography-text-transform);--awb-caption-title-line-height:var(--h2_typography-line-height);--awb-caption-title-letter-spacing:var(--h2_typography-letter-spacing);\"><span class=\" fusion-imageframe imageframe-none imageframe-7 hover-type-none\"><img decoding=\"async\" width=\"1706\" height=\"2560\" title=\"hartmut\" src=\"https:\/\/cdu-barth.de\/wp-content\/uploads\/2024\/03\/hartmut-scaled.jpg\" data-orig-src=\"https:\/\/cdu-barth.de\/wp-content\/uploads\/2024\/03\/hartmut-scaled.jpg\" alt class=\"lazyload img-responsive wp-image-1524\" srcset=\"data:image\/svg+xml,%3Csvg%20xmlns%3D%27http%3A%2F%2Fwww.w3.org%2F2000%2Fsvg%27%20width%3D%271706%27%20height%3D%272560%27%20viewBox%3D%270%200%201706%202560%27%3E%3Crect%20width%3D%271706%27%20height%3D%272560%27%20fill-opacity%3D%220%22%2F%3E%3C%2Fsvg%3E\" data-srcset=\"https:\/\/cdu-barth.de\/wp-content\/uploads\/2024\/03\/hartmut-200x300.jpg 200w, https:\/\/cdu-barth.de\/wp-content\/uploads\/2024\/03\/hartmut-400x600.jpg 400w, https:\/\/cdu-barth.de\/wp-content\/uploads\/2024\/03\/hartmut-600x900.jpg 600w, https:\/\/cdu-barth.de\/wp-content\/uploads\/2024\/03\/hartmut-800x1200.jpg 800w, https:\/\/cdu-barth.de\/wp-content\/uploads\/2024\/03\/hartmut-1200x1800.jpg 1200w, https:\/\/cdu-barth.de\/wp-content\/uploads\/2024\/03\/hartmut-scaled.jpg 1706w\" data-sizes=\"auto\" data-orig-sizes=\"(max-width: 1024px) 100vw, (max-width: 850px) 100vw, 400px\" \/><\/span><\/div><div class=\"fusion-title title fusion-title-47 fusion-title-text fusion-title-size-three\" style=\"--awb-text-color:var(--awb-color5);--awb-margin-top:15px;\"><div class=\"title-sep-container title-sep-container-left fusion-no-large-visibility fusion-no-medium-visibility fusion-no-small-visibility\"><div class=\"title-sep sep- sep-solid\" style=\"border-color:var(--awb-color3);\"><\/div><\/div><span class=\"awb-title-spacer fusion-no-large-visibility fusion-no-medium-visibility fusion-no-small-visibility\"><\/span><h3 class=\"fusion-title-heading title-heading-left\" style=\"margin:0;text-transform:uppercase;\">Hartmut K\u00fchl<\/h3><span class=\"awb-title-spacer\"><\/span><div class=\"title-sep-container title-sep-container-right\"><div class=\"title-sep sep- sep-solid\" style=\"border-color:var(--awb-color3);\"><\/div><\/div><\/div><div class=\"fusion-text fusion-text-16\"><p><em>Polizist i.R.<\/em><\/p>\n<\/div><div class=\"fusion-text fusion-text-17\" style=\"--awb-margin-top:-20px;\"><p><strong><em>CDU-Mitglied seit 2007<\/em><\/strong><\/p>\n<\/div><div class=\"accordian fusion-accordian\" style=\"--awb-border-size:1px;--awb-icon-size:13px;--awb-content-font-size:var(--awb-typography3-font-size);--awb-icon-alignment:left;--awb-hover-color:hsla(var(--awb-color6-h),var(--awb-color6-s),calc( var(--awb-color6-l) + 58% ),var(--awb-color6-a));--awb-border-color:hsla(var(--awb-color6-h),var(--awb-color6-s),calc( var(--awb-color6-l) + 40% ),var(--awb-color6-a));--awb-background-color:var(--awb-color1);--awb-divider-color:var(--awb-color3);--awb-divider-hover-color:var(--awb-color3);--awb-icon-color:var(--awb-color1);--awb-title-color:var(--awb-color5);--awb-content-color:var(--awb-color6);--awb-icon-box-color:var(--awb-color7);--awb-toggle-hover-accent-color:var(--awb-color5);--awb-title-font-family:var(--awb-typography3-font-family);--awb-title-font-weight:var(--awb-typography3-font-weight);--awb-title-font-style:var(--awb-typography3-font-style);--awb-title-font-size:var(--awb-typography3-font-size);--awb-title-letter-spacing:0px;--awb-title-line-height:1.43;--awb-content-font-family:var(--awb-typography3-font-family);--awb-content-font-weight:var(--awb-typography3-font-weight);--awb-content-font-style:var(--awb-typography3-font-style);\"><div class=\"panel-group fusion-toggle-icon-boxed\" id=\"accordion-8-6\"><div class=\"fusion-panel panel-default panel-b59c40c566fda4174 fusion-toggle-has-divider\" style=\"--awb-title-color:var(--awb-color6);\"><div class=\"panel-heading\"><h4 class=\"panel-title toggle\" id=\"toggle_b59c40c566fda4174\"><a aria-expanded=\"false\" aria-controls=\"b59c40c566fda4174\" role=\"button\" data-toggle=\"collapse\" data-parent=\"#accordion-8-6\" data-target=\"#b59c40c566fda4174\" href=\"#b59c40c566fda4174\"><span class=\"fusion-toggle-icon-wrapper\" aria-hidden=\"true\"><i class=\"fa-fusion-box active-icon awb-icon-minus\" aria-hidden=\"true\"><\/i><i class=\"fa-fusion-box inactive-icon fa-arrow-alt-circle-down fas\" aria-hidden=\"true\"><\/i><\/span><span class=\"fusion-toggle-heading\">Mehr \u00fcber Hartmut K\u00fchl<\/span><\/a><\/h4><\/div><div id=\"b59c40c566fda4174\" class=\"panel-collapse collapse \" aria-labelledby=\"toggle_b59c40c566fda4174\"><div class=\"panel-body toggle-content fusion-clearfix\">\n<ul>\n<li>1995 bis 2017 Kontaktbeamter im Polizeirevier Barth<\/li>\n<li>seit 2014 Barther Stadtvertreter<\/li>\n<li>\n<div>hier in den Aussch\u00fcssen:<\/div>\n<ul>\n<li>\n<div>1. Bauausschuss- Sicherheit und Ordnung<\/div>\n<\/li>\n<li>\n<div>2. Sozialauschuss<\/div>\n<div><\/div>\n<\/li>\n<li>\n<div>3. Wirtschafts -und Kulturausschuss<\/div>\n<\/li>\n<li>\n<div>4. Umlegeausschuss<\/div>\n<\/li>\n<\/ul>\n<\/li>\n<\/ul>\n<\/div><\/div><\/div><div class=\"fusion-panel panel-default panel-3b088c02fa043d1f8 fusion-toggle-has-divider\" style=\"--awb-title-color:var(--awb-color6);\"><div class=\"panel-heading\"><h4 class=\"panel-title toggle\" id=\"toggle_3b088c02fa043d1f8\"><a aria-expanded=\"false\" aria-controls=\"3b088c02fa043d1f8\" role=\"button\" data-toggle=\"collapse\" data-parent=\"#accordion-8-6\" data-target=\"#3b088c02fa043d1f8\" href=\"#3b088c02fa043d1f8\"><span class=\"fusion-toggle-icon-wrapper\" aria-hidden=\"true\"><i class=\"fa-fusion-box active-icon awb-icon-minus\" aria-hidden=\"true\"><\/i><i class=\"fa-fusion-box inactive-icon fa-arrow-alt-circle-down fas\" aria-hidden=\"true\"><\/i><\/span><span class=\"fusion-toggle-heading\">Motivation f\u00fcr Barth<\/span><\/a><\/h4><\/div><div id=\"3b088c02fa043d1f8\" class=\"panel-collapse collapse \" aria-labelledby=\"toggle_3b088c02fa043d1f8\"><div class=\"panel-body toggle-content fusion-clearfix\">\n<ul>\n<li>&#8222;Sei nett und respektvoll zu den Menschen , dann sind sie es auch zu dir.&#8220;<\/li>\n<li>weiterhin f\u00fcr das Wohl der Barther B\u00fcrger da sein<\/li>\n<\/ul>\n<\/div><\/div><\/div><\/div><\/div><\/div><\/div><div class=\"fusion-layout-column fusion_builder_column fusion-builder-column-20 fusion_builder_column_1_4 1_4 fusion-flex-column\" style=\"--awb-padding-top:30px;--awb-padding-right:20px;--awb-padding-bottom:35px;--awb-padding-left:20px;--awb-overflow:hidden;--awb-bg-color:var(--awb-color2);--awb-bg-color-hover:var(--awb-color2);--awb-bg-image:linear-gradient(180deg, var(--awb-color1) 0%,var(--awb-color1) 100%);--awb-bg-size:cover;--awb-box-shadow:5px 5px 20px 2px rgba(45,60,75,0.4);;--awb-transition:filter 300ms ease-in-out, transform 300ms ease-in-out, background-color 300ms ease-in-out, border-color 300ms ease-in-out;--awb-border-radius:10px 10px 10px 10px;--awb-width-large:25%;--awb-margin-top-large:0px;--awb-spacing-right-large:20px;--awb-margin-bottom-large:20px;--awb-spacing-left-large:20px;--awb-width-medium:100%;--awb-order-medium:0;--awb-spacing-right-medium:0px;--awb-spacing-left-medium:0px;--awb-width-small:100%;--awb-order-small:0;--awb-spacing-right-small:0px;--awb-spacing-left-small:0px;\"><div class=\"fusion-column-wrapper fusion-column-has-shadow fusion-flex-justify-content-flex-start fusion-content-layout-column\"><div class=\"fusion-image-element \" style=\"text-align:center;--awb-caption-title-font-family:var(--h2_typography-font-family);--awb-caption-title-font-weight:var(--h2_typography-font-weight);--awb-caption-title-font-style:var(--h2_typography-font-style);--awb-caption-title-size:var(--h2_typography-font-size);--awb-caption-title-transform:var(--h2_typography-text-transform);--awb-caption-title-line-height:var(--h2_typography-line-height);--awb-caption-title-letter-spacing:var(--h2_typography-letter-spacing);\"><span class=\" fusion-imageframe imageframe-none imageframe-8 hover-type-none\"><img decoding=\"async\" width=\"1706\" height=\"2560\" title=\"mathias\" src=\"https:\/\/cdu-barth.de\/wp-content\/uploads\/2024\/03\/mathias-scaled.jpg\" data-orig-src=\"https:\/\/cdu-barth.de\/wp-content\/uploads\/2024\/03\/mathias-scaled.jpg\" alt class=\"lazyload img-responsive wp-image-1527\" srcset=\"data:image\/svg+xml,%3Csvg%20xmlns%3D%27http%3A%2F%2Fwww.w3.org%2F2000%2Fsvg%27%20width%3D%271706%27%20height%3D%272560%27%20viewBox%3D%270%200%201706%202560%27%3E%3Crect%20width%3D%271706%27%20height%3D%272560%27%20fill-opacity%3D%220%22%2F%3E%3C%2Fsvg%3E\" data-srcset=\"https:\/\/cdu-barth.de\/wp-content\/uploads\/2024\/03\/mathias-200x300.jpg 200w, https:\/\/cdu-barth.de\/wp-content\/uploads\/2024\/03\/mathias-400x600.jpg 400w, https:\/\/cdu-barth.de\/wp-content\/uploads\/2024\/03\/mathias-600x900.jpg 600w, https:\/\/cdu-barth.de\/wp-content\/uploads\/2024\/03\/mathias-800x1200.jpg 800w, https:\/\/cdu-barth.de\/wp-content\/uploads\/2024\/03\/mathias-1200x1800.jpg 1200w, https:\/\/cdu-barth.de\/wp-content\/uploads\/2024\/03\/mathias-scaled.jpg 1706w\" data-sizes=\"auto\" data-orig-sizes=\"(max-width: 1024px) 100vw, (max-width: 850px) 100vw, 400px\" \/><\/span><\/div><div class=\"fusion-title title fusion-title-48 fusion-title-text fusion-title-size-three\" style=\"--awb-text-color:var(--awb-color5);--awb-margin-top:15px;\"><div class=\"title-sep-container title-sep-container-left fusion-no-large-visibility fusion-no-medium-visibility fusion-no-small-visibility\"><div class=\"title-sep sep- sep-solid\" style=\"border-color:var(--awb-color3);\"><\/div><\/div><span class=\"awb-title-spacer fusion-no-large-visibility fusion-no-medium-visibility fusion-no-small-visibility\"><\/span><h3 class=\"fusion-title-heading title-heading-left\" style=\"margin:0;text-transform:uppercase;\">Matthias Binder<\/h3><span class=\"awb-title-spacer\"><\/span><div class=\"title-sep-container title-sep-container-right\"><div class=\"title-sep sep- sep-solid\" style=\"border-color:var(--awb-color3);\"><\/div><\/div><\/div><div class=\"fusion-text fusion-text-18\"><p><em>Grundschullehrer<\/em><\/p>\n<\/div><div class=\"fusion-text fusion-text-19\" style=\"--awb-margin-top:-20px;\"><p><strong><em>parteilos<\/em><\/strong><\/p>\n<\/div><div class=\"accordian fusion-accordian\" style=\"--awb-border-size:1px;--awb-icon-size:13px;--awb-content-font-size:var(--awb-typography3-font-size);--awb-icon-alignment:left;--awb-hover-color:hsla(var(--awb-color6-h),var(--awb-color6-s),calc( var(--awb-color6-l) + 58% ),var(--awb-color6-a));--awb-border-color:hsla(var(--awb-color6-h),var(--awb-color6-s),calc( var(--awb-color6-l) + 40% ),var(--awb-color6-a));--awb-background-color:var(--awb-color1);--awb-divider-color:var(--awb-color3);--awb-divider-hover-color:var(--awb-color3);--awb-icon-color:var(--awb-color1);--awb-title-color:var(--awb-color5);--awb-content-color:var(--awb-color6);--awb-icon-box-color:var(--awb-color7);--awb-toggle-hover-accent-color:var(--awb-color5);--awb-title-font-family:var(--awb-typography3-font-family);--awb-title-font-weight:var(--awb-typography3-font-weight);--awb-title-font-style:var(--awb-typography3-font-style);--awb-title-font-size:var(--awb-typography3-font-size);--awb-title-letter-spacing:0px;--awb-title-line-height:1.43;--awb-content-font-family:var(--awb-typography3-font-family);--awb-content-font-weight:var(--awb-typography3-font-weight);--awb-content-font-style:var(--awb-typography3-font-style);\"><div class=\"panel-group fusion-toggle-icon-boxed\" id=\"accordion-8-7\"><div class=\"fusion-panel panel-default panel-e04f8a4da4fd42788 fusion-toggle-has-divider\" style=\"--awb-title-color:var(--awb-color6);\"><div class=\"panel-heading\"><h4 class=\"panel-title toggle\" id=\"toggle_e04f8a4da4fd42788\"><a aria-expanded=\"false\" aria-controls=\"e04f8a4da4fd42788\" role=\"button\" data-toggle=\"collapse\" data-parent=\"#accordion-8-7\" data-target=\"#e04f8a4da4fd42788\" href=\"#e04f8a4da4fd42788\"><span class=\"fusion-toggle-icon-wrapper\" aria-hidden=\"true\"><i class=\"fa-fusion-box active-icon awb-icon-minus\" aria-hidden=\"true\"><\/i><i class=\"fa-fusion-box inactive-icon fa-arrow-alt-circle-down fas\" aria-hidden=\"true\"><\/i><\/span><span class=\"fusion-toggle-heading\">Mehr \u00fcber Matthias Binder<\/span><\/a><\/h4><\/div><div id=\"e04f8a4da4fd42788\" class=\"panel-collapse collapse \" aria-labelledby=\"toggle_e04f8a4da4fd42788\"><div class=\"panel-body toggle-content fusion-clearfix\">\n<ul>\n<li>geboren in Baden-W\u00fcrttemberg<\/li>\n<li>seit 2016 als Lehrer t\u00e4tig<\/li>\n<li>seit 2018 Lehrer an der Nobertschule Barth<\/li>\n<\/ul>\n<\/div><\/div><\/div><div class=\"fusion-panel panel-default panel-6a5d0c482e5f9ab1f fusion-toggle-has-divider\" style=\"--awb-title-color:var(--awb-color6);\"><div class=\"panel-heading\"><h4 class=\"panel-title toggle\" id=\"toggle_6a5d0c482e5f9ab1f\"><a aria-expanded=\"false\" aria-controls=\"6a5d0c482e5f9ab1f\" role=\"button\" data-toggle=\"collapse\" data-parent=\"#accordion-8-7\" data-target=\"#6a5d0c482e5f9ab1f\" href=\"#6a5d0c482e5f9ab1f\"><span class=\"fusion-toggle-icon-wrapper\" aria-hidden=\"true\"><i class=\"fa-fusion-box active-icon awb-icon-minus\" aria-hidden=\"true\"><\/i><i class=\"fa-fusion-box inactive-icon fa-arrow-alt-circle-down fas\" aria-hidden=\"true\"><\/i><\/span><span class=\"fusion-toggle-heading\">Motivation f\u00fcr Barth<\/span><\/a><\/h4><\/div><div id=\"6a5d0c482e5f9ab1f\" class=\"panel-collapse collapse \" aria-labelledby=\"toggle_6a5d0c482e5f9ab1f\"><div class=\"panel-body toggle-content fusion-clearfix\">\n<ul>\n<li>gute Ausgestaltung und Ausstattung von Kitas und Schulen<\/li>\n<li style=\"font-weight: 400;\">mehr Angebote f\u00fcr Familien und Jugendliche<\/li>\n<li>kulturelle Veranstaltungen noch st\u00e4rker ausbauen<\/li>\n<\/ul>\n<\/div><\/div><\/div><\/div><\/div><\/div><\/div><div class=\"fusion-layout-column fusion_builder_column fusion-builder-column-21 fusion_builder_column_1_4 1_4 fusion-flex-column\" style=\"--awb-padding-top:30px;--awb-padding-right:20px;--awb-padding-bottom:35px;--awb-padding-left:20px;--awb-overflow:hidden;--awb-bg-color:var(--awb-color2);--awb-bg-color-hover:var(--awb-color2);--awb-bg-image:linear-gradient(180deg, var(--awb-color1) 0%,var(--awb-color1) 100%);--awb-bg-size:cover;--awb-box-shadow:5px 5px 20px 2px rgba(45,60,75,0.4);;--awb-transition:filter 300ms ease-in-out, transform 300ms ease-in-out, background-color 300ms ease-in-out, border-color 300ms ease-in-out;--awb-border-radius:10px 10px 10px 10px;--awb-width-large:25%;--awb-margin-top-large:0px;--awb-spacing-right-large:20px;--awb-margin-bottom-large:20px;--awb-spacing-left-large:20px;--awb-width-medium:100%;--awb-order-medium:0;--awb-spacing-right-medium:0px;--awb-spacing-left-medium:0px;--awb-width-small:100%;--awb-order-small:0;--awb-spacing-right-small:0px;--awb-spacing-left-small:0px;\"><div class=\"fusion-column-wrapper fusion-column-has-shadow fusion-flex-justify-content-flex-start fusion-content-layout-column\"><div class=\"fusion-image-element \" style=\"text-align:center;--awb-caption-title-font-family:var(--h2_typography-font-family);--awb-caption-title-font-weight:var(--h2_typography-font-weight);--awb-caption-title-font-style:var(--h2_typography-font-style);--awb-caption-title-size:var(--h2_typography-font-size);--awb-caption-title-transform:var(--h2_typography-text-transform);--awb-caption-title-line-height:var(--h2_typography-line-height);--awb-caption-title-letter-spacing:var(--h2_typography-letter-spacing);\"><span class=\" fusion-imageframe imageframe-none imageframe-9 hover-type-none\"><img decoding=\"async\" width=\"1706\" height=\"2560\" title=\"juergen\" src=\"https:\/\/cdu-barth.de\/wp-content\/uploads\/2024\/03\/juergen-scaled.jpg\" data-orig-src=\"https:\/\/cdu-barth.de\/wp-content\/uploads\/2024\/03\/juergen-scaled.jpg\" alt class=\"lazyload img-responsive wp-image-1526\" srcset=\"data:image\/svg+xml,%3Csvg%20xmlns%3D%27http%3A%2F%2Fwww.w3.org%2F2000%2Fsvg%27%20width%3D%271706%27%20height%3D%272560%27%20viewBox%3D%270%200%201706%202560%27%3E%3Crect%20width%3D%271706%27%20height%3D%272560%27%20fill-opacity%3D%220%22%2F%3E%3C%2Fsvg%3E\" data-srcset=\"https:\/\/cdu-barth.de\/wp-content\/uploads\/2024\/03\/juergen-200x300.jpg 200w, https:\/\/cdu-barth.de\/wp-content\/uploads\/2024\/03\/juergen-400x600.jpg 400w, https:\/\/cdu-barth.de\/wp-content\/uploads\/2024\/03\/juergen-600x900.jpg 600w, https:\/\/cdu-barth.de\/wp-content\/uploads\/2024\/03\/juergen-800x1200.jpg 800w, https:\/\/cdu-barth.de\/wp-content\/uploads\/2024\/03\/juergen-1200x1800.jpg 1200w, https:\/\/cdu-barth.de\/wp-content\/uploads\/2024\/03\/juergen-scaled.jpg 1706w\" data-sizes=\"auto\" data-orig-sizes=\"(max-width: 1024px) 100vw, (max-width: 850px) 100vw, 400px\" \/><\/span><\/div><div class=\"fusion-title title fusion-title-49 fusion-title-text fusion-title-size-three\" style=\"--awb-text-color:var(--awb-color5);--awb-margin-top:15px;\"><div class=\"title-sep-container title-sep-container-left fusion-no-large-visibility fusion-no-medium-visibility fusion-no-small-visibility\"><div class=\"title-sep sep- sep-solid\" style=\"border-color:var(--awb-color3);\"><\/div><\/div><span class=\"awb-title-spacer fusion-no-large-visibility fusion-no-medium-visibility fusion-no-small-visibility\"><\/span><h3 class=\"fusion-title-heading title-heading-left\" style=\"margin:0;text-transform:uppercase;\">J\u00fcrgen Kube<\/h3><span class=\"awb-title-spacer\"><\/span><div class=\"title-sep-container title-sep-container-right\"><div class=\"title-sep sep- sep-solid\" style=\"border-color:var(--awb-color3);\"><\/div><\/div><\/div><div class=\"fusion-text fusion-text-20\"><p><i>Dipl.-Ing. (FH) Elektrotechnik<\/i><\/p>\n<\/div><div class=\"fusion-text fusion-text-21\" style=\"--awb-margin-top:-20px;\"><p><strong><em>parteilos<\/em><\/strong><\/p>\n<\/div><div class=\"accordian fusion-accordian\" style=\"--awb-border-size:1px;--awb-icon-size:13px;--awb-content-font-size:var(--awb-typography3-font-size);--awb-icon-alignment:left;--awb-hover-color:hsla(var(--awb-color6-h),var(--awb-color6-s),calc( var(--awb-color6-l) + 58% ),var(--awb-color6-a));--awb-border-color:hsla(var(--awb-color6-h),var(--awb-color6-s),calc( var(--awb-color6-l) + 40% ),var(--awb-color6-a));--awb-background-color:var(--awb-color1);--awb-divider-color:var(--awb-color3);--awb-divider-hover-color:var(--awb-color3);--awb-icon-color:var(--awb-color1);--awb-title-color:var(--awb-color5);--awb-content-color:var(--awb-color6);--awb-icon-box-color:var(--awb-color7);--awb-toggle-hover-accent-color:var(--awb-color5);--awb-title-font-family:var(--awb-typography3-font-family);--awb-title-font-weight:var(--awb-typography3-font-weight);--awb-title-font-style:var(--awb-typography3-font-style);--awb-title-font-size:var(--awb-typography3-font-size);--awb-title-letter-spacing:0px;--awb-title-line-height:1.43;--awb-content-font-family:var(--awb-typography3-font-family);--awb-content-font-weight:var(--awb-typography3-font-weight);--awb-content-font-style:var(--awb-typography3-font-style);\"><div class=\"panel-group fusion-toggle-icon-boxed\" id=\"accordion-8-8\"><div class=\"fusion-panel panel-default panel-d945ed2c3ca68876c fusion-toggle-has-divider\" style=\"--awb-title-color:var(--awb-color6);\"><div class=\"panel-heading\"><h4 class=\"panel-title toggle\" id=\"toggle_d945ed2c3ca68876c\"><a aria-expanded=\"false\" aria-controls=\"d945ed2c3ca68876c\" role=\"button\" data-toggle=\"collapse\" data-parent=\"#accordion-8-8\" data-target=\"#d945ed2c3ca68876c\" href=\"#d945ed2c3ca68876c\"><span class=\"fusion-toggle-icon-wrapper\" aria-hidden=\"true\"><i class=\"fa-fusion-box active-icon awb-icon-minus\" aria-hidden=\"true\"><\/i><i class=\"fa-fusion-box inactive-icon fa-arrow-alt-circle-down fas\" aria-hidden=\"true\"><\/i><\/span><span class=\"fusion-toggle-heading\">Mehr \u00fcber J\u00fcrgen Kube<\/span><\/a><\/h4><\/div><div id=\"d945ed2c3ca68876c\" class=\"panel-collapse collapse \" aria-labelledby=\"toggle_d945ed2c3ca68876c\"><div class=\"panel-body toggle-content fusion-clearfix\">\n<ul>\n<li>aktuell t\u00e4tig bei T\u00dcV Nord Systems GmbH &amp; Co. KG (Dienststelle Rostock\/Neubrandenburg) als Sachverst\u00e4ndiger f\u00fcr Elektrotechnik, Blitzschutzanlagen, Spielger\u00e4te<\/li>\n<li>Pru\u0308fsachverst\u00e4ndiger Baurecht<\/li>\n<\/ul>\n<\/div><\/div><\/div><div class=\"fusion-panel panel-default panel-5394b5cf65b6736e3 fusion-toggle-has-divider\" style=\"--awb-title-color:var(--awb-color6);\"><div class=\"panel-heading\"><h4 class=\"panel-title toggle\" id=\"toggle_5394b5cf65b6736e3\"><a aria-expanded=\"false\" aria-controls=\"5394b5cf65b6736e3\" role=\"button\" data-toggle=\"collapse\" data-parent=\"#accordion-8-8\" data-target=\"#5394b5cf65b6736e3\" href=\"#5394b5cf65b6736e3\"><span class=\"fusion-toggle-icon-wrapper\" aria-hidden=\"true\"><i class=\"fa-fusion-box active-icon awb-icon-minus\" aria-hidden=\"true\"><\/i><i class=\"fa-fusion-box inactive-icon fa-arrow-alt-circle-down fas\" aria-hidden=\"true\"><\/i><\/span><span class=\"fusion-toggle-heading\">Motivation f\u00fcr Barth<\/span><\/a><\/h4><\/div><div id=\"5394b5cf65b6736e3\" class=\"panel-collapse collapse \" aria-labelledby=\"toggle_5394b5cf65b6736e3\"><div class=\"panel-body toggle-content fusion-clearfix\">\n<ul>\n<li>im Interesse der B\u00fcrger umsetzbare Beschl\u00fcsse erstellen und durchsetzen<\/li>\n<li>Barth attraktiver und lebenswerter, in erster Linie f\u00fcr die B\u00fcrger von Barth, zu machen<\/li>\n<li>Besserer Informationsfluss und bessere Einbindung der B\u00fcrger in das Stadtgeschehen.<\/li>\n<\/ul>\n<\/div><\/div><\/div><\/div><\/div><\/div><\/div><div class=\"fusion-layout-column fusion_builder_column fusion-builder-column-22 fusion_builder_column_1_4 1_4 fusion-flex-column\" style=\"--awb-padding-top:30px;--awb-padding-right:20px;--awb-padding-bottom:35px;--awb-padding-left:20px;--awb-overflow:hidden;--awb-bg-color:var(--awb-color2);--awb-bg-color-hover:var(--awb-color2);--awb-bg-image:linear-gradient(180deg, var(--awb-color1) 0%,var(--awb-color1) 100%);--awb-bg-size:cover;--awb-box-shadow:5px 5px 20px 2px rgba(45,60,75,0.4);;--awb-transition:filter 300ms ease-in-out, transform 300ms ease-in-out, background-color 300ms ease-in-out, border-color 300ms ease-in-out;--awb-border-radius:10px 10px 10px 10px;--awb-width-large:25%;--awb-margin-top-large:0px;--awb-spacing-right-large:20px;--awb-margin-bottom-large:20px;--awb-spacing-left-large:20px;--awb-width-medium:100%;--awb-order-medium:0;--awb-spacing-right-medium:0px;--awb-spacing-left-medium:0px;--awb-width-small:100%;--awb-order-small:0;--awb-spacing-right-small:0px;--awb-spacing-left-small:0px;\"><div class=\"fusion-column-wrapper fusion-column-has-shadow fusion-flex-justify-content-flex-start fusion-content-layout-column\"><div class=\"fusion-image-element \" style=\"text-align:center;--awb-caption-title-font-family:var(--h2_typography-font-family);--awb-caption-title-font-weight:var(--h2_typography-font-weight);--awb-caption-title-font-style:var(--h2_typography-font-style);--awb-caption-title-size:var(--h2_typography-font-size);--awb-caption-title-transform:var(--h2_typography-text-transform);--awb-caption-title-line-height:var(--h2_typography-line-height);--awb-caption-title-letter-spacing:var(--h2_typography-letter-spacing);\"><span class=\" fusion-imageframe imageframe-none imageframe-10 hover-type-none\"><img decoding=\"async\" width=\"1706\" height=\"2560\" title=\"gunnar\" src=\"https:\/\/cdu-barth.de\/wp-content\/uploads\/2024\/03\/gunnar-scaled.jpg\" data-orig-src=\"https:\/\/cdu-barth.de\/wp-content\/uploads\/2024\/03\/gunnar-scaled.jpg\" alt class=\"lazyload img-responsive wp-image-1523\" srcset=\"data:image\/svg+xml,%3Csvg%20xmlns%3D%27http%3A%2F%2Fwww.w3.org%2F2000%2Fsvg%27%20width%3D%271706%27%20height%3D%272560%27%20viewBox%3D%270%200%201706%202560%27%3E%3Crect%20width%3D%271706%27%20height%3D%272560%27%20fill-opacity%3D%220%22%2F%3E%3C%2Fsvg%3E\" data-srcset=\"https:\/\/cdu-barth.de\/wp-content\/uploads\/2024\/03\/gunnar-200x300.jpg 200w, https:\/\/cdu-barth.de\/wp-content\/uploads\/2024\/03\/gunnar-400x600.jpg 400w, https:\/\/cdu-barth.de\/wp-content\/uploads\/2024\/03\/gunnar-600x900.jpg 600w, https:\/\/cdu-barth.de\/wp-content\/uploads\/2024\/03\/gunnar-800x1200.jpg 800w, https:\/\/cdu-barth.de\/wp-content\/uploads\/2024\/03\/gunnar-1200x1800.jpg 1200w, https:\/\/cdu-barth.de\/wp-content\/uploads\/2024\/03\/gunnar-scaled.jpg 1706w\" data-sizes=\"auto\" data-orig-sizes=\"(max-width: 1024px) 100vw, (max-width: 850px) 100vw, 400px\" \/><\/span><\/div><div class=\"fusion-title title fusion-title-50 fusion-title-text fusion-title-size-three\" style=\"--awb-text-color:var(--awb-color5);--awb-margin-top:15px;\"><div class=\"title-sep-container title-sep-container-left fusion-no-large-visibility fusion-no-medium-visibility fusion-no-small-visibility\"><div class=\"title-sep sep- sep-solid\" style=\"border-color:var(--awb-color3);\"><\/div><\/div><span class=\"awb-title-spacer fusion-no-large-visibility fusion-no-medium-visibility fusion-no-small-visibility\"><\/span><h3 class=\"fusion-title-heading title-heading-left\" style=\"margin:0;text-transform:uppercase;\">Gunnar Schade<\/h3><span class=\"awb-title-spacer\"><\/span><div class=\"title-sep-container title-sep-container-right\"><div class=\"title-sep sep- sep-solid\" style=\"border-color:var(--awb-color3);\"><\/div><\/div><\/div><div class=\"fusion-text fusion-text-22\"><p><em>Lehrer<\/em><\/p>\n<\/div><div class=\"fusion-text fusion-text-23\" style=\"--awb-margin-top:-20px;\"><p><strong><em>parteilos<\/em><\/strong><\/p>\n<\/div><div class=\"accordian fusion-accordian\" style=\"--awb-border-size:1px;--awb-icon-size:13px;--awb-content-font-size:var(--awb-typography3-font-size);--awb-icon-alignment:left;--awb-hover-color:hsla(var(--awb-color6-h),var(--awb-color6-s),calc( var(--awb-color6-l) + 58% ),var(--awb-color6-a));--awb-border-color:hsla(var(--awb-color6-h),var(--awb-color6-s),calc( var(--awb-color6-l) + 40% ),var(--awb-color6-a));--awb-background-color:var(--awb-color1);--awb-divider-color:var(--awb-color3);--awb-divider-hover-color:var(--awb-color3);--awb-icon-color:var(--awb-color1);--awb-title-color:var(--awb-color5);--awb-content-color:var(--awb-color6);--awb-icon-box-color:var(--awb-color7);--awb-toggle-hover-accent-color:var(--awb-color5);--awb-title-font-family:var(--awb-typography3-font-family);--awb-title-font-weight:var(--awb-typography3-font-weight);--awb-title-font-style:var(--awb-typography3-font-style);--awb-title-font-size:var(--awb-typography3-font-size);--awb-title-letter-spacing:0px;--awb-title-line-height:1.43;--awb-content-font-family:var(--awb-typography3-font-family);--awb-content-font-weight:var(--awb-typography3-font-weight);--awb-content-font-style:var(--awb-typography3-font-style);\"><div class=\"panel-group fusion-toggle-icon-boxed\" id=\"accordion-8-9\"><div class=\"fusion-panel panel-default panel-4ef408edf85fc65c0 fusion-toggle-has-divider\" style=\"--awb-title-color:var(--awb-color6);\"><div class=\"panel-heading\"><h4 class=\"panel-title toggle\" id=\"toggle_4ef408edf85fc65c0\"><a aria-expanded=\"false\" aria-controls=\"4ef408edf85fc65c0\" role=\"button\" data-toggle=\"collapse\" data-parent=\"#accordion-8-9\" data-target=\"#4ef408edf85fc65c0\" href=\"#4ef408edf85fc65c0\"><span class=\"fusion-toggle-icon-wrapper\" aria-hidden=\"true\"><i class=\"fa-fusion-box active-icon awb-icon-minus\" aria-hidden=\"true\"><\/i><i class=\"fa-fusion-box inactive-icon fa-arrow-alt-circle-down fas\" aria-hidden=\"true\"><\/i><\/span><span class=\"fusion-toggle-heading\">Mehr \u00fcber Gunnar Schade<\/span><\/a><\/h4><\/div><div id=\"4ef408edf85fc65c0\" class=\"panel-collapse collapse \" aria-labelledby=\"toggle_4ef408edf85fc65c0\"><div class=\"panel-body toggle-content fusion-clearfix\">\n<ul>\n<li>geb\u00fcrtig aus Ueckerm\u00fcnde<\/li>\n<li>seit 2011 Barther B\u00fcrger und als Lehrer am Gymnasialen Schulzentrum Barth f\u00fcr Sport und Geografie t\u00e4tig<\/li>\n<li>Ehrenamt: Ausschuss f\u00fcr Schule und Soziales Stadt Barth<\/li>\n<\/ul>\n<\/div><\/div><\/div><div class=\"fusion-panel panel-default panel-5f2ece2076d6a2495 fusion-toggle-has-divider\" style=\"--awb-title-color:var(--awb-color6);\"><div class=\"panel-heading\"><h4 class=\"panel-title toggle\" id=\"toggle_5f2ece2076d6a2495\"><a aria-expanded=\"false\" aria-controls=\"5f2ece2076d6a2495\" role=\"button\" data-toggle=\"collapse\" data-parent=\"#accordion-8-9\" data-target=\"#5f2ece2076d6a2495\" href=\"#5f2ece2076d6a2495\"><span class=\"fusion-toggle-icon-wrapper\" aria-hidden=\"true\"><i class=\"fa-fusion-box active-icon awb-icon-minus\" aria-hidden=\"true\"><\/i><i class=\"fa-fusion-box inactive-icon fa-arrow-alt-circle-down fas\" aria-hidden=\"true\"><\/i><\/span><span class=\"fusion-toggle-heading\">Motivation f\u00fcr Barth<\/span><\/a><\/h4><\/div><div id=\"5f2ece2076d6a2495\" class=\"panel-collapse collapse \" aria-labelledby=\"toggle_5f2ece2076d6a2495\"><div class=\"panel-body toggle-content fusion-clearfix\">\n<ul>\n<li>weiterhin als Ausschussmitglied f\u00fcr Schule und Soziales f\u00fcr die Belange unserer Stadt einsetzen<\/li>\n<li>Lebensqualit\u00e4t in Barth \u00a0steigern und die Zukunft unserer Gemeinschaft aktiv mitgestalten<\/li>\n<li>attraktiver Schulstandort<\/li>\n<li>F\u00f6rderung unserer Vereine<\/li>\n<li>nachhaltige Stadtentwicklung, soziale Gerechtigkeit<\/li>\n<li>transparente Kommunalpolitik<\/li>\n<\/ul>\n<\/div><\/div><\/div><\/div><\/div><\/div><\/div><div class=\"fusion-layout-column fusion_builder_column fusion-builder-column-23 fusion_builder_column_1_4 1_4 fusion-flex-column\" style=\"--awb-padding-top:30px;--awb-padding-right:20px;--awb-padding-bottom:35px;--awb-padding-left:20px;--awb-overflow:hidden;--awb-bg-color:var(--awb-color2);--awb-bg-color-hover:var(--awb-color2);--awb-bg-image:linear-gradient(180deg, var(--awb-color1) 0%,var(--awb-color1) 100%);--awb-bg-size:cover;--awb-box-shadow:5px 5px 20px 2px rgba(45,60,75,0.4);;--awb-transition:filter 300ms ease-in-out, transform 300ms ease-in-out, background-color 300ms ease-in-out, border-color 300ms ease-in-out;--awb-border-radius:10px 10px 10px 10px;--awb-width-large:25%;--awb-margin-top-large:0px;--awb-spacing-right-large:20px;--awb-margin-bottom-large:20px;--awb-spacing-left-large:20px;--awb-width-medium:100%;--awb-order-medium:0;--awb-spacing-right-medium:0px;--awb-spacing-left-medium:0px;--awb-width-small:100%;--awb-order-small:0;--awb-spacing-right-small:0px;--awb-spacing-left-small:0px;\"><div class=\"fusion-column-wrapper fusion-column-has-shadow fusion-flex-justify-content-flex-start fusion-content-layout-column\"><div class=\"fusion-image-element \" style=\"text-align:center;--awb-caption-title-font-family:var(--h2_typography-font-family);--awb-caption-title-font-weight:var(--h2_typography-font-weight);--awb-caption-title-font-style:var(--h2_typography-font-style);--awb-caption-title-size:var(--h2_typography-font-size);--awb-caption-title-transform:var(--h2_typography-text-transform);--awb-caption-title-line-height:var(--h2_typography-line-height);--awb-caption-title-letter-spacing:var(--h2_typography-letter-spacing);\"><span class=\" fusion-imageframe imageframe-none imageframe-11 hover-type-none\"><img decoding=\"async\" width=\"1706\" height=\"2560\" title=\"steven\" src=\"https:\/\/cdu-barth.de\/wp-content\/uploads\/2024\/03\/steven-scaled.jpg\" data-orig-src=\"https:\/\/cdu-barth.de\/wp-content\/uploads\/2024\/03\/steven-scaled.jpg\" alt class=\"lazyload img-responsive wp-image-1529\" srcset=\"data:image\/svg+xml,%3Csvg%20xmlns%3D%27http%3A%2F%2Fwww.w3.org%2F2000%2Fsvg%27%20width%3D%271706%27%20height%3D%272560%27%20viewBox%3D%270%200%201706%202560%27%3E%3Crect%20width%3D%271706%27%20height%3D%272560%27%20fill-opacity%3D%220%22%2F%3E%3C%2Fsvg%3E\" data-srcset=\"https:\/\/cdu-barth.de\/wp-content\/uploads\/2024\/03\/steven-200x300.jpg 200w, https:\/\/cdu-barth.de\/wp-content\/uploads\/2024\/03\/steven-400x600.jpg 400w, https:\/\/cdu-barth.de\/wp-content\/uploads\/2024\/03\/steven-600x900.jpg 600w, https:\/\/cdu-barth.de\/wp-content\/uploads\/2024\/03\/steven-800x1200.jpg 800w, https:\/\/cdu-barth.de\/wp-content\/uploads\/2024\/03\/steven-1200x1800.jpg 1200w, https:\/\/cdu-barth.de\/wp-content\/uploads\/2024\/03\/steven-scaled.jpg 1706w\" data-sizes=\"auto\" data-orig-sizes=\"(max-width: 1024px) 100vw, (max-width: 850px) 100vw, 400px\" \/><\/span><\/div><div class=\"fusion-title title fusion-title-51 fusion-title-text fusion-title-size-three\" style=\"--awb-text-color:var(--awb-color5);--awb-margin-top:15px;\"><div class=\"title-sep-container title-sep-container-left fusion-no-large-visibility fusion-no-medium-visibility fusion-no-small-visibility\"><div class=\"title-sep sep- sep-solid\" style=\"border-color:var(--awb-color3);\"><\/div><\/div><span class=\"awb-title-spacer fusion-no-large-visibility fusion-no-medium-visibility fusion-no-small-visibility\"><\/span><h3 class=\"fusion-title-heading title-heading-left\" style=\"margin:0;text-transform:uppercase;\">Steven Marks<\/h3><span class=\"awb-title-spacer\"><\/span><div class=\"title-sep-container title-sep-container-right\"><div class=\"title-sep sep- sep-solid\" style=\"border-color:var(--awb-color3);\"><\/div><\/div><\/div><div class=\"fusion-text fusion-text-24\"><p><em>Firmenkundenberater bei der Volksbank Vorpommern eG<\/em><\/p>\n<\/div><div class=\"fusion-text fusion-text-25\" style=\"--awb-margin-top:-20px;\"><p><strong><em>parteilos<\/em><\/strong><\/p>\n<\/div><div class=\"accordian fusion-accordian\" style=\"--awb-border-size:1px;--awb-icon-size:13px;--awb-content-font-size:var(--awb-typography3-font-size);--awb-icon-alignment:left;--awb-hover-color:hsla(var(--awb-color6-h),var(--awb-color6-s),calc( var(--awb-color6-l) + 58% ),var(--awb-color6-a));--awb-border-color:hsla(var(--awb-color6-h),var(--awb-color6-s),calc( var(--awb-color6-l) + 40% ),var(--awb-color6-a));--awb-background-color:var(--awb-color1);--awb-divider-color:var(--awb-color3);--awb-divider-hover-color:var(--awb-color3);--awb-icon-color:var(--awb-color1);--awb-title-color:var(--awb-color5);--awb-content-color:var(--awb-color6);--awb-icon-box-color:var(--awb-color7);--awb-toggle-hover-accent-color:var(--awb-color5);--awb-title-font-family:var(--awb-typography3-font-family);--awb-title-font-weight:var(--awb-typography3-font-weight);--awb-title-font-style:var(--awb-typography3-font-style);--awb-title-font-size:var(--awb-typography3-font-size);--awb-title-letter-spacing:0px;--awb-title-line-height:1.43;--awb-content-font-family:var(--awb-typography3-font-family);--awb-content-font-weight:var(--awb-typography3-font-weight);--awb-content-font-style:var(--awb-typography3-font-style);\"><div class=\"panel-group fusion-toggle-icon-boxed\" id=\"accordion-8-10\"><div class=\"fusion-panel panel-default panel-97a3966c9a1cfc64f fusion-toggle-has-divider\" style=\"--awb-title-color:var(--awb-color6);\"><div class=\"panel-heading\"><h4 class=\"panel-title toggle\" id=\"toggle_97a3966c9a1cfc64f\"><a aria-expanded=\"false\" aria-controls=\"97a3966c9a1cfc64f\" role=\"button\" data-toggle=\"collapse\" data-parent=\"#accordion-8-10\" data-target=\"#97a3966c9a1cfc64f\" href=\"#97a3966c9a1cfc64f\"><span class=\"fusion-toggle-icon-wrapper\" aria-hidden=\"true\"><i class=\"fa-fusion-box active-icon awb-icon-minus\" aria-hidden=\"true\"><\/i><i class=\"fa-fusion-box inactive-icon fa-arrow-alt-circle-down fas\" aria-hidden=\"true\"><\/i><\/span><span class=\"fusion-toggle-heading\">Mehr \u00fcber Steven Marks<\/span><\/a><\/h4><\/div><div id=\"97a3966c9a1cfc64f\" class=\"panel-collapse collapse \" aria-labelledby=\"toggle_97a3966c9a1cfc64f\"><div class=\"panel-body toggle-content fusion-clearfix\">\n<ul>\n<li>in Barth aufgewachsen und nach Studium mit der Familie zur\u00fcckgekehrt<\/li>\n<li>Master of Science, Finance &amp; Accounting<\/li>\n<li>in Rostock, Frankfurt und Hamburg Berufserfahrung gesammelt<\/li>\n<li>ehemaliger Ehrenamtler beim DLRG<\/li>\n<li>Kinderfestk\u00f6nig 2005<\/li>\n<\/ul>\n<\/div><\/div><\/div><div class=\"fusion-panel panel-default panel-7e419faf6f5d6c20c fusion-toggle-has-divider\" style=\"--awb-title-color:var(--awb-color6);\"><div class=\"panel-heading\"><h4 class=\"panel-title toggle\" id=\"toggle_7e419faf6f5d6c20c\"><a aria-expanded=\"false\" aria-controls=\"7e419faf6f5d6c20c\" role=\"button\" data-toggle=\"collapse\" data-parent=\"#accordion-8-10\" data-target=\"#7e419faf6f5d6c20c\" href=\"#7e419faf6f5d6c20c\"><span class=\"fusion-toggle-icon-wrapper\" aria-hidden=\"true\"><i class=\"fa-fusion-box active-icon awb-icon-minus\" aria-hidden=\"true\"><\/i><i class=\"fa-fusion-box inactive-icon fa-arrow-alt-circle-down fas\" aria-hidden=\"true\"><\/i><\/span><span class=\"fusion-toggle-heading\">Motivation f\u00fcr Barth<\/span><\/a><\/h4><\/div><div id=\"7e419faf6f5d6c20c\" class=\"panel-collapse collapse \" aria-labelledby=\"toggle_7e419faf6f5d6c20c\"><div class=\"panel-body toggle-content fusion-clearfix\">\n<ul>\n<li>Zusammen r\u00fccken und<br \/>\nZusammen halten &#8211; gemeinsam f\u00fcr ein noch besseres Barth, in das man &#8222;als Barther Kind&#8220; gern zur\u00fcckkehrt<\/li>\n<li>Lebensqualit\u00e4t f\u00fcr uns und unsere Kinder nachhaltig verbessern<\/li>\n<li>Eigene Wertevorstellungen und Mottos: Partnerschaftlich und auf Augenh\u00f6he, Erm\u00f6glichen statt verhindern, Vereinfachen statt verkomplizieren<\/li>\n<\/ul>\n<\/div><\/div><\/div><\/div><\/div><\/div><\/div><div class=\"fusion-layout-column fusion_builder_column fusion-builder-column-24 fusion_builder_column_1_3 1_3 fusion-flex-column fusion-flex-align-self-stretch\" style=\"--awb-padding-top:40px;--awb-padding-right:30px;--awb-padding-bottom:30px;--awb-padding-left:30px;--awb-overflow:hidden;--awb-bg-image:linear-gradient(180deg, var(--awb-color2) 0%,var(--awb-color4) 100%);--awb-bg-size:cover;--awb-border-radius:10px 10px 10px 10px;--awb-width-large:33.333333333333%;--awb-margin-top-large:0px;--awb-spacing-right-large:0px;--awb-margin-bottom-large:20px;--awb-spacing-left-large:0px;--awb-width-medium:100%;--awb-order-medium:0;--awb-spacing-right-medium:0px;--awb-spacing-left-medium:0px;--awb-width-small:100%;--awb-order-small:0;--awb-spacing-right-small:0px;--awb-spacing-left-small:0px;\"><div class=\"fusion-column-wrapper fusion-column-has-shadow fusion-flex-justify-content-flex-start fusion-content-layout-column\"><div class=\"fusion-title title fusion-title-52 fusion-title-center fusion-title-text fusion-title-size-two\"><div class=\"title-sep-container title-sep-container-left\"><div class=\"title-sep sep- sep-solid\" style=\"border-color:var(--awb-color3);\"><\/div><\/div><span class=\"awb-title-spacer\"><\/span><h2 class=\"fusion-title-heading title-heading-center\" style=\"margin:0;text-transform:uppercase;\">Weitere Mitglieder<\/h2><span class=\"awb-title-spacer\"><\/span><div class=\"title-sep-container title-sep-container-right\"><div class=\"title-sep sep- sep-solid\" style=\"border-color:var(--awb-color3);\"><\/div><\/div><\/div><div class=\"fusion-text fusion-text-26\" style=\"--awb-margin-top:20px;\"><p style=\"text-align: center;\">Unser Stadtverband wird durch weitere Barther unterst\u00fctzt, welche in dieser Wahlperiode nicht als Kandidaten aufgestellt sind, sich jedoch aktiv an allen Prozessen unserer Fraktionsarbeit beteiligen und damit einen wichtigen Teil zur Kommunalpolitik der Vinetastadt leisten. Ihnen gilt ebenfalls unser Dank.<\/p>\n<\/div><\/div><\/div><\/div><\/div><div class=\"fusion-fullwidth fullwidth-box fusion-builder-row-8 fusion-flex-container has-pattern-background has-mask-background nonhundred-percent-fullwidth non-hundred-percent-height-scrolling\" style=\"--awb-border-radius-top-left:0px;--awb-border-radius-top-right:0px;--awb-border-radius-bottom-right:0px;--awb-border-radius-bottom-left:0px;--awb-padding-top:28px;--awb-flex-wrap:wrap;\" ><div class=\"fusion-builder-row fusion-row fusion-flex-align-items-flex-start fusion-flex-justify-content-center fusion-flex-content-wrap\" style=\"max-width:1216.8px;margin-left: calc(-4% \/ 2 );margin-right: calc(-4% \/ 2 );\"><div class=\"fusion-layout-column fusion_builder_column fusion-builder-column-25 fusion_builder_column_2_3 2_3 fusion-flex-column\" style=\"--awb-bg-size:cover;--awb-width-large:66.666666666667%;--awb-margin-top-large:0px;--awb-spacing-right-large:2.88%;--awb-margin-bottom-large:20px;--awb-spacing-left-large:2.88%;--awb-width-medium:100%;--awb-order-medium:0;--awb-spacing-right-medium:1.92%;--awb-spacing-left-medium:1.92%;--awb-width-small:100%;--awb-order-small:0;--awb-spacing-right-small:1.92%;--awb-spacing-left-small:1.92%;\" id=\"ausschuss\"><div class=\"fusion-column-wrapper fusion-column-has-shadow fusion-flex-justify-content-flex-start fusion-content-layout-column\"><div class=\"fusion-title title fusion-title-53 fusion-title-center fusion-title-text fusion-title-size-one\"><div class=\"title-sep-container title-sep-container-left\"><div class=\"title-sep sep- sep-solid\" style=\"border-color:var(--awb-color3);\"><\/div><\/div><span class=\"awb-title-spacer\"><\/span><h1 class=\"fusion-title-heading title-heading-center\" style=\"margin:0;text-transform:uppercase;\">Verteilung der Aussch\u00fcsse<\/h1><span class=\"awb-title-spacer\"><\/span><div class=\"title-sep-container title-sep-container-right\"><div class=\"title-sep sep- sep-solid\" style=\"border-color:var(--awb-color3);\"><\/div><\/div><\/div><div class=\"fusion-text fusion-text-27\" style=\"--awb-margin-top:30px;\"><p style=\"text-align: center;\">Hier erhalten Sie einen \u00dcberblick der <strong>Stadtvertreter<\/strong> und <strong>sachkundigen Einwohner (SE)<\/strong> in den Fachaussch\u00fcssen. Kontaktieren Sie uns jederzeit gern, wenn es Anliegen gibt.&nbsp;<\/p>\n<\/div><\/div><\/div><\/div><\/div><div class=\"fusion-fullwidth fullwidth-box fusion-builder-row-9 fusion-flex-container has-pattern-background has-mask-background nonhundred-percent-fullwidth non-hundred-percent-height-scrolling\" style=\"--awb-border-radius-top-left:0px;--awb-border-radius-top-right:0px;--awb-border-radius-bottom-right:0px;--awb-border-radius-bottom-left:0px;--awb-padding-top:20px;--awb-padding-bottom:18px;--awb-background-color:var(--awb-color1);--awb-flex-wrap:wrap;\" ><div class=\"fusion-builder-row fusion-row fusion-flex-align-items-center fusion-flex-content-wrap\" style=\"max-width:1216.8px;margin-left: calc(-4% \/ 2 );margin-right: calc(-4% \/ 2 );\"><div class=\"fusion-layout-column fusion_builder_column fusion-builder-column-26 fusion_builder_column_1_4 1_4 fusion-flex-column\" style=\"--awb-padding-right:20px;--awb-padding-left:20px;--awb-overflow:hidden;--awb-bg-color:var(--awb-color5);--awb-bg-color-hover:var(--awb-color5);--awb-bg-size:cover;--awb-border-radius:15px 15px 15px 15px;--awb-width-large:25%;--awb-margin-top-large:0px;--awb-spacing-right-large:7.68%;--awb-margin-bottom-large:20px;--awb-spacing-left-large:7.68%;--awb-width-medium:100%;--awb-order-medium:0;--awb-spacing-right-medium:1.92%;--awb-spacing-left-medium:1.92%;--awb-width-small:100%;--awb-order-small:0;--awb-spacing-right-small:1.92%;--awb-spacing-left-small:1.92%;\"><div class=\"fusion-column-wrapper fusion-column-has-shadow fusion-flex-justify-content-flex-start fusion-content-layout-column\"><div class=\"fusion-title title fusion-title-54 fusion-title-text fusion-title-size-one\" style=\"--awb-text-color:var(--awb-color1);--awb-font-size:25px;\"><div class=\"title-sep-container title-sep-container-left fusion-no-large-visibility fusion-no-medium-visibility fusion-no-small-visibility\"><div class=\"title-sep sep- sep-solid\" style=\"border-color:var(--awb-color3);\"><\/div><\/div><span class=\"awb-title-spacer fusion-no-large-visibility fusion-no-medium-visibility fusion-no-small-visibility\"><\/span><h1 class=\"fusion-title-heading title-heading-left\" style=\"margin:0;font-size:1em;text-transform:uppercase;\"><h1>Hauptausschuss<\/h1><\/h1><span class=\"awb-title-spacer\"><\/span><div class=\"title-sep-container title-sep-container-right\"><div class=\"title-sep sep- sep-solid\" style=\"border-color:var(--awb-color3);\"><\/div><\/div><\/div><\/div><\/div><div class=\"fusion-layout-column fusion_builder_column fusion-builder-column-27 fusion_builder_column_1_4 1_4 fusion-flex-column fusion-flex-align-self-center\" style=\"--awb-padding-top:10px;--awb-padding-left:20px;--awb-bg-size:cover;--awb-width-large:25%;--awb-margin-top-large:0px;--awb-spacing-right-large:7.68%;--awb-margin-bottom-large:20px;--awb-spacing-left-large:7.68%;--awb-width-medium:100%;--awb-order-medium:0;--awb-spacing-right-medium:1.92%;--awb-spacing-left-medium:1.92%;--awb-width-small:100%;--awb-order-small:0;--awb-spacing-right-small:1.92%;--awb-spacing-left-small:1.92%;\"><div class=\"fusion-column-wrapper fusion-column-has-shadow fusion-flex-justify-content-center fusion-content-layout-column\"><div class=\"fusion-text fusion-text-28\"><p><strong>Ernst Branse<\/strong><\/p>\n<\/div><\/div><\/div><div class=\"fusion-layout-column fusion_builder_column fusion-builder-column-28 fusion_builder_column_1_4 1_4 fusion-flex-column fusion-flex-align-self-center\" style=\"--awb-padding-top:10px;--awb-padding-left:20px;--awb-bg-size:cover;--awb-width-large:25%;--awb-margin-top-large:0px;--awb-spacing-right-large:7.68%;--awb-margin-bottom-large:20px;--awb-spacing-left-large:7.68%;--awb-width-medium:100%;--awb-order-medium:0;--awb-spacing-right-medium:1.92%;--awb-spacing-left-medium:1.92%;--awb-width-small:100%;--awb-order-small:0;--awb-spacing-right-small:1.92%;--awb-spacing-left-small:1.92%;\"><div class=\"fusion-column-wrapper fusion-column-has-shadow fusion-flex-justify-content-center fusion-content-layout-column\"><div class=\"fusion-text fusion-text-29\"><p><strong>Enrico Wernicke<\/strong><\/p>\n<\/div><\/div><\/div><\/div><\/div><div class=\"fusion-fullwidth fullwidth-box fusion-builder-row-10 fusion-flex-container has-pattern-background has-mask-background nonhundred-percent-fullwidth non-hundred-percent-height-scrolling\" style=\"--awb-border-radius-top-left:0px;--awb-border-radius-top-right:0px;--awb-border-radius-bottom-right:0px;--awb-border-radius-bottom-left:0px;--awb-padding-top:20px;--awb-padding-bottom:18px;--awb-background-color:var(--awb-color2);--awb-flex-wrap:wrap;\" ><div class=\"fusion-builder-row fusion-row fusion-flex-align-items-center fusion-flex-content-wrap\" style=\"max-width:1216.8px;margin-left: calc(-4% \/ 2 );margin-right: calc(-4% \/ 2 );\"><div class=\"fusion-layout-column fusion_builder_column fusion-builder-column-29 fusion_builder_column_1_4 1_4 fusion-flex-column\" style=\"--awb-padding-right:20px;--awb-padding-left:20px;--awb-overflow:hidden;--awb-bg-color:var(--awb-color5);--awb-bg-color-hover:var(--awb-color5);--awb-bg-size:cover;--awb-border-radius:15px 15px 15px 15px;--awb-width-large:25%;--awb-margin-top-large:0px;--awb-spacing-right-large:7.68%;--awb-margin-bottom-large:20px;--awb-spacing-left-large:7.68%;--awb-width-medium:100%;--awb-order-medium:0;--awb-spacing-right-medium:1.92%;--awb-spacing-left-medium:1.92%;--awb-width-small:100%;--awb-order-small:0;--awb-spacing-right-small:1.92%;--awb-spacing-left-small:1.92%;\"><div class=\"fusion-column-wrapper fusion-column-has-shadow fusion-flex-justify-content-flex-start fusion-content-layout-column\"><div class=\"fusion-title title fusion-title-55 fusion-title-text fusion-title-size-one\" style=\"--awb-text-color:var(--awb-color1);--awb-font-size:25px;\"><div class=\"title-sep-container title-sep-container-left fusion-no-large-visibility fusion-no-medium-visibility fusion-no-small-visibility\"><div class=\"title-sep sep- sep-solid\" style=\"border-color:var(--awb-color3);\"><\/div><\/div><span class=\"awb-title-spacer fusion-no-large-visibility fusion-no-medium-visibility fusion-no-small-visibility\"><\/span><h1 class=\"fusion-title-heading title-heading-left\" style=\"margin:0;font-size:1em;text-transform:uppercase;\"><h1>Finanzausschuss<\/h1><\/h1><span class=\"awb-title-spacer\"><\/span><div class=\"title-sep-container title-sep-container-right\"><div class=\"title-sep sep- sep-solid\" style=\"border-color:var(--awb-color3);\"><\/div><\/div><\/div><\/div><\/div><div class=\"fusion-layout-column fusion_builder_column fusion-builder-column-30 fusion_builder_column_1_4 1_4 fusion-flex-column fusion-flex-align-self-center\" style=\"--awb-padding-top:10px;--awb-padding-left:20px;--awb-bg-size:cover;--awb-width-large:25%;--awb-margin-top-large:0px;--awb-spacing-right-large:7.68%;--awb-margin-bottom-large:20px;--awb-spacing-left-large:7.68%;--awb-width-medium:100%;--awb-order-medium:0;--awb-spacing-right-medium:1.92%;--awb-spacing-left-medium:1.92%;--awb-width-small:100%;--awb-order-small:0;--awb-spacing-right-small:1.92%;--awb-spacing-left-small:1.92%;\"><div class=\"fusion-column-wrapper fusion-column-has-shadow fusion-flex-justify-content-center fusion-content-layout-column\"><div class=\"fusion-text fusion-text-30\"><p><strong>Regina Karge<\/strong><\/p>\n<\/div><\/div><\/div><div class=\"fusion-layout-column fusion_builder_column fusion-builder-column-31 fusion_builder_column_1_4 1_4 fusion-flex-column fusion-flex-align-self-center\" style=\"--awb-padding-top:10px;--awb-padding-left:20px;--awb-bg-size:cover;--awb-width-large:25%;--awb-margin-top-large:0px;--awb-spacing-right-large:7.68%;--awb-margin-bottom-large:20px;--awb-spacing-left-large:7.68%;--awb-width-medium:100%;--awb-order-medium:0;--awb-spacing-right-medium:1.92%;--awb-spacing-left-medium:1.92%;--awb-width-small:100%;--awb-order-small:0;--awb-spacing-right-small:1.92%;--awb-spacing-left-small:1.92%;\"><div class=\"fusion-column-wrapper fusion-column-has-shadow fusion-flex-justify-content-center fusion-content-layout-column\"><div class=\"fusion-text fusion-text-31\"><p><strong>Steven Marks (SE)<\/strong><\/p>\n<\/div><\/div><\/div><\/div><\/div><div class=\"fusion-fullwidth fullwidth-box fusion-builder-row-11 fusion-flex-container has-pattern-background has-mask-background nonhundred-percent-fullwidth non-hundred-percent-height-scrolling\" style=\"--awb-border-radius-top-left:0px;--awb-border-radius-top-right:0px;--awb-border-radius-bottom-right:0px;--awb-border-radius-bottom-left:0px;--awb-padding-top:20px;--awb-padding-bottom:18px;--awb-background-color:var(--awb-color1);--awb-flex-wrap:wrap;\" ><div class=\"fusion-builder-row fusion-row fusion-flex-align-items-center fusion-flex-content-wrap\" style=\"max-width:1216.8px;margin-left: calc(-4% \/ 2 );margin-right: calc(-4% \/ 2 );\"><div class=\"fusion-layout-column fusion_builder_column fusion-builder-column-32 fusion_builder_column_1_4 1_4 fusion-flex-column\" style=\"--awb-padding-right:20px;--awb-padding-left:20px;--awb-overflow:hidden;--awb-bg-color:var(--awb-color5);--awb-bg-color-hover:var(--awb-color5);--awb-bg-size:cover;--awb-border-radius:15px 15px 15px 15px;--awb-width-large:25%;--awb-margin-top-large:0px;--awb-spacing-right-large:7.68%;--awb-margin-bottom-large:20px;--awb-spacing-left-large:7.68%;--awb-width-medium:100%;--awb-order-medium:0;--awb-spacing-right-medium:1.92%;--awb-spacing-left-medium:1.92%;--awb-width-small:100%;--awb-order-small:0;--awb-spacing-right-small:1.92%;--awb-spacing-left-small:1.92%;\"><div class=\"fusion-column-wrapper fusion-column-has-shadow fusion-flex-justify-content-flex-start fusion-content-layout-column\"><div class=\"fusion-title title fusion-title-56 fusion-title-text fusion-title-size-one\" style=\"--awb-text-color:var(--awb-color1);--awb-font-size:25px;\"><div class=\"title-sep-container title-sep-container-left fusion-no-large-visibility fusion-no-medium-visibility fusion-no-small-visibility\"><div class=\"title-sep sep- sep-solid\" style=\"border-color:var(--awb-color3);\"><\/div><\/div><span class=\"awb-title-spacer fusion-no-large-visibility fusion-no-medium-visibility fusion-no-small-visibility\"><\/span><h1 class=\"fusion-title-heading title-heading-left\" style=\"margin:0;font-size:1em;text-transform:uppercase;\"><h1>Bauausschuss<\/h1><\/h1><span class=\"awb-title-spacer\"><\/span><div class=\"title-sep-container title-sep-container-right\"><div class=\"title-sep sep- sep-solid\" style=\"border-color:var(--awb-color3);\"><\/div><\/div><\/div><\/div><\/div><div class=\"fusion-layout-column fusion_builder_column fusion-builder-column-33 fusion_builder_column_1_4 1_4 fusion-flex-column fusion-flex-align-self-center\" style=\"--awb-padding-top:10px;--awb-padding-left:20px;--awb-bg-size:cover;--awb-width-large:25%;--awb-margin-top-large:0px;--awb-spacing-right-large:7.68%;--awb-margin-bottom-large:20px;--awb-spacing-left-large:7.68%;--awb-width-medium:100%;--awb-order-medium:0;--awb-spacing-right-medium:1.92%;--awb-spacing-left-medium:1.92%;--awb-width-small:100%;--awb-order-small:0;--awb-spacing-right-small:1.92%;--awb-spacing-left-small:1.92%;\"><div class=\"fusion-column-wrapper fusion-column-has-shadow fusion-flex-justify-content-center fusion-content-layout-column\"><div class=\"fusion-text fusion-text-32\"><p><strong>Ernst Branse<\/strong><\/p>\n<\/div><\/div><\/div><div class=\"fusion-layout-column fusion_builder_column fusion-builder-column-34 fusion_builder_column_1_4 1_4 fusion-flex-column fusion-flex-align-self-center\" style=\"--awb-padding-top:10px;--awb-padding-left:20px;--awb-bg-size:cover;--awb-width-large:25%;--awb-margin-top-large:0px;--awb-spacing-right-large:7.68%;--awb-margin-bottom-large:20px;--awb-spacing-left-large:7.68%;--awb-width-medium:100%;--awb-order-medium:0;--awb-spacing-right-medium:1.92%;--awb-spacing-left-medium:1.92%;--awb-width-small:100%;--awb-order-small:0;--awb-spacing-right-small:1.92%;--awb-spacing-left-small:1.92%;\"><div class=\"fusion-column-wrapper fusion-column-has-shadow fusion-flex-justify-content-center fusion-content-layout-column\"><div class=\"fusion-text fusion-text-33\"><p><b>Ben Koch (SE)<\/b><\/p>\n<\/div><\/div><\/div><\/div><\/div><div class=\"fusion-fullwidth fullwidth-box fusion-builder-row-12 fusion-flex-container has-pattern-background has-mask-background nonhundred-percent-fullwidth non-hundred-percent-height-scrolling\" style=\"--awb-border-radius-top-left:0px;--awb-border-radius-top-right:0px;--awb-border-radius-bottom-right:0px;--awb-border-radius-bottom-left:0px;--awb-padding-top:20px;--awb-padding-bottom:18px;--awb-background-color:var(--awb-color2);--awb-flex-wrap:wrap;\" ><div class=\"fusion-builder-row fusion-row fusion-flex-align-items-center fusion-flex-content-wrap\" style=\"max-width:1216.8px;margin-left: calc(-4% \/ 2 );margin-right: calc(-4% \/ 2 );\"><div class=\"fusion-layout-column fusion_builder_column fusion-builder-column-35 fusion_builder_column_1_4 1_4 fusion-flex-column\" style=\"--awb-padding-right:20px;--awb-padding-left:20px;--awb-overflow:hidden;--awb-bg-color:var(--awb-color5);--awb-bg-color-hover:var(--awb-color5);--awb-bg-size:cover;--awb-border-radius:15px 15px 15px 15px;--awb-width-large:25%;--awb-margin-top-large:0px;--awb-spacing-right-large:7.68%;--awb-margin-bottom-large:20px;--awb-spacing-left-large:7.68%;--awb-width-medium:100%;--awb-order-medium:0;--awb-spacing-right-medium:1.92%;--awb-spacing-left-medium:1.92%;--awb-width-small:100%;--awb-order-small:0;--awb-spacing-right-small:1.92%;--awb-spacing-left-small:1.92%;\"><div class=\"fusion-column-wrapper fusion-column-has-shadow fusion-flex-justify-content-flex-start fusion-content-layout-column\"><div class=\"fusion-title title fusion-title-57 fusion-title-text fusion-title-size-one\" style=\"--awb-text-color:var(--awb-color1);--awb-font-size:25px;\"><div class=\"title-sep-container title-sep-container-left fusion-no-large-visibility fusion-no-medium-visibility fusion-no-small-visibility\"><div class=\"title-sep sep- sep-solid\" style=\"border-color:var(--awb-color3);\"><\/div><\/div><span class=\"awb-title-spacer fusion-no-large-visibility fusion-no-medium-visibility fusion-no-small-visibility\"><\/span><h1 class=\"fusion-title-heading title-heading-left\" style=\"margin:0;font-size:1em;text-transform:uppercase;\"><h1>WiF\u00f6<\/h1><\/h1><span class=\"awb-title-spacer\"><\/span><div class=\"title-sep-container title-sep-container-right\"><div class=\"title-sep sep- sep-solid\" style=\"border-color:var(--awb-color3);\"><\/div><\/div><\/div><div class=\"fusion-text fusion-text-34\" style=\"--awb-font-size:12px;--awb-text-color:var(--awb-color1);\"><p>(Ausschuss f\u00fcr Wirtschaftsf\u00f6rderung, Tourismus und Kultur)<\/p>\n<\/div><\/div><\/div><div class=\"fusion-layout-column fusion_builder_column fusion-builder-column-36 fusion_builder_column_1_4 1_4 fusion-flex-column fusion-flex-align-self-center\" style=\"--awb-padding-top:10px;--awb-padding-left:20px;--awb-bg-size:cover;--awb-width-large:25%;--awb-margin-top-large:0px;--awb-spacing-right-large:7.68%;--awb-margin-bottom-large:20px;--awb-spacing-left-large:7.68%;--awb-width-medium:100%;--awb-order-medium:0;--awb-spacing-right-medium:1.92%;--awb-spacing-left-medium:1.92%;--awb-width-small:100%;--awb-order-small:0;--awb-spacing-right-small:1.92%;--awb-spacing-left-small:1.92%;\"><div class=\"fusion-column-wrapper fusion-column-has-shadow fusion-flex-justify-content-center fusion-content-layout-column\"><div class=\"fusion-text fusion-text-35\"><p><strong>Frank Schr\u00f6ter<\/strong><\/p>\n<\/div><\/div><\/div><div class=\"fusion-layout-column fusion_builder_column fusion-builder-column-37 fusion_builder_column_1_4 1_4 fusion-flex-column fusion-flex-align-self-center\" style=\"--awb-padding-top:10px;--awb-padding-left:20px;--awb-bg-size:cover;--awb-width-large:25%;--awb-margin-top-large:0px;--awb-spacing-right-large:7.68%;--awb-margin-bottom-large:20px;--awb-spacing-left-large:7.68%;--awb-width-medium:100%;--awb-order-medium:0;--awb-spacing-right-medium:1.92%;--awb-spacing-left-medium:1.92%;--awb-width-small:100%;--awb-order-small:0;--awb-spacing-right-small:1.92%;--awb-spacing-left-small:1.92%;\"><div class=\"fusion-column-wrapper fusion-column-has-shadow fusion-flex-justify-content-center fusion-content-layout-column\"><div class=\"fusion-text fusion-text-36\"><p><strong>Ira Schwerin<\/strong><\/p>\n<\/div><\/div><\/div><\/div><\/div><div class=\"fusion-fullwidth fullwidth-box fusion-builder-row-13 fusion-flex-container has-pattern-background has-mask-background nonhundred-percent-fullwidth non-hundred-percent-height-scrolling\" style=\"--awb-border-radius-top-left:0px;--awb-border-radius-top-right:0px;--awb-border-radius-bottom-right:0px;--awb-border-radius-bottom-left:0px;--awb-padding-top:20px;--awb-padding-bottom:18px;--awb-background-color:var(--awb-color1);--awb-flex-wrap:wrap;\" ><div class=\"fusion-builder-row fusion-row fusion-flex-align-items-center fusion-flex-content-wrap\" style=\"max-width:1216.8px;margin-left: calc(-4% \/ 2 );margin-right: calc(-4% \/ 2 );\"><div class=\"fusion-layout-column fusion_builder_column fusion-builder-column-38 fusion_builder_column_1_4 1_4 fusion-flex-column\" style=\"--awb-padding-right:20px;--awb-padding-left:20px;--awb-overflow:hidden;--awb-bg-color:var(--awb-color5);--awb-bg-color-hover:var(--awb-color5);--awb-bg-size:cover;--awb-border-radius:15px 15px 15px 15px;--awb-width-large:25%;--awb-margin-top-large:0px;--awb-spacing-right-large:7.68%;--awb-margin-bottom-large:20px;--awb-spacing-left-large:7.68%;--awb-width-medium:100%;--awb-order-medium:0;--awb-spacing-right-medium:1.92%;--awb-spacing-left-medium:1.92%;--awb-width-small:100%;--awb-order-small:0;--awb-spacing-right-small:1.92%;--awb-spacing-left-small:1.92%;\"><div class=\"fusion-column-wrapper fusion-column-has-shadow fusion-flex-justify-content-flex-start fusion-content-layout-column\"><div class=\"fusion-title title fusion-title-58 fusion-title-text fusion-title-size-one\" style=\"--awb-text-color:var(--awb-color1);--awb-font-size:25px;\"><div class=\"title-sep-container title-sep-container-left fusion-no-large-visibility fusion-no-medium-visibility fusion-no-small-visibility\"><div class=\"title-sep sep- sep-solid\" style=\"border-color:var(--awb-color3);\"><\/div><\/div><span class=\"awb-title-spacer fusion-no-large-visibility fusion-no-medium-visibility fusion-no-small-visibility\"><\/span><h1 class=\"fusion-title-heading title-heading-left\" style=\"margin:0;font-size:1em;text-transform:uppercase;\"><h1>Ausschuss f\u00fcr Schule und Soziales<\/h1><\/h1><span class=\"awb-title-spacer\"><\/span><div class=\"title-sep-container title-sep-container-right\"><div class=\"title-sep sep- sep-solid\" style=\"border-color:var(--awb-color3);\"><\/div><\/div><\/div><\/div><\/div><div class=\"fusion-layout-column fusion_builder_column fusion-builder-column-39 fusion_builder_column_1_4 1_4 fusion-flex-column fusion-flex-align-self-center\" style=\"--awb-padding-top:10px;--awb-padding-left:20px;--awb-bg-size:cover;--awb-width-large:25%;--awb-margin-top-large:0px;--awb-spacing-right-large:7.68%;--awb-margin-bottom-large:20px;--awb-spacing-left-large:7.68%;--awb-width-medium:100%;--awb-order-medium:0;--awb-spacing-right-medium:1.92%;--awb-spacing-left-medium:1.92%;--awb-width-small:100%;--awb-order-small:0;--awb-spacing-right-small:1.92%;--awb-spacing-left-small:1.92%;\"><div class=\"fusion-column-wrapper fusion-column-has-shadow fusion-flex-justify-content-center fusion-content-layout-column\"><div class=\"fusion-text fusion-text-37\"><p><strong>Ira Schwerin<\/strong><\/p>\n<\/div><\/div><\/div><div class=\"fusion-layout-column fusion_builder_column fusion-builder-column-40 fusion_builder_column_1_4 1_4 fusion-flex-column fusion-flex-align-self-center\" style=\"--awb-padding-top:10px;--awb-padding-left:20px;--awb-bg-size:cover;--awb-width-large:25%;--awb-margin-top-large:0px;--awb-spacing-right-large:7.68%;--awb-margin-bottom-large:20px;--awb-spacing-left-large:7.68%;--awb-width-medium:100%;--awb-order-medium:0;--awb-spacing-right-medium:1.92%;--awb-spacing-left-medium:1.92%;--awb-width-small:100%;--awb-order-small:0;--awb-spacing-right-small:1.92%;--awb-spacing-left-small:1.92%;\"><div class=\"fusion-column-wrapper fusion-column-has-shadow fusion-flex-justify-content-center fusion-content-layout-column\"><div class=\"fusion-text fusion-text-38\"><p><b>Gunnar Schade (SE)<\/b><\/p>\n<\/div><\/div><\/div><div class=\"fusion-layout-column fusion_builder_column fusion-builder-column-41 fusion_builder_column_1_4 1_4 fusion-flex-column fusion-flex-align-self-center\" style=\"--awb-padding-top:10px;--awb-padding-left:20px;--awb-bg-size:cover;--awb-width-large:25%;--awb-margin-top-large:0px;--awb-spacing-right-large:7.68%;--awb-margin-bottom-large:20px;--awb-spacing-left-large:7.68%;--awb-width-medium:100%;--awb-order-medium:0;--awb-spacing-right-medium:1.92%;--awb-spacing-left-medium:1.92%;--awb-width-small:100%;--awb-order-small:0;--awb-spacing-right-small:1.92%;--awb-spacing-left-small:1.92%;\"><div class=\"fusion-column-wrapper fusion-column-has-shadow fusion-flex-justify-content-center fusion-content-layout-column\"><div class=\"fusion-text fusion-text-39\"><p><b>Matthias Binder (SE)<\/b><\/p>\n<\/div><\/div><\/div><\/div><\/div><div class=\"fusion-fullwidth fullwidth-box fusion-builder-row-14 fusion-flex-container has-pattern-background has-mask-background nonhundred-percent-fullwidth non-hundred-percent-height-scrolling\" style=\"--awb-border-radius-top-left:0px;--awb-border-radius-top-right:0px;--awb-border-radius-bottom-right:0px;--awb-border-radius-bottom-left:0px;--awb-padding-top:20px;--awb-padding-bottom:18px;--awb-background-color:var(--awb-color2);--awb-flex-wrap:wrap;\" ><div class=\"fusion-builder-row fusion-row fusion-flex-align-items-center fusion-flex-content-wrap\" style=\"max-width:1216.8px;margin-left: calc(-4% \/ 2 );margin-right: calc(-4% \/ 2 );\"><div class=\"fusion-layout-column fusion_builder_column fusion-builder-column-42 fusion_builder_column_1_4 1_4 fusion-flex-column\" style=\"--awb-padding-right:20px;--awb-padding-left:20px;--awb-overflow:hidden;--awb-bg-color:var(--awb-color5);--awb-bg-color-hover:var(--awb-color5);--awb-bg-size:cover;--awb-border-radius:15px 15px 15px 15px;--awb-width-large:25%;--awb-margin-top-large:0px;--awb-spacing-right-large:7.68%;--awb-margin-bottom-large:20px;--awb-spacing-left-large:7.68%;--awb-width-medium:100%;--awb-order-medium:0;--awb-spacing-right-medium:1.92%;--awb-spacing-left-medium:1.92%;--awb-width-small:100%;--awb-order-small:0;--awb-spacing-right-small:1.92%;--awb-spacing-left-small:1.92%;\"><div class=\"fusion-column-wrapper fusion-column-has-shadow fusion-flex-justify-content-flex-start fusion-content-layout-column\"><div class=\"fusion-title title fusion-title-59 fusion-title-text fusion-title-size-one\" style=\"--awb-text-color:var(--awb-color1);--awb-font-size:25px;\"><div class=\"title-sep-container title-sep-container-left fusion-no-large-visibility fusion-no-medium-visibility fusion-no-small-visibility\"><div class=\"title-sep sep- sep-solid\" style=\"border-color:var(--awb-color3);\"><\/div><\/div><span class=\"awb-title-spacer fusion-no-large-visibility fusion-no-medium-visibility fusion-no-small-visibility\"><\/span><h1 class=\"fusion-title-heading title-heading-left\" style=\"margin:0;font-size:1em;text-transform:uppercase;\"><h1>Rechnungs-pr\u00fcfung<\/h1><\/h1><span class=\"awb-title-spacer\"><\/span><div class=\"title-sep-container title-sep-container-right\"><div class=\"title-sep sep- sep-solid\" style=\"border-color:var(--awb-color3);\"><\/div><\/div><\/div><\/div><\/div><div class=\"fusion-layout-column fusion_builder_column fusion-builder-column-43 fusion_builder_column_1_4 1_4 fusion-flex-column fusion-flex-align-self-center\" style=\"--awb-padding-top:10px;--awb-padding-left:20px;--awb-bg-size:cover;--awb-width-large:25%;--awb-margin-top-large:0px;--awb-spacing-right-large:7.68%;--awb-margin-bottom-large:20px;--awb-spacing-left-large:7.68%;--awb-width-medium:100%;--awb-order-medium:0;--awb-spacing-right-medium:1.92%;--awb-spacing-left-medium:1.92%;--awb-width-small:100%;--awb-order-small:0;--awb-spacing-right-small:1.92%;--awb-spacing-left-small:1.92%;\"><div class=\"fusion-column-wrapper fusion-column-has-shadow fusion-flex-justify-content-center fusion-content-layout-column\"><div class=\"fusion-text fusion-text-40\"><p><strong>Ira Schwerin<\/strong><\/p>\n<\/div><\/div><\/div><\/div><\/div><div class=\"fusion-fullwidth fullwidth-box fusion-builder-row-15 fusion-flex-container has-pattern-background has-mask-background nonhundred-percent-fullwidth non-hundred-percent-height-scrolling\" style=\"--awb-border-radius-top-left:0px;--awb-border-radius-top-right:0px;--awb-border-radius-bottom-right:0px;--awb-border-radius-bottom-left:0px;--awb-padding-top:20px;--awb-padding-bottom:18px;--awb-background-color:var(--awb-color1);--awb-flex-wrap:wrap;\" ><div class=\"fusion-builder-row fusion-row fusion-flex-align-items-center fusion-flex-content-wrap\" style=\"max-width:1216.8px;margin-left: calc(-4% \/ 2 );margin-right: calc(-4% \/ 2 );\"><div class=\"fusion-layout-column fusion_builder_column fusion-builder-column-44 fusion_builder_column_1_4 1_4 fusion-flex-column\" style=\"--awb-padding-right:20px;--awb-padding-left:20px;--awb-overflow:hidden;--awb-bg-color:var(--awb-color5);--awb-bg-color-hover:var(--awb-color5);--awb-bg-size:cover;--awb-border-radius:15px 15px 15px 15px;--awb-width-large:25%;--awb-margin-top-large:0px;--awb-spacing-right-large:7.68%;--awb-margin-bottom-large:20px;--awb-spacing-left-large:7.68%;--awb-width-medium:100%;--awb-order-medium:0;--awb-spacing-right-medium:1.92%;--awb-spacing-left-medium:1.92%;--awb-width-small:100%;--awb-order-small:0;--awb-spacing-right-small:1.92%;--awb-spacing-left-small:1.92%;\"><div class=\"fusion-column-wrapper fusion-column-has-shadow fusion-flex-justify-content-flex-start fusion-content-layout-column\"><div class=\"fusion-title title fusion-title-60 fusion-title-text fusion-title-size-one\" style=\"--awb-text-color:var(--awb-color1);--awb-font-size:25px;\"><div class=\"title-sep-container title-sep-container-left fusion-no-large-visibility fusion-no-medium-visibility fusion-no-small-visibility\"><div class=\"title-sep sep- sep-solid\" style=\"border-color:var(--awb-color3);\"><\/div><\/div><span class=\"awb-title-spacer fusion-no-large-visibility fusion-no-medium-visibility fusion-no-small-visibility\"><\/span><h1 class=\"fusion-title-heading title-heading-left\" style=\"margin:0;font-size:1em;text-transform:uppercase;\"><h1>Amtsausschuss<\/h1><\/h1><span class=\"awb-title-spacer\"><\/span><div class=\"title-sep-container title-sep-container-right\"><div class=\"title-sep sep- sep-solid\" style=\"border-color:var(--awb-color3);\"><\/div><\/div><\/div><\/div><\/div><div class=\"fusion-layout-column fusion_builder_column fusion-builder-column-45 fusion_builder_column_1_4 1_4 fusion-flex-column fusion-flex-align-self-center\" style=\"--awb-padding-top:10px;--awb-padding-left:20px;--awb-bg-size:cover;--awb-width-large:25%;--awb-margin-top-large:0px;--awb-spacing-right-large:7.68%;--awb-margin-bottom-large:20px;--awb-spacing-left-large:7.68%;--awb-width-medium:100%;--awb-order-medium:0;--awb-spacing-right-medium:1.92%;--awb-spacing-left-medium:1.92%;--awb-width-small:100%;--awb-order-small:0;--awb-spacing-right-small:1.92%;--awb-spacing-left-small:1.92%;\"><div class=\"fusion-column-wrapper fusion-column-has-shadow fusion-flex-justify-content-center fusion-content-layout-column\"><div class=\"fusion-text fusion-text-41\"><p><strong>Ernst Branse<\/strong><\/p>\n<\/div><\/div><\/div><div class=\"fusion-layout-column fusion_builder_column fusion-builder-column-46 fusion_builder_column_1_4 1_4 fusion-flex-column fusion-flex-align-self-center\" style=\"--awb-padding-top:10px;--awb-padding-left:20px;--awb-bg-size:cover;--awb-width-large:25%;--awb-margin-top-large:0px;--awb-spacing-right-large:7.68%;--awb-margin-bottom-large:20px;--awb-spacing-left-large:7.68%;--awb-width-medium:100%;--awb-order-medium:0;--awb-spacing-right-medium:1.92%;--awb-spacing-left-medium:1.92%;--awb-width-small:100%;--awb-order-small:0;--awb-spacing-right-small:1.92%;--awb-spacing-left-small:1.92%;\"><div class=\"fusion-column-wrapper fusion-column-has-shadow fusion-flex-justify-content-center fusion-content-layout-column\"><div class=\"fusion-text fusion-text-42\"><p><b>Enrico Wernicke<\/b><\/p>\n<\/div><\/div><\/div><\/div><\/div><div class=\"fusion-fullwidth fullwidth-box fusion-builder-row-16 fusion-flex-container has-pattern-background has-mask-background nonhundred-percent-fullwidth non-hundred-percent-height-scrolling\" style=\"--awb-border-radius-top-left:0px;--awb-border-radius-top-right:0px;--awb-border-radius-bottom-right:0px;--awb-border-radius-bottom-left:0px;--awb-padding-top:21px;--awb-padding-bottom:21px;--awb-flex-wrap:wrap;\" ><div class=\"fusion-builder-row fusion-row fusion-flex-align-items-flex-start fusion-flex-justify-content-center fusion-flex-content-wrap\" style=\"max-width:1216.8px;margin-left: calc(-4% \/ 2 );margin-right: calc(-4% \/ 2 );\"><div class=\"fusion-layout-column fusion_builder_column fusion-builder-column-47 fusion_builder_column_1_4 1_4 fusion-flex-column\" style=\"--awb-padding-right:20px;--awb-padding-left:20px;--awb-overflow:hidden;--awb-bg-color:var(--awb-color6);--awb-bg-color-hover:var(--awb-color6);--awb-bg-size:cover;--awb-border-radius:15px 15px 15px 15px;--awb-width-large:25%;--awb-margin-top-large:0px;--awb-spacing-right-large:7.68%;--awb-margin-bottom-large:20px;--awb-spacing-left-large:7.68%;--awb-width-medium:100%;--awb-order-medium:0;--awb-spacing-right-medium:1.92%;--awb-spacing-left-medium:1.92%;--awb-width-small:100%;--awb-order-small:0;--awb-spacing-right-small:1.92%;--awb-spacing-left-small:1.92%;\"><div class=\"fusion-column-wrapper fusion-column-has-shadow fusion-flex-justify-content-flex-start fusion-content-layout-column\"><div class=\"fusion-title title fusion-title-61 fusion-title-text fusion-title-size-one\" style=\"--awb-text-color:var(--awb-color1);--awb-font-size:25px;\"><div class=\"title-sep-container title-sep-container-left fusion-no-large-visibility fusion-no-medium-visibility fusion-no-small-visibility\"><div class=\"title-sep sep- sep-solid\" style=\"border-color:var(--awb-color3);\"><\/div><\/div><span class=\"awb-title-spacer fusion-no-large-visibility fusion-no-medium-visibility fusion-no-small-visibility\"><\/span><h1 class=\"fusion-title-heading title-heading-left\" style=\"margin:0;font-size:1em;text-transform:uppercase;\"><h1 style=\"text-align: center;\">Aufsichtsrat WOBAU<\/h1><\/h1><span class=\"awb-title-spacer\"><\/span><div class=\"title-sep-container title-sep-container-right\"><div class=\"title-sep sep- sep-solid\" style=\"border-color:var(--awb-color3);\"><\/div><\/div><\/div><div class=\"fusion-text fusion-text-43\" style=\"--awb-text-color:var(--awb-color1);\"><p style=\"text-align: center;\"><strong>Frank Schr\u00f6ter<\/strong><\/p>\n<\/div><\/div><\/div><div class=\"fusion-layout-column fusion_builder_column fusion-builder-column-48 fusion_builder_column_1_4 1_4 fusion-flex-column\" style=\"--awb-padding-right:20px;--awb-padding-left:20px;--awb-overflow:hidden;--awb-bg-color:var(--awb-color6);--awb-bg-color-hover:var(--awb-color6);--awb-bg-size:cover;--awb-border-radius:15px 15px 15px 15px;--awb-width-large:25%;--awb-margin-top-large:0px;--awb-spacing-right-large:7.68%;--awb-margin-bottom-large:20px;--awb-spacing-left-large:7.68%;--awb-width-medium:100%;--awb-order-medium:0;--awb-spacing-right-medium:1.92%;--awb-spacing-left-medium:1.92%;--awb-width-small:100%;--awb-order-small:0;--awb-spacing-right-small:1.92%;--awb-spacing-left-small:1.92%;\"><div class=\"fusion-column-wrapper fusion-column-has-shadow fusion-flex-justify-content-flex-start fusion-content-layout-column\"><div class=\"fusion-title title fusion-title-62 fusion-title-text fusion-title-size-one\" style=\"--awb-text-color:var(--awb-color1);--awb-font-size:25px;\"><div class=\"title-sep-container title-sep-container-left fusion-no-large-visibility fusion-no-medium-visibility fusion-no-small-visibility\"><div class=\"title-sep sep- sep-solid\" style=\"border-color:var(--awb-color3);\"><\/div><\/div><span class=\"awb-title-spacer fusion-no-large-visibility fusion-no-medium-visibility fusion-no-small-visibility\"><\/span><h1 class=\"fusion-title-heading title-heading-left\" style=\"margin:0;font-size:1em;text-transform:uppercase;\"><h1 style=\"text-align: center;\">Aufsichtsrat Boddenland<\/h1><\/h1><span class=\"awb-title-spacer\"><\/span><div class=\"title-sep-container title-sep-container-right\"><div class=\"title-sep sep- sep-solid\" style=\"border-color:var(--awb-color3);\"><\/div><\/div><\/div><div class=\"fusion-text fusion-text-44\" style=\"--awb-text-color:var(--awb-color1);\"><p style=\"text-align: center;\"><strong>Frank Schr\u00f6ter<\/strong><\/p>\n<\/div><\/div><\/div><div class=\"fusion-layout-column fusion_builder_column fusion-builder-column-49 fusion_builder_column_1_4 1_4 fusion-flex-column\" style=\"--awb-padding-right:20px;--awb-padding-left:20px;--awb-overflow:hidden;--awb-bg-color:var(--awb-color6);--awb-bg-color-hover:var(--awb-color6);--awb-bg-size:cover;--awb-border-radius:15px 15px 15px 15px;--awb-width-large:25%;--awb-margin-top-large:0px;--awb-spacing-right-large:7.68%;--awb-margin-bottom-large:20px;--awb-spacing-left-large:7.68%;--awb-width-medium:100%;--awb-order-medium:0;--awb-spacing-right-medium:1.92%;--awb-spacing-left-medium:1.92%;--awb-width-small:100%;--awb-order-small:0;--awb-spacing-right-small:1.92%;--awb-spacing-left-small:1.92%;\"><div class=\"fusion-column-wrapper fusion-column-has-shadow fusion-flex-justify-content-flex-start fusion-content-layout-column\"><div class=\"fusion-title title fusion-title-63 fusion-title-text fusion-title-size-one\" style=\"--awb-text-color:var(--awb-color1);--awb-font-size:25px;\"><div class=\"title-sep-container title-sep-container-left fusion-no-large-visibility fusion-no-medium-visibility fusion-no-small-visibility\"><div class=\"title-sep sep- sep-solid\" style=\"border-color:var(--awb-color3);\"><\/div><\/div><span class=\"awb-title-spacer fusion-no-large-visibility fusion-no-medium-visibility fusion-no-small-visibility\"><\/span><h1 class=\"fusion-title-heading title-heading-left\" style=\"margin:0;font-size:1em;text-transform:uppercase;\"><h1 style=\"text-align: center;\">Aufsichtsrat Stadtwerke<\/h1><\/h1><span class=\"awb-title-spacer\"><\/span><div class=\"title-sep-container title-sep-container-right\"><div class=\"title-sep sep- sep-solid\" style=\"border-color:var(--awb-color3);\"><\/div><\/div><\/div><div class=\"fusion-text fusion-text-45\" style=\"--awb-text-color:var(--awb-color1);\"><p style=\"text-align: center;\"><strong>Ernst Branse<\/strong><\/p>\n<\/div><\/div><\/div><\/div><\/div><div class=\"fusion-fullwidth fullwidth-box fusion-builder-row-17 fusion-flex-container nonhundred-percent-fullwidth non-hundred-percent-height-scrolling\" style=\"--awb-border-sizes-top:0px;--awb-border-sizes-bottom:0px;--awb-border-sizes-left:0px;--awb-border-sizes-right:0px;--awb-border-radius-top-left:0px;--awb-border-radius-top-right:0px;--awb-border-radius-bottom-right:0px;--awb-border-radius-bottom-left:0px;--awb-padding-top:70px;--awb-padding-bottom:160px;--awb-background-color:var(--awb-color6);--awb-flex-wrap:wrap;\" id=\"service\" ><div class=\"fusion-builder-row fusion-row fusion-flex-align-items-flex-start fusion-flex-justify-content-center fusion-flex-content-wrap\" style=\"max-width:1216.8px;margin-left: calc(-4% \/ 2 );margin-right: calc(-4% \/ 2 );\"><div class=\"fusion-layout-column fusion_builder_column fusion-builder-column-50 fusion_builder_column_1_1 1_1 fusion-flex-column fusion-flex-align-self-flex-start fusion-column-no-min-height\" style=\"--awb-bg-blend:overlay;--awb-bg-size:cover;--awb-width-large:100%;--awb-margin-top-large:0px;--awb-spacing-right-large:1.92%;--awb-margin-bottom-large:0px;--awb-spacing-left-large:1.92%;--awb-width-medium:100%;--awb-spacing-right-medium:1.92%;--awb-spacing-left-medium:1.92%;--awb-width-small:100%;--awb-spacing-right-small:1.92%;--awb-spacing-left-small:1.92%;\"><div class=\"fusion-column-wrapper fusion-flex-justify-content-flex-start fusion-content-layout-column\"><div class=\"fusion-title title fusion-title-64 fusion-title-center fusion-title-text fusion-title-size-two\" style=\"--awb-text-color:var(--awb-color1);--awb-margin-bottom:30px;--awb-margin-bottom-small:30px;\"><div class=\"title-sep-container title-sep-container-left\"><div class=\"title-sep sep- sep-solid\" style=\"border-color:var(--awb-color3);\"><\/div><\/div><span class=\"awb-title-spacer\"><\/span><h2 class=\"fusion-title-heading title-heading-center\" style=\"margin:0;text-transform:uppercase;\">Service<\/h2><span class=\"awb-title-spacer\"><\/span><div class=\"title-sep-container title-sep-container-right\"><div class=\"title-sep sep- sep-solid\" style=\"border-color:var(--awb-color3);\"><\/div><\/div><\/div><\/div><\/div><div class=\"fusion-layout-column fusion_builder_column fusion-builder-column-51 fusion_builder_column_1_2 1_2 fusion-flex-column fusion-flex-align-self-stretch\" style=\"--awb-padding-top:5%;--awb-padding-right:5%;--awb-padding-bottom:7%;--awb-padding-left:5%;--awb-overflow:hidden;--awb-bg-color:var(--awb-color7);--awb-bg-color-hover:var(--awb-color7);--awb-bg-size:cover;--awb-border-radius:10px 10px 10px 10px;--awb-width-large:50%;--awb-margin-top-large:0px;--awb-spacing-right-large:3.84%;--awb-margin-bottom-large:20px;--awb-spacing-left-large:3.84%;--awb-width-medium:100%;--awb-order-medium:0;--awb-spacing-right-medium:1.92%;--awb-spacing-left-medium:1.92%;--awb-width-small:100%;--awb-order-small:0;--awb-spacing-right-small:1.92%;--awb-spacing-left-small:1.92%;\"><div class=\"fusion-column-wrapper fusion-column-has-shadow fusion-flex-justify-content-flex-start fusion-content-layout-column\"><div class=\"fusion-title title fusion-title-65 fusion-title-text fusion-title-size-three\" style=\"--awb-text-color:var(--awb-color6);--awb-margin-bottom:30px;\"><div class=\"title-sep-container title-sep-container-left fusion-no-large-visibility fusion-no-medium-visibility fusion-no-small-visibility\"><div class=\"title-sep sep- sep-solid\" style=\"border-color:var(--awb-color3);\"><\/div><\/div><span class=\"awb-title-spacer fusion-no-large-visibility fusion-no-medium-visibility fusion-no-small-visibility\"><\/span><h3 class=\"fusion-title-heading title-heading-left\" style=\"margin:0;text-transform:uppercase;\">Mitglied werden und Barth aktiv mitgestalten<\/h3><span class=\"awb-title-spacer\"><\/span><div class=\"title-sep-container title-sep-container-right\"><div class=\"title-sep sep- sep-solid\" style=\"border-color:var(--awb-color3);\"><\/div><\/div><\/div><div class=\"fusion-text fusion-text-46\" style=\"--awb-text-color:var(--awb-color8);\"><p>Wir sind jederzeit offen f\u00fcr Barther, die ihre Heimat mit guten Ideen bereichern m\u00f6chten.<\/p>\n<\/div><div class=\"fusion-form fusion-form-builder fusion-form-form-wrapper fusion-form-1223\" style=\"--awb-tooltip-text-color:#ffffff;--awb-tooltip-background-color:#333333;\" data-form-id=\"1223\" data-config=\"{&quot;form_id&quot;:&quot;1223&quot;,&quot;form_post_id&quot;:&quot;1223&quot;,&quot;post_id&quot;:8,&quot;form_type&quot;:&quot;ajax&quot;,&quot;confirmation_type&quot;:&quot;message&quot;,&quot;redirect_url&quot;:&quot;&quot;,&quot;field_labels&quot;:{&quot;name&quot;:&quot;Nachname&quot;,&quot;email&quot;:&quot;E-Mail&quot;,&quot;ich_mochte_&quot;:&quot;Mein Anliegen:&quot;},&quot;field_logics&quot;:{&quot;name&quot;:&quot;&quot;,&quot;email&quot;:&quot;&quot;,&quot;ich_mochte_&quot;:&quot;&quot;,&quot;notice_1&quot;:&quot;&quot;},&quot;field_types&quot;:{&quot;name&quot;:&quot;text&quot;,&quot;email&quot;:&quot;email&quot;,&quot;ich_mochte_&quot;:&quot;radio&quot;,&quot;submit_1&quot;:&quot;submit&quot;,&quot;notice_1&quot;:&quot;notice&quot;},&quot;nonce_method&quot;:&quot;ajax&quot;}\"><form action=\"https:\/\/cdu-barth.de\/\" method=\"post\" class=\"fusion-form fusion-form-1223\"><div class=\"fusion-fullwidth fullwidth-box fusion-builder-row-17-1 fusion-flex-container nonhundred-percent-fullwidth non-hundred-percent-height-scrolling\" style=\"--awb-border-radius-top-left:0px;--awb-border-radius-top-right:0px;--awb-border-radius-bottom-right:0px;--awb-border-radius-bottom-left:0px;--awb-padding-top:0px;--awb-padding-right:0px;--awb-padding-bottom:0px;--awb-padding-left:0px;--awb-flex-wrap:wrap;\" ><div class=\"fusion-builder-row fusion-row fusion-flex-align-items-flex-start fusion-flex-content-wrap\" style=\"width:104% !important;max-width:104% !important;margin-left: calc(-4% \/ 2 );margin-right: calc(-4% \/ 2 );\"><div class=\"fusion-layout-column fusion_builder_column fusion-builder-column-52 fusion_builder_column_1_2 1_2 fusion-flex-column\" style=\"--awb-bg-size:cover;--awb-width-large:50%;--awb-margin-top-large:0px;--awb-spacing-right-large:3.84%;--awb-margin-bottom-large:0px;--awb-spacing-left-large:3.84%;--awb-width-medium:100%;--awb-order-medium:0;--awb-spacing-right-medium:1.92%;--awb-spacing-left-medium:1.92%;--awb-width-small:100%;--awb-order-small:0;--awb-spacing-right-small:1.92%;--awb-spacing-left-small:1.92%;\"><div class=\"fusion-column-wrapper fusion-column-has-shadow fusion-flex-justify-content-flex-start fusion-content-layout-column\"><div class=\"fusion-form-field fusion-form-text-field fusion-form-label-above\" style=\"\" data-form-id=\"1223\"><div class=\"fusion-form-label-wrapper\"><label for=\"name\">Vorname <abbr class=\"fusion-form-element-required\" title=\"required\">*<\/abbr><\/label><\/div><input type=\"text\" name=\"name\" id=\"name\" value=\"\"  class=\"fusion-form-input\" required=\"true\" aria-required=\"true\" data-holds-private-data=\"false\" minlength=\"0\"\/><\/div><\/div><\/div><div class=\"fusion-layout-column fusion_builder_column fusion-builder-column-53 fusion_builder_column_1_2 1_2 fusion-flex-column\" style=\"--awb-bg-size:cover;--awb-width-large:50%;--awb-margin-top-large:0px;--awb-spacing-right-large:3.84%;--awb-margin-bottom-large:0px;--awb-spacing-left-large:3.84%;--awb-width-medium:100%;--awb-order-medium:0;--awb-spacing-right-medium:1.92%;--awb-spacing-left-medium:1.92%;--awb-width-small:100%;--awb-order-small:0;--awb-spacing-right-small:1.92%;--awb-spacing-left-small:1.92%;\"><div class=\"fusion-column-wrapper fusion-column-has-shadow fusion-flex-justify-content-flex-start fusion-content-layout-column\"><div class=\"fusion-form-field fusion-form-text-field fusion-form-label-above\" style=\"\" data-form-id=\"1223\"><div class=\"fusion-form-label-wrapper\"><label for=\"name\">Nachname <abbr class=\"fusion-form-element-required\" title=\"required\">*<\/abbr><\/label><\/div><input type=\"text\" name=\"name\" id=\"name\" value=\"\"  class=\"fusion-form-input\" required=\"true\" aria-required=\"true\" data-holds-private-data=\"false\" minlength=\"0\"\/><\/div><\/div><\/div><div class=\"fusion-layout-column fusion_builder_column fusion-builder-column-54 fusion_builder_column_1_1 1_1 fusion-flex-column\" style=\"--awb-bg-size:cover;--awb-width-large:100%;--awb-margin-top-large:0px;--awb-spacing-right-large:1.92%;--awb-margin-bottom-large:0px;--awb-spacing-left-large:1.92%;--awb-width-medium:100%;--awb-order-medium:0;--awb-spacing-right-medium:1.92%;--awb-spacing-left-medium:1.92%;--awb-width-small:100%;--awb-order-small:0;--awb-spacing-right-small:1.92%;--awb-spacing-left-small:1.92%;\"><div class=\"fusion-column-wrapper fusion-column-has-shadow fusion-flex-justify-content-flex-start fusion-content-layout-column\"><div class=\"fusion-form-field fusion-form-email-field fusion-form-label-above\" style=\"\" data-form-id=\"1223\"><div class=\"fusion-form-label-wrapper\"><label for=\"email\">E-Mail <abbr class=\"fusion-form-element-required\" title=\"required\">*<\/abbr><\/label><\/div><input type=\"email\" name=\"email\" id=\"email\" value=\"\"  class=\"fusion-form-input\" required=\"true\" aria-required=\"true\" data-holds-private-data=\"false\"\/><\/div><\/div><\/div><div class=\"fusion-layout-column fusion_builder_column fusion-builder-column-55 fusion_builder_column_1_1 1_1 fusion-flex-column\" style=\"--awb-bg-size:cover;--awb-width-large:100%;--awb-margin-top-large:0px;--awb-spacing-right-large:1.92%;--awb-margin-bottom-large:0px;--awb-spacing-left-large:1.92%;--awb-width-medium:100%;--awb-order-medium:0;--awb-spacing-right-medium:1.92%;--awb-spacing-left-medium:1.92%;--awb-width-small:100%;--awb-order-small:0;--awb-spacing-right-small:1.92%;--awb-spacing-left-small:1.92%;\"><div class=\"fusion-column-wrapper fusion-column-has-shadow fusion-flex-justify-content-flex-start fusion-content-layout-column\"><div class=\"fusion-form-field fusion-form-radio-field fusion-form-label-above\" style=\"\" data-form-id=\"1223\"><div class=\"fusion-form-label-wrapper\"><span class=\"label\">Mein Anliegen: <abbr class=\"fusion-form-element-required\" title=\"required\">*<\/abbr><\/span><\/div><fieldset><div class=\"fusion-form-radio\"><input tabindex=\"\" id=\"radio-ich_mochte_-1-0\" type=\"radio\" value=\"Ich m\u00f6chte die parteigebundene Mitgliedschaft im CDU Stadtverband.\" name=\"ich_mochte_\" class=\"fusion-form-input\" required=\"true\" aria-required=\"true\" data-holds-private-data=\"false\"\/><label for=\"radio-ich_mochte_-1-0\">Ich m\u00f6chte die parteigebundene Mitgliedschaft im CDU Stadtverband.<\/label><\/div><div class=\"fusion-form-radio\"><input tabindex=\"\" id=\"radio-ich_mochte_-1-1\" type=\"radio\" value=\"Ich m\u00f6chte als parteiloses Mitglied mitarbeiten.\" name=\"ich_mochte_\" class=\"fusion-form-input\" required=\"true\" aria-required=\"true\" data-holds-private-data=\"false\"\/><label for=\"radio-ich_mochte_-1-1\">Ich m\u00f6chte als parteiloses Mitglied mitarbeiten.<\/label><\/div><div class=\"fusion-form-radio\"><input tabindex=\"\" id=\"radio-ich_mochte_-1-2\" type=\"radio\" value=\"Ich m\u00f6chte mehr Informationen, wie ich mich engagieren kann.\" name=\"ich_mochte_\" class=\"fusion-form-input\" required=\"true\" aria-required=\"true\" data-holds-private-data=\"false\"\/><label for=\"radio-ich_mochte_-1-2\">Ich m\u00f6chte mehr Informationen, wie ich mich engagieren kann.<\/label><\/div><\/fieldset><\/div><\/div><\/div><div class=\"fusion-layout-column fusion_builder_column fusion-builder-column-56 fusion_builder_column_1_1 1_1 fusion-flex-column\" style=\"--awb-bg-size:cover;--awb-width-large:100%;--awb-margin-top-large:0px;--awb-spacing-right-large:1.92%;--awb-margin-bottom-large:20px;--awb-spacing-left-large:1.92%;--awb-width-medium:100%;--awb-order-medium:0;--awb-spacing-right-medium:1.92%;--awb-spacing-left-medium:1.92%;--awb-width-small:100%;--awb-order-small:0;--awb-spacing-right-small:1.92%;--awb-spacing-left-small:1.92%;\"><div class=\"fusion-column-wrapper fusion-column-has-shadow fusion-flex-justify-content-flex-start fusion-content-layout-column\"><div class=\"fusion-form-field fusion-form-submit-field fusion-form-label-above\" style=\"\" data-form-id=\"1223\"><div ><button type=\"submit\" class=\"fusion-button button-flat fusion-button-default-size button-default fusion-button-default button-2 fusion-button-default-span  form-form-submit button-default\" data-form-number=\"1223\" tabindex=\"\"><span class=\"fusion-button-text\">SENDEN<\/span><\/button><\/div><\/div><\/div><\/div><div class=\"fusion-layout-column fusion_builder_column fusion-builder-column-57 fusion_builder_column_1_1 1_1 fusion-flex-column\" style=\"--awb-bg-size:cover;--awb-width-large:100%;--awb-margin-top-large:0px;--awb-spacing-right-large:1.92%;--awb-margin-bottom-large:0px;--awb-spacing-left-large:1.92%;--awb-width-medium:100%;--awb-order-medium:0;--awb-spacing-right-medium:1.92%;--awb-spacing-left-medium:1.92%;--awb-width-small:100%;--awb-order-small:0;--awb-spacing-right-small:1.92%;--awb-spacing-left-small:1.92%;\"><div class=\"fusion-column-wrapper fusion-column-has-shadow fusion-flex-justify-content-flex-start fusion-content-layout-column\"><div class=\"form-submission-notices data-notice_1\" id=\"fusion-notices-1\"><div class=\"fusion-alert alert success alert-success fusion-alert-center fusion-form-response fusion-form-response-success fusion-alert-capitalize awb-alert-native-link-color alert-dismissable awb-alert-close-boxed\" role=\"alert\"><div class=\"fusion-alert-content-wrapper\"><span class=\"alert-icon\"><i class=\"awb-icon-check-circle\" aria-hidden=\"true\"><\/i><\/span><span class=\"fusion-alert-content\">Danke f\u00fcr Ihre Nachricht. Wir melden uns zeitnah bei Ihnen.<\/span><\/div><button type=\"button\" class=\"close toggle-alert\" data-dismiss=\"alert\" aria-label=\"Close\">&times;<\/button><\/div><div class=\"fusion-alert alert error alert-danger fusion-alert-center fusion-form-response fusion-form-response-error fusion-alert-capitalize awb-alert-native-link-color alert-dismissable awb-alert-close-boxed\" role=\"alert\"><div class=\"fusion-alert-content-wrapper\"><span class=\"alert-icon\"><i class=\"awb-icon-exclamation-triangle\" aria-hidden=\"true\"><\/i><\/span><span class=\"fusion-alert-content\">Das hat leider nicht geklappt. Versuchen Sie es bitte sp\u00e4ter erneut.<\/span><\/div><button type=\"button\" class=\"close toggle-alert\" data-dismiss=\"alert\" aria-label=\"Close\">&times;<\/button><\/div><\/div><\/div><\/div><\/div><\/div><\/form><\/div><\/div><\/div><div class=\"fusion-layout-column fusion_builder_column fusion-builder-column-58 fusion_builder_column_1_2 1_2 fusion-flex-column fusion-flex-align-self-stretch\" style=\"--awb-padding-top:5%;--awb-padding-right:5%;--awb-padding-bottom:7%;--awb-padding-left:5%;--awb-overflow:hidden;--awb-bg-color:var(--awb-color7);--awb-bg-color-hover:var(--awb-color7);--awb-bg-size:cover;--awb-border-radius:10px 10px 10px 10px;--awb-width-large:50%;--awb-margin-top-large:0px;--awb-spacing-right-large:3.84%;--awb-margin-bottom-large:20px;--awb-spacing-left-large:3.84%;--awb-width-medium:100%;--awb-order-medium:0;--awb-spacing-right-medium:1.92%;--awb-spacing-left-medium:1.92%;--awb-width-small:100%;--awb-order-small:0;--awb-spacing-right-small:1.92%;--awb-spacing-left-small:1.92%;\"><div class=\"fusion-column-wrapper fusion-column-has-shadow fusion-flex-justify-content-flex-start fusion-content-layout-column\"><div class=\"fusion-title title fusion-title-66 fusion-title-text fusion-title-size-three\" style=\"--awb-text-color:var(--awb-color8);--awb-margin-bottom:30px;\"><div class=\"title-sep-container title-sep-container-left fusion-no-large-visibility fusion-no-medium-visibility fusion-no-small-visibility\"><div class=\"title-sep sep- sep-solid\" style=\"border-color:var(--awb-color3);\"><\/div><\/div><span class=\"awb-title-spacer fusion-no-large-visibility fusion-no-medium-visibility fusion-no-small-visibility\"><\/span><h3 class=\"fusion-title-heading title-heading-left\" style=\"margin:0;text-transform:uppercase;\">Fragen, Ideen, Kritik?<\/h3><span class=\"awb-title-spacer\"><\/span><div class=\"title-sep-container title-sep-container-right\"><div class=\"title-sep sep- sep-solid\" style=\"border-color:var(--awb-color3);\"><\/div><\/div><\/div><div class=\"fusion-text fusion-text-47\" style=\"--awb-text-color:var(--awb-color8);\"><p>Melden Sie sich bei uns.<\/p>\n<\/div><div class=\"fusion-form fusion-form-builder fusion-form-form-wrapper fusion-form-1550\" style=\"--awb-tooltip-text-color:#ffffff;--awb-tooltip-background-color:#333333;\" data-form-id=\"1550\" data-config=\"{&quot;form_id&quot;:&quot;1550&quot;,&quot;form_post_id&quot;:&quot;1550&quot;,&quot;post_id&quot;:8,&quot;form_type&quot;:&quot;ajax&quot;,&quot;confirmation_type&quot;:&quot;message&quot;,&quot;redirect_url&quot;:&quot;&quot;,&quot;field_labels&quot;:{&quot;name&quot;:&quot;Nachname&quot;,&quot;email&quot;:&quot;E-Mail&quot;,&quot;fragen_wunsche_anmerkungen&quot;:&quot;Fragen, W\\u00fcnsche, Anmerkungen&quot;},&quot;field_logics&quot;:{&quot;name&quot;:&quot;&quot;,&quot;email&quot;:&quot;&quot;,&quot;fragen_wunsche_anmerkungen&quot;:&quot;&quot;,&quot;notice_2&quot;:&quot;&quot;},&quot;field_types&quot;:{&quot;name&quot;:&quot;text&quot;,&quot;email&quot;:&quot;email&quot;,&quot;fragen_wunsche_anmerkungen&quot;:&quot;text&quot;,&quot;submit_2&quot;:&quot;submit&quot;,&quot;notice_2&quot;:&quot;notice&quot;},&quot;nonce_method&quot;:&quot;ajax&quot;}\"><form action=\"https:\/\/cdu-barth.de\/\" method=\"post\" class=\"fusion-form fusion-form-1550\"><div class=\"fusion-fullwidth fullwidth-box fusion-builder-row-17-2 fusion-flex-container nonhundred-percent-fullwidth non-hundred-percent-height-scrolling\" style=\"--awb-border-radius-top-left:0px;--awb-border-radius-top-right:0px;--awb-border-radius-bottom-right:0px;--awb-border-radius-bottom-left:0px;--awb-padding-top:0px;--awb-padding-right:0px;--awb-padding-bottom:0px;--awb-padding-left:0px;--awb-flex-wrap:wrap;\" ><div class=\"fusion-builder-row fusion-row fusion-flex-align-items-flex-start fusion-flex-content-wrap\" style=\"width:104% !important;max-width:104% !important;margin-left: calc(-4% \/ 2 );margin-right: calc(-4% \/ 2 );\"><div class=\"fusion-layout-column fusion_builder_column fusion-builder-column-59 fusion_builder_column_1_2 1_2 fusion-flex-column\" style=\"--awb-bg-size:cover;--awb-width-large:50%;--awb-margin-top-large:0px;--awb-spacing-right-large:3.84%;--awb-margin-bottom-large:0px;--awb-spacing-left-large:3.84%;--awb-width-medium:100%;--awb-order-medium:0;--awb-spacing-right-medium:1.92%;--awb-spacing-left-medium:1.92%;--awb-width-small:100%;--awb-order-small:0;--awb-spacing-right-small:1.92%;--awb-spacing-left-small:1.92%;\"><div class=\"fusion-column-wrapper fusion-column-has-shadow fusion-flex-justify-content-flex-start fusion-content-layout-column\"><div class=\"fusion-form-field fusion-form-text-field fusion-form-label-above\" style=\"\" data-form-id=\"1550\"><div class=\"fusion-form-label-wrapper\"><label for=\"name\">Vorname <abbr class=\"fusion-form-element-required\" title=\"required\">*<\/abbr><\/label><\/div><input type=\"text\" name=\"name\" id=\"name\" value=\"\"  class=\"fusion-form-input\" required=\"true\" aria-required=\"true\" data-holds-private-data=\"false\" minlength=\"0\"\/><\/div><\/div><\/div><div class=\"fusion-layout-column fusion_builder_column fusion-builder-column-60 fusion_builder_column_1_2 1_2 fusion-flex-column\" style=\"--awb-bg-size:cover;--awb-width-large:50%;--awb-margin-top-large:0px;--awb-spacing-right-large:3.84%;--awb-margin-bottom-large:0px;--awb-spacing-left-large:3.84%;--awb-width-medium:100%;--awb-order-medium:0;--awb-spacing-right-medium:1.92%;--awb-spacing-left-medium:1.92%;--awb-width-small:100%;--awb-order-small:0;--awb-spacing-right-small:1.92%;--awb-spacing-left-small:1.92%;\"><div class=\"fusion-column-wrapper fusion-column-has-shadow fusion-flex-justify-content-flex-start fusion-content-layout-column\"><div class=\"fusion-form-field fusion-form-text-field fusion-form-label-above\" style=\"\" data-form-id=\"1550\"><div class=\"fusion-form-label-wrapper\"><label for=\"name\">Nachname <abbr class=\"fusion-form-element-required\" title=\"required\">*<\/abbr><\/label><\/div><input type=\"text\" name=\"name\" id=\"name\" value=\"\"  class=\"fusion-form-input\" required=\"true\" aria-required=\"true\" data-holds-private-data=\"false\" minlength=\"0\"\/><\/div><\/div><\/div><div class=\"fusion-layout-column fusion_builder_column fusion-builder-column-61 fusion_builder_column_1_1 1_1 fusion-flex-column\" style=\"--awb-bg-size:cover;--awb-width-large:100%;--awb-margin-top-large:0px;--awb-spacing-right-large:1.92%;--awb-margin-bottom-large:0px;--awb-spacing-left-large:1.92%;--awb-width-medium:100%;--awb-order-medium:0;--awb-spacing-right-medium:1.92%;--awb-spacing-left-medium:1.92%;--awb-width-small:100%;--awb-order-small:0;--awb-spacing-right-small:1.92%;--awb-spacing-left-small:1.92%;\"><div class=\"fusion-column-wrapper fusion-column-has-shadow fusion-flex-justify-content-flex-start fusion-content-layout-column\"><div class=\"fusion-form-field fusion-form-email-field fusion-form-label-above\" style=\"\" data-form-id=\"1550\"><div class=\"fusion-form-label-wrapper\"><label for=\"email\">E-Mail <abbr class=\"fusion-form-element-required\" title=\"required\">*<\/abbr><\/label><\/div><input type=\"email\" name=\"email\" id=\"email\" value=\"\"  class=\"fusion-form-input\" required=\"true\" aria-required=\"true\" data-holds-private-data=\"false\"\/><\/div><\/div><\/div><div class=\"fusion-layout-column fusion_builder_column fusion-builder-column-62 fusion_builder_column_1_1 1_1 fusion-flex-column\" style=\"--awb-bg-size:cover;--awb-width-large:100%;--awb-margin-top-large:0px;--awb-spacing-right-large:1.92%;--awb-margin-bottom-large:0px;--awb-spacing-left-large:1.92%;--awb-width-medium:100%;--awb-order-medium:0;--awb-spacing-right-medium:1.92%;--awb-spacing-left-medium:1.92%;--awb-width-small:100%;--awb-order-small:0;--awb-spacing-right-small:1.92%;--awb-spacing-left-small:1.92%;\"><div class=\"fusion-column-wrapper fusion-column-has-shadow fusion-flex-justify-content-flex-start fusion-content-layout-column\"><div class=\"fusion-form-field fusion-form-text-field fusion-form-label-above\" style=\"\" data-form-id=\"1550\"><div class=\"fusion-form-label-wrapper\"><label for=\"fragen_wunsche_anmerkungen\">Fragen, W\u00fcnsche, Anmerkungen<\/label><\/div><input type=\"text\" name=\"fragen_wunsche_anmerkungen\" id=\"fragen_wunsche_anmerkungen\" value=\"\"  class=\"fusion-form-input\" data-holds-private-data=\"false\" minlength=\"0\"\/><\/div><\/div><\/div><div class=\"fusion-layout-column fusion_builder_column fusion-builder-column-63 fusion_builder_column_1_1 1_1 fusion-flex-column\" style=\"--awb-bg-size:cover;--awb-width-large:100%;--awb-margin-top-large:0px;--awb-spacing-right-large:1.92%;--awb-margin-bottom-large:20px;--awb-spacing-left-large:1.92%;--awb-width-medium:100%;--awb-order-medium:0;--awb-spacing-right-medium:1.92%;--awb-spacing-left-medium:1.92%;--awb-width-small:100%;--awb-order-small:0;--awb-spacing-right-small:1.92%;--awb-spacing-left-small:1.92%;\"><div class=\"fusion-column-wrapper fusion-column-has-shadow fusion-flex-justify-content-flex-start fusion-content-layout-column\"><div class=\"fusion-form-field fusion-form-submit-field fusion-form-label-above\" style=\"\" data-form-id=\"1550\"><div ><button type=\"submit\" class=\"fusion-button button-flat fusion-button-default-size button-default fusion-button-default button-3 fusion-button-default-span  form-form-submit button-default\" data-form-number=\"1550\" tabindex=\"\"><span class=\"fusion-button-text\">SENDEN<\/span><\/button><\/div><\/div><\/div><\/div><div class=\"fusion-layout-column fusion_builder_column fusion-builder-column-64 fusion_builder_column_1_1 1_1 fusion-flex-column\" style=\"--awb-bg-size:cover;--awb-width-large:100%;--awb-margin-top-large:0px;--awb-spacing-right-large:1.92%;--awb-margin-bottom-large:0px;--awb-spacing-left-large:1.92%;--awb-width-medium:100%;--awb-order-medium:0;--awb-spacing-right-medium:1.92%;--awb-spacing-left-medium:1.92%;--awb-width-small:100%;--awb-order-small:0;--awb-spacing-right-small:1.92%;--awb-spacing-left-small:1.92%;\"><div class=\"fusion-column-wrapper fusion-column-has-shadow fusion-flex-justify-content-flex-start fusion-content-layout-column\"><div class=\"form-submission-notices data-notice_2\" id=\"fusion-notices-2\"><div class=\"fusion-alert alert success alert-success fusion-alert-center fusion-form-response fusion-form-response-success fusion-alert-capitalize awb-alert-native-link-color alert-dismissable awb-alert-close-boxed\" role=\"alert\"><div class=\"fusion-alert-content-wrapper\"><span class=\"alert-icon\"><i class=\"awb-icon-check-circle\" aria-hidden=\"true\"><\/i><\/span><span class=\"fusion-alert-content\">Danke f\u00fcr Ihre Nachricht. Wir melden uns zeitnah bei Ihnen.<\/span><\/div><button type=\"button\" class=\"close toggle-alert\" data-dismiss=\"alert\" aria-label=\"Close\">&times;<\/button><\/div><div class=\"fusion-alert alert error alert-danger fusion-alert-center fusion-form-response fusion-form-response-error fusion-alert-capitalize awb-alert-native-link-color alert-dismissable awb-alert-close-boxed\" role=\"alert\"><div class=\"fusion-alert-content-wrapper\"><span class=\"alert-icon\"><i class=\"awb-icon-exclamation-triangle\" aria-hidden=\"true\"><\/i><\/span><span class=\"fusion-alert-content\">Das hat leider nicht geklappt. Versuchen Sie es bitte sp\u00e4ter erneut.<\/span><\/div><button type=\"button\" class=\"close toggle-alert\" data-dismiss=\"alert\" aria-label=\"Close\">&times;<\/button><\/div><\/div><\/div><\/div><\/div><\/div><\/form><\/div><\/div><\/div><\/div><\/div><\/p>\n","protected":false},"excerpt":{"rendered":"","protected":false},"author":2,"featured_media":0,"parent":0,"menu_order":0,"comment_status":"open","ping_status":"closed","template":"100-width.php","meta":{"footnotes":""},"class_list":["post-8","page","type-page","status-publish","hentry"],"yoast_head":"<!-- This site is optimized with the Yoast SEO plugin v27.5 - https:\/\/yoast.com\/product\/yoast-seo-wordpress\/ -->\n<title>CDU Barth - CDU Barth<\/title>\n<meta name=\"robots\" content=\"index, follow, max-snippet:-1, max-image-preview:large, max-video-preview:-1\" \/>\n<link rel=\"canonical\" href=\"https:\/\/cdu-barth.de\/\" \/>\n<meta property=\"og:locale\" content=\"de_DE\" \/>\n<meta property=\"og:type\" content=\"article\" \/>\n<meta property=\"og:title\" content=\"CDU Barth - CDU Barth\" \/>\n<meta property=\"og:url\" content=\"https:\/\/cdu-barth.de\/\" \/>\n<meta property=\"og:site_name\" content=\"CDU Barth\" \/>\n<meta property=\"article:modified_time\" content=\"2026-04-08T11:00:45+00:00\" \/>\n<meta name=\"twitter:card\" content=\"summary_large_image\" \/>\n<meta name=\"twitter:label1\" content=\"Gesch\u00e4tzte Lesezeit\" \/>\n\t<meta name=\"twitter:data1\" content=\"13\u00a0Minuten\" \/>\n<script type=\"application\/ld+json\" class=\"yoast-schema-graph\">{\"@context\":\"https:\\\/\\\/schema.org\",\"@graph\":[{\"@type\":\"WebPage\",\"@id\":\"https:\\\/\\\/cdu-barth.de\\\/\",\"url\":\"https:\\\/\\\/cdu-barth.de\\\/\",\"name\":\"CDU Barth - CDU Barth\",\"isPartOf\":{\"@id\":\"https:\\\/\\\/cdu-barth.de\\\/#website\"},\"datePublished\":\"2015-02-20T20:12:00+00:00\",\"dateModified\":\"2026-04-08T11:00:45+00:00\",\"breadcrumb\":{\"@id\":\"https:\\\/\\\/cdu-barth.de\\\/#breadcrumb\"},\"inLanguage\":\"de\",\"potentialAction\":[{\"@type\":\"ReadAction\",\"target\":[\"https:\\\/\\\/cdu-barth.de\\\/\"]}]},{\"@type\":\"BreadcrumbList\",\"@id\":\"https:\\\/\\\/cdu-barth.de\\\/#breadcrumb\",\"itemListElement\":[{\"@type\":\"ListItem\",\"position\":1,\"name\":\"Startseite\",\"item\":\"https:\\\/\\\/cdu-barth.de\\\/\"},{\"@type\":\"ListItem\",\"position\":2,\"name\":\"CDU Barth\"}]},{\"@type\":\"WebSite\",\"@id\":\"https:\\\/\\\/cdu-barth.de\\\/#website\",\"url\":\"https:\\\/\\\/cdu-barth.de\\\/\",\"name\":\"CDU Barth\",\"description\":\"Zusammenr&uuml;cken und gemeinsam wachsen\",\"potentialAction\":[{\"@type\":\"SearchAction\",\"target\":{\"@type\":\"EntryPoint\",\"urlTemplate\":\"https:\\\/\\\/cdu-barth.de\\\/?s={search_term_string}\"},\"query-input\":{\"@type\":\"PropertyValueSpecification\",\"valueRequired\":true,\"valueName\":\"search_term_string\"}}],\"inLanguage\":\"de\"}]}<\/script>\n<!-- \/ Yoast SEO plugin. -->","yoast_head_json":{"title":"CDU Barth - CDU Barth","robots":{"index":"index","follow":"follow","max-snippet":"max-snippet:-1","max-image-preview":"max-image-preview:large","max-video-preview":"max-video-preview:-1"},"canonical":"https:\/\/cdu-barth.de\/","og_locale":"de_DE","og_type":"article","og_title":"CDU Barth - CDU Barth","og_url":"https:\/\/cdu-barth.de\/","og_site_name":"CDU Barth","article_modified_time":"2026-04-08T11:00:45+00:00","twitter_card":"summary_large_image","twitter_misc":{"Gesch\u00e4tzte Lesezeit":"13\u00a0Minuten"},"schema":{"@context":"https:\/\/schema.org","@graph":[{"@type":"WebPage","@id":"https:\/\/cdu-barth.de\/","url":"https:\/\/cdu-barth.de\/","name":"CDU Barth - CDU Barth","isPartOf":{"@id":"https:\/\/cdu-barth.de\/#website"},"datePublished":"2015-02-20T20:12:00+00:00","dateModified":"2026-04-08T11:00:45+00:00","breadcrumb":{"@id":"https:\/\/cdu-barth.de\/#breadcrumb"},"inLanguage":"de","potentialAction":[{"@type":"ReadAction","target":["https:\/\/cdu-barth.de\/"]}]},{"@type":"BreadcrumbList","@id":"https:\/\/cdu-barth.de\/#breadcrumb","itemListElement":[{"@type":"ListItem","position":1,"name":"Startseite","item":"https:\/\/cdu-barth.de\/"},{"@type":"ListItem","position":2,"name":"CDU Barth"}]},{"@type":"WebSite","@id":"https:\/\/cdu-barth.de\/#website","url":"https:\/\/cdu-barth.de\/","name":"CDU Barth","description":"Zusammenr&uuml;cken und gemeinsam wachsen","potentialAction":[{"@type":"SearchAction","target":{"@type":"EntryPoint","urlTemplate":"https:\/\/cdu-barth.de\/?s={search_term_string}"},"query-input":{"@type":"PropertyValueSpecification","valueRequired":true,"valueName":"search_term_string"}}],"inLanguage":"de"}]}},"_links":{"self":[{"href":"https:\/\/cdu-barth.de\/index.php?rest_route=\/wp\/v2\/pages\/8","targetHints":{"allow":["GET"]}}],"collection":[{"href":"https:\/\/cdu-barth.de\/index.php?rest_route=\/wp\/v2\/pages"}],"about":[{"href":"https:\/\/cdu-barth.de\/index.php?rest_route=\/wp\/v2\/types\/page"}],"author":[{"embeddable":true,"href":"https:\/\/cdu-barth.de\/index.php?rest_route=\/wp\/v2\/users\/2"}],"replies":[{"embeddable":true,"href":"https:\/\/cdu-barth.de\/index.php?rest_route=%2Fwp%2Fv2%2Fcomments&post=8"}],"version-history":[{"count":0,"href":"https:\/\/cdu-barth.de\/index.php?rest_route=\/wp\/v2\/pages\/8\/revisions"}],"wp:attachment":[{"href":"https:\/\/cdu-barth.de\/index.php?rest_route=%2Fwp%2Fv2%2Fmedia&parent=8"}],"curies":[{"name":"wp","href":"https:\/\/api.w.org\/{rel}","templated":true}]}}